{"id":21662,"date":"2024-07-30T14:23:28","date_gmt":"2024-07-30T14:23:28","guid":{"rendered":"https:\/\/scob.es\/proyectos-slider\/"},"modified":"2026-04-01T10:41:55","modified_gmt":"2026-04-01T10:41:55","slug":"proyectos-slider","status":"publish","type":"page","link":"https:\/\/scob.es\/ca\/proyectos-slider\/","title":{"rendered":"Proyectos slider"},"content":{"rendered":"\t\t<div data-elementor-type=\"wp-page\" data-elementor-id=\"21662\" class=\"elementor elementor-21662 elementor-15250\" data-elementor-post-type=\"page\">\n\t\t\t\t\t\t<section class=\"elementor-section elementor-top-section elementor-element elementor-element-0ca3813 wrapper-fuller elementor-section-full_width elementor-section-content-middle elementor-section-stretched elementor-section-height-min-height section-normal elementor-section-height-default elementor-section-items-middle default\" data-id=\"0ca3813\" data-element_type=\"section\" data-e-type=\"section\" data-settings=\"{&quot;stretch_section&quot;:&quot;section-stretched&quot;}\">\n\t\t\t\t\t\t<div class=\"elementor-container elementor-column-gap-default\">\n\t\t\t\t\t<div class=\"elementor-column elementor-col-100 elementor-top-column elementor-element elementor-element-761df51\" data-id=\"761df51\" data-element_type=\"column\" data-e-type=\"column\">\n\t\t\t<div class=\"elementor-widget-wrap elementor-element-populated\">\n\t\t\t\t\t\t<section class=\"elementor-section elementor-inner-section elementor-element elementor-element-a9d494f wrapper-fuller elementor-section-height-min-height section-normal elementor-section-boxed elementor-section-height-default default\" data-id=\"a9d494f\" data-element_type=\"section\" data-e-type=\"section\" id=\"inner_top\">\n\t\t\t\t\t\t<div class=\"elementor-container elementor-column-gap-default\">\n\t\t\t\t\t<div class=\"elementor-column elementor-col-100 elementor-inner-column elementor-element elementor-element-22c9a54\" data-id=\"22c9a54\" data-element_type=\"column\" data-e-type=\"column\">\n\t\t\t<div class=\"elementor-widget-wrap elementor-element-populated\">\n\t\t\t\t\t\t<div class=\"elementor-element elementor-element-8900616 elementor-widget elementor-widget-naylamarquee\" data-id=\"8900616\" data-element_type=\"widget\" data-e-type=\"widget\" data-widget_type=\"naylamarquee.default\">\n\t\t\t\t<div class=\"elementor-widget-container\">\n\t\t\t\t\t\n      <h1 class=\"nayla-marquee  right-to-left   cursor-default icon_font\" data-duration=10 data-sepduration=10 >\n\n\n        <span class=\"md-title\">Selecci\u00f3 de projectes *<\/span>\n        <div class=\"seperator md-title\"> \n\n            \n            \n            \n\n\n\n        <\/div>\n\n\n\n   <\/h1>    \n    \t\t\t\t<\/div>\n\t\t\t\t<\/div>\n\t\t\t\t<div class=\"elementor-element elementor-element-60ddc03 elementor-widget elementor-widget-naylatextwrapper\" data-id=\"60ddc03\" data-element_type=\"widget\" data-e-type=\"widget\" data-widget_type=\"naylatextwrapper.default\">\n\t\t\t\t<div class=\"elementor-widget-container\">\n\t\t\t\t\t\n\n\n<div class=\"text-wrapper no-margin \">\n\n    <p class=\"has-anim-text linesUp  text-h3  false\" data-stagger=\"0.1\" data-duration=\"1.5\"data-delay=\"0\"data-scrub=\"false\" data-pin=\"false\"> Arquitectura \u00e9s paisatge, paisatge \u00e9s vida.<\/p>\n\n\n<\/div>\n\n\n\t\t\t\t<\/div>\n\t\t\t\t<\/div>\n\t\t\t\t<div class=\"elementor-element elementor-element-40cc4d2 elementor-icon-list--layout-inline elementor-align-end proyecto_switcher elementor-list-item-link-full_width elementor-widget elementor-widget-icon-list\" data-id=\"40cc4d2\" data-element_type=\"widget\" data-e-type=\"widget\" id=\"proyecto_switcher_grid\" data-widget_type=\"icon-list.default\">\n\t\t\t\t<div class=\"elementor-widget-container\">\n\t\t\t\t\t\t\t<ul class=\"elementor-icon-list-items elementor-inline-items\">\n\t\t\t\t\t\t\t<li class=\"elementor-icon-list-item elementor-inline-item\">\n\t\t\t\t\t\t\t\t\t\t\t<a href=\"https:\/\/scob.es\/proyectos\/\">\n\n\t\t\t\t\t\t\t\t\t\t\t<span class=\"elementor-icon-list-text\">GRID<\/span>\n\t\t\t\t\t\t\t\t\t\t\t<\/a>\n\t\t\t\t\t\t\t\t\t<\/li>\n\t\t\t\t\t\t\t\t<li class=\"elementor-icon-list-item elementor-inline-item\">\n\t\t\t\t\t\t\t\t\t\t\t<a href=\"https:\/\/scob.es\/proyectos-list\/\">\n\n\t\t\t\t\t\t\t\t\t\t\t<span class=\"elementor-icon-list-text\">LIST<\/span>\n\t\t\t\t\t\t\t\t\t\t\t<\/a>\n\t\t\t\t\t\t\t\t\t<\/li>\n\t\t\t\t\t\t<\/ul>\n\t\t\t\t\t\t<\/div>\n\t\t\t\t<\/div>\n\t\t\t\t<div class=\"elementor-element elementor-element-6cfceaf elementor-widget-divider--view-line elementor-widget elementor-widget-divider\" data-id=\"6cfceaf\" data-element_type=\"widget\" data-e-type=\"widget\" data-widget_type=\"divider.default\">\n\t\t\t\t<div class=\"elementor-widget-container\">\n\t\t\t\t\t\t\t<div class=\"elementor-divider\">\n\t\t\t<span class=\"elementor-divider-separator\">\n\t\t\t\t\t\t<\/span>\n\t\t<\/div>\n\t\t\t\t\t\t<\/div>\n\t\t\t\t<\/div>\n\t\t\t\t\t<\/div>\n\t\t<\/div>\n\t\t\t\t\t<\/div>\n\t\t<\/section>\n\t\t\t\t\t<\/div>\n\t\t<\/div>\n\t\t\t\t\t<\/div>\n\t\t<\/section>\n\t\t\t\t<section class=\"elementor-section elementor-top-section elementor-element elementor-element-cf35b62 elementor-section-full_width elementor-section-height-min-height elementor-section-stretched wrapper-wide section-normal elementor-section-height-default elementor-section-items-middle default\" data-id=\"cf35b62\" data-element_type=\"section\" data-e-type=\"section\" id=\"grid_slider_container\" data-settings=\"{&quot;stretch_section&quot;:&quot;section-stretched&quot;}\">\n\t\t\t\t\t\t<div class=\"elementor-container elementor-column-gap-default\">\n\t\t\t\t\t<div class=\"elementor-column elementor-col-100 elementor-top-column elementor-element elementor-element-e2ea923\" data-id=\"e2ea923\" data-element_type=\"column\" data-e-type=\"column\">\n\t\t\t<div class=\"elementor-widget-wrap elementor-element-populated\">\n\t\t\t\t\t\t<div class=\"elementor-element elementor-element-f8d63eb elementor-widget elementor-widget-wp-widget-ipw\" data-id=\"f8d63eb\" data-element_type=\"widget\" data-e-type=\"widget\" data-widget_type=\"wp-widget-ipw.default\">\n\t\t\t\t<div class=\"elementor-widget-container\">\n\t\t\t\t\t<div data-post-id=\"15251\" class=\"insert-page insert-page-15251 \" id=\"slider_proyectos\"><section id=\"grid_slider_proyecto\" class=\"full-width col-sm-12 col-lg-12\">\n  <div class=\"splide grid_proyectos-slider\">\n    <ul class=\"splide__pagination\">\n    <\/ul>\n    <div class=\"splide__track\">\n      <div class=\"splide__list\">\n                    <div class=\"splide__slide slider_cont_splide\">\n                <a href=\"https:\/\/scob.es\/ca\/portfolio\/placa-major-i-centre-cultural\/\">\n                    <div class=\"proceso_img\"><img decoding=\"async\" src=\"https:\/\/scob.es\/wp-content\/uploads\/2025\/04\/scob-arquitectura-paisaje-PLAZA-MAYOR-PALMA-\u00a9SCOB-RENDER-01.jpg\" class=\"attachment-full size-full wp-post-image\" alt=\"\" srcset=\"https:\/\/scob.es\/wp-content\/uploads\/2025\/04\/scob-arquitectura-paisaje-PLAZA-MAYOR-PALMA-\u00a9SCOB-RENDER-01.jpg 2560w, https:\/\/scob.es\/wp-content\/uploads\/2025\/04\/scob-arquitectura-paisaje-PLAZA-MAYOR-PALMA-\u00a9SCOB-RENDER-01-300x165.jpg 300w, https:\/\/scob.es\/wp-content\/uploads\/2025\/04\/scob-arquitectura-paisaje-PLAZA-MAYOR-PALMA-\u00a9SCOB-RENDER-01-1024x562.jpg 1024w, https:\/\/scob.es\/wp-content\/uploads\/2025\/04\/scob-arquitectura-paisaje-PLAZA-MAYOR-PALMA-\u00a9SCOB-RENDER-01-768x422.jpg 768w, https:\/\/scob.es\/wp-content\/uploads\/2025\/04\/scob-arquitectura-paisaje-PLAZA-MAYOR-PALMA-\u00a9SCOB-RENDER-01-1536x843.jpg 1536w, https:\/\/scob.es\/wp-content\/uploads\/2025\/04\/scob-arquitectura-paisaje-PLAZA-MAYOR-PALMA-\u00a9SCOB-RENDER-01-2048x1124.jpg 2048w\" sizes=\"(max-width: 2560px) 100vw, 2560px\" \/> <\/div>\n                    <div class=\"proceso_txt\">\n                      <div class=\"title_slider boruna\">\n                        <div class=\"title_slider boruna\">Pla\u00e7a Major i centre cultural<\/div> \n                        <div class=\"data_proyect_grid\">Una nova \u00e0gora social, cultural i comercial per al centre de Palma<\/div>\n                      <\/div>\n                    <\/div>\n                <\/a>\n            <\/div>\n                        <div class=\"splide__slide slider_cont_splide\">\n                <a href=\"https:\/\/scob.es\/ca\/portfolio\/zurich-aribau195\/\">\n                    <div class=\"proceso_img\"><img decoding=\"async\" src=\"https:\/\/scob.es\/wp-content\/uploads\/2024\/04\/84-scob-arquitectura-oficinas-ZURICH-ARIBAU-FACHADA-CALLE-\u00a9GOULA-01-ed.jpg\" class=\"attachment-full size-full wp-post-image\" alt=\"\" srcset=\"https:\/\/scob.es\/wp-content\/uploads\/2024\/04\/84-scob-arquitectura-oficinas-ZURICH-ARIBAU-FACHADA-CALLE-\u00a9GOULA-01-ed.jpg 1920w, https:\/\/scob.es\/wp-content\/uploads\/2024\/04\/84-scob-arquitectura-oficinas-ZURICH-ARIBAU-FACHADA-CALLE-\u00a9GOULA-01-ed-300x169.jpg 300w, https:\/\/scob.es\/wp-content\/uploads\/2024\/04\/84-scob-arquitectura-oficinas-ZURICH-ARIBAU-FACHADA-CALLE-\u00a9GOULA-01-ed-1024x576.jpg 1024w, https:\/\/scob.es\/wp-content\/uploads\/2024\/04\/84-scob-arquitectura-oficinas-ZURICH-ARIBAU-FACHADA-CALLE-\u00a9GOULA-01-ed-768x432.jpg 768w, https:\/\/scob.es\/wp-content\/uploads\/2024\/04\/84-scob-arquitectura-oficinas-ZURICH-ARIBAU-FACHADA-CALLE-\u00a9GOULA-01-ed-1536x864.jpg 1536w\" sizes=\"(max-width: 1920px) 100vw, 1920px\" \/> <\/div>\n                    <div class=\"proceso_txt\">\n                      <div class=\"title_slider boruna\">\n                        <div class=\"title_slider boruna\">Zurich Aribau195<\/div> \n                        <div class=\"data_proyect_grid\">Gran rehabilitaci\u00f3 i empatia urbana<\/div>\n                      <\/div>\n                    <\/div>\n                <\/a>\n            <\/div>\n                        <div class=\"splide__slide slider_cont_splide\">\n                <a href=\"https:\/\/scob.es\/ca\/portfolio\/casa-pich-i-pon\/\">\n                    <div class=\"proceso_img\"><img decoding=\"async\" src=\"https:\/\/scob.es\/wp-content\/uploads\/2024\/09\/86-scob-arquitectura-oficinas-LOOM-INTERIOR-\u00a9HEVIA-30.jpg\" class=\"attachment-full size-full wp-post-image\" alt=\"\" srcset=\"https:\/\/scob.es\/wp-content\/uploads\/2024\/09\/86-scob-arquitectura-oficinas-LOOM-INTERIOR-\u00a9HEVIA-30.jpg 1920w, https:\/\/scob.es\/wp-content\/uploads\/2024\/09\/86-scob-arquitectura-oficinas-LOOM-INTERIOR-\u00a9HEVIA-30-300x169.jpg 300w, https:\/\/scob.es\/wp-content\/uploads\/2024\/09\/86-scob-arquitectura-oficinas-LOOM-INTERIOR-\u00a9HEVIA-30-1024x576.jpg 1024w, https:\/\/scob.es\/wp-content\/uploads\/2024\/09\/86-scob-arquitectura-oficinas-LOOM-INTERIOR-\u00a9HEVIA-30-768x432.jpg 768w, https:\/\/scob.es\/wp-content\/uploads\/2024\/09\/86-scob-arquitectura-oficinas-LOOM-INTERIOR-\u00a9HEVIA-30-1536x864.jpg 1536w\" sizes=\"(max-width: 1920px) 100vw, 1920px\" \/> <\/div>\n                    <div class=\"proceso_txt\">\n                      <div class=\"title_slider boruna\">\n                        <div class=\"title_slider boruna\">Casa Pich i Pon<\/div> \n                        <div class=\"data_proyect_grid\">Patrimoni i avantguarda en els espais de treball<\/div>\n                      <\/div>\n                    <\/div>\n                <\/a>\n            <\/div>\n                        <div class=\"splide__slide slider_cont_splide\">\n                <a href=\"https:\/\/scob.es\/ca\/portfolio\/blue-tech-port\/\">\n                    <div class=\"proceso_img\"><img decoding=\"async\" src=\"https:\/\/scob.es\/wp-content\/uploads\/2024\/07\/scob-arquitectura-tecnologia-BLUE-TECH-PORT-RENDER-exterioi\u00a9AOP-03.jpg\" class=\"attachment-full size-full wp-post-image\" alt=\"\" srcset=\"https:\/\/scob.es\/wp-content\/uploads\/2024\/07\/scob-arquitectura-tecnologia-BLUE-TECH-PORT-RENDER-exterioi\u00a9AOP-03.jpg 1920w, https:\/\/scob.es\/wp-content\/uploads\/2024\/07\/scob-arquitectura-tecnologia-BLUE-TECH-PORT-RENDER-exterioi\u00a9AOP-03-300x169.jpg 300w, https:\/\/scob.es\/wp-content\/uploads\/2024\/07\/scob-arquitectura-tecnologia-BLUE-TECH-PORT-RENDER-exterioi\u00a9AOP-03-1024x576.jpg 1024w, https:\/\/scob.es\/wp-content\/uploads\/2024\/07\/scob-arquitectura-tecnologia-BLUE-TECH-PORT-RENDER-exterioi\u00a9AOP-03-768x432.jpg 768w, https:\/\/scob.es\/wp-content\/uploads\/2024\/07\/scob-arquitectura-tecnologia-BLUE-TECH-PORT-RENDER-exterioi\u00a9AOP-03-1536x864.jpg 1536w\" sizes=\"(max-width: 1920px) 100vw, 1920px\" \/> <\/div>\n                    <div class=\"proceso_txt\">\n                      <div class=\"title_slider boruna\">\n                        <div class=\"title_slider boruna\">Blue Tech Port<\/div> \n                        <div class=\"data_proyect_grid\">L'economia blava com a motor del canvi<\/div>\n                      <\/div>\n                    <\/div>\n                <\/a>\n            <\/div>\n                        <div class=\"splide__slide slider_cont_splide\">\n                <a href=\"https:\/\/scob.es\/ca\/portfolio\/marina-port-vell-the-club\/\">\n                    <div class=\"proceso_img\"><img decoding=\"async\" src=\"https:\/\/scob.es\/wp-content\/uploads\/2024\/09\/40-scob-arquitectura-paisajismo-LA-MARINA-EDIFICIO-ENTRADA-FACHADA-\u00a9GOULA-07.jpg\" class=\"attachment-full size-full wp-post-image\" alt=\"\" srcset=\"https:\/\/scob.es\/wp-content\/uploads\/2024\/09\/40-scob-arquitectura-paisajismo-LA-MARINA-EDIFICIO-ENTRADA-FACHADA-\u00a9GOULA-07.jpg 1920w, https:\/\/scob.es\/wp-content\/uploads\/2024\/09\/40-scob-arquitectura-paisajismo-LA-MARINA-EDIFICIO-ENTRADA-FACHADA-\u00a9GOULA-07-300x169.jpg 300w, https:\/\/scob.es\/wp-content\/uploads\/2024\/09\/40-scob-arquitectura-paisajismo-LA-MARINA-EDIFICIO-ENTRADA-FACHADA-\u00a9GOULA-07-1024x576.jpg 1024w, https:\/\/scob.es\/wp-content\/uploads\/2024\/09\/40-scob-arquitectura-paisajismo-LA-MARINA-EDIFICIO-ENTRADA-FACHADA-\u00a9GOULA-07-768x432.jpg 768w, https:\/\/scob.es\/wp-content\/uploads\/2024\/09\/40-scob-arquitectura-paisajismo-LA-MARINA-EDIFICIO-ENTRADA-FACHADA-\u00a9GOULA-07-1536x864.jpg 1536w\" sizes=\"(max-width: 1920px) 100vw, 1920px\" \/> <\/div>\n                    <div class=\"proceso_txt\">\n                      <div class=\"title_slider boruna\">\n                        <div class=\"title_slider boruna\">Marina Port Vell. The Club<\/div> \n                        <div class=\"data_proyect_grid\">Innovaci\u00f3 i tradici\u00f3 mediterr\u00e0nia<\/div>\n                      <\/div>\n                    <\/div>\n                <\/a>\n            <\/div>\n                        <div class=\"splide__slide slider_cont_splide\">\n                <a href=\"https:\/\/scob.es\/ca\/portfolio\/marina-port-vell-the-gallery\/\">\n                    <div class=\"proceso_img\"><img decoding=\"async\" src=\"https:\/\/scob.es\/wp-content\/uploads\/2024\/09\/40-scob-arquitectura-paisajismo-LA-MARINA-EDIFICIO-SERVICIOS-FACHADA-\u00a9GOULA-01_ed.jpg\" class=\"attachment-full size-full wp-post-image\" alt=\"\" srcset=\"https:\/\/scob.es\/wp-content\/uploads\/2024\/09\/40-scob-arquitectura-paisajismo-LA-MARINA-EDIFICIO-SERVICIOS-FACHADA-\u00a9GOULA-01_ed.jpg 1920w, https:\/\/scob.es\/wp-content\/uploads\/2024\/09\/40-scob-arquitectura-paisajismo-LA-MARINA-EDIFICIO-SERVICIOS-FACHADA-\u00a9GOULA-01_ed-300x169.jpg 300w, https:\/\/scob.es\/wp-content\/uploads\/2024\/09\/40-scob-arquitectura-paisajismo-LA-MARINA-EDIFICIO-SERVICIOS-FACHADA-\u00a9GOULA-01_ed-1024x576.jpg 1024w, https:\/\/scob.es\/wp-content\/uploads\/2024\/09\/40-scob-arquitectura-paisajismo-LA-MARINA-EDIFICIO-SERVICIOS-FACHADA-\u00a9GOULA-01_ed-768x432.jpg 768w, https:\/\/scob.es\/wp-content\/uploads\/2024\/09\/40-scob-arquitectura-paisajismo-LA-MARINA-EDIFICIO-SERVICIOS-FACHADA-\u00a9GOULA-01_ed-1536x864.jpg 1536w\" sizes=\"(max-width: 1920px) 100vw, 1920px\" \/> <\/div>\n                    <div class=\"proceso_txt\">\n                      <div class=\"title_slider boruna\">\n                        <div class=\"title_slider boruna\">Marina Port Vell. The Gallery<\/div> \n                        <div class=\"data_proyect_grid\">Arquitectura port-ciutat<\/div>\n                      <\/div>\n                    <\/div>\n                <\/a>\n            <\/div>\n                        <div class=\"splide__slide slider_cont_splide\">\n                <a href=\"https:\/\/scob.es\/ca\/portfolio\/scob-lattice\/\">\n                    <div class=\"proceso_img\"><img decoding=\"async\" src=\"https:\/\/scob.es\/wp-content\/uploads\/2024\/07\/40-scob-arquitectura-paisajismo-LA-MARINA-EDIFICIO-ENTRADA-TERRAZA-\u00a9GOULA-01-1.jpg\" class=\"attachment-full size-full wp-post-image\" alt=\"\" srcset=\"https:\/\/scob.es\/wp-content\/uploads\/2024\/07\/40-scob-arquitectura-paisajismo-LA-MARINA-EDIFICIO-ENTRADA-TERRAZA-\u00a9GOULA-01-1.jpg 1920w, https:\/\/scob.es\/wp-content\/uploads\/2024\/07\/40-scob-arquitectura-paisajismo-LA-MARINA-EDIFICIO-ENTRADA-TERRAZA-\u00a9GOULA-01-1-300x169.jpg 300w, https:\/\/scob.es\/wp-content\/uploads\/2024\/07\/40-scob-arquitectura-paisajismo-LA-MARINA-EDIFICIO-ENTRADA-TERRAZA-\u00a9GOULA-01-1-1024x576.jpg 1024w, https:\/\/scob.es\/wp-content\/uploads\/2024\/07\/40-scob-arquitectura-paisajismo-LA-MARINA-EDIFICIO-ENTRADA-TERRAZA-\u00a9GOULA-01-1-768x432.jpg 768w, https:\/\/scob.es\/wp-content\/uploads\/2024\/07\/40-scob-arquitectura-paisajismo-LA-MARINA-EDIFICIO-ENTRADA-TERRAZA-\u00a9GOULA-01-1-1536x864.jpg 1536w\" sizes=\"(max-width: 1920px) 100vw, 1920px\" \/> <\/div>\n                    <div class=\"proceso_txt\">\n                      <div class=\"title_slider boruna\">\n                        <div class=\"title_slider boruna\">scob lattice<\/div> \n                        <div class=\"data_proyect_grid\">Industrialitzaci\u00f3 i disseny adaptatiu<\/div>\n                      <\/div>\n                    <\/div>\n                <\/a>\n            <\/div>\n                        <div class=\"splide__slide slider_cont_splide\">\n                <a href=\"https:\/\/scob.es\/ca\/portfolio\/cases-mediterranies\/\">\n                    <div class=\"proceso_img\"><img decoding=\"async\" src=\"https:\/\/scob.es\/wp-content\/uploads\/2025\/11\/scob-arquitectura-casa-CATEURA-\u00a9PONS-04-16-9.jpg\" class=\"attachment-full size-full wp-post-image\" alt=\"\" srcset=\"https:\/\/scob.es\/wp-content\/uploads\/2025\/11\/scob-arquitectura-casa-CATEURA-\u00a9PONS-04-16-9.jpg 2200w, https:\/\/scob.es\/wp-content\/uploads\/2025\/11\/scob-arquitectura-casa-CATEURA-\u00a9PONS-04-16-9-300x169.jpg 300w, https:\/\/scob.es\/wp-content\/uploads\/2025\/11\/scob-arquitectura-casa-CATEURA-\u00a9PONS-04-16-9-1024x576.jpg 1024w, https:\/\/scob.es\/wp-content\/uploads\/2025\/11\/scob-arquitectura-casa-CATEURA-\u00a9PONS-04-16-9-768x432.jpg 768w, https:\/\/scob.es\/wp-content\/uploads\/2025\/11\/scob-arquitectura-casa-CATEURA-\u00a9PONS-04-16-9-1536x864.jpg 1536w, https:\/\/scob.es\/wp-content\/uploads\/2025\/11\/scob-arquitectura-casa-CATEURA-\u00a9PONS-04-16-9-2048x1152.jpg 2048w\" sizes=\"(max-width: 2200px) 100vw, 2200px\" \/> <\/div>\n                    <div class=\"proceso_txt\">\n                      <div class=\"title_slider boruna\">\n                        <div class=\"title_slider boruna\">Cases Mediterr\u00e0nies<\/div> \n                        <div class=\"data_proyect_grid\">Viure entre l\u2019interior i l\u2019exterior<\/div>\n                      <\/div>\n                    <\/div>\n                <\/a>\n            <\/div>\n                        <div class=\"splide__slide slider_cont_splide\">\n                <a href=\"https:\/\/scob.es\/ca\/portfolio\/consultori-medic-daiguaviva\/\">\n                    <div class=\"proceso_img\"><img decoding=\"async\" src=\"https:\/\/scob.es\/wp-content\/uploads\/2024\/09\/23-scob-diseno-CONSULTORI-MEDIC-AIGUAVIVA-DETALLE-\u00a9GOULA-02.jpg\" class=\"attachment-full size-full wp-post-image\" alt=\"\" srcset=\"https:\/\/scob.es\/wp-content\/uploads\/2024\/09\/23-scob-diseno-CONSULTORI-MEDIC-AIGUAVIVA-DETALLE-\u00a9GOULA-02.jpg 1920w, https:\/\/scob.es\/wp-content\/uploads\/2024\/09\/23-scob-diseno-CONSULTORI-MEDIC-AIGUAVIVA-DETALLE-\u00a9GOULA-02-300x169.jpg 300w, https:\/\/scob.es\/wp-content\/uploads\/2024\/09\/23-scob-diseno-CONSULTORI-MEDIC-AIGUAVIVA-DETALLE-\u00a9GOULA-02-1024x576.jpg 1024w, https:\/\/scob.es\/wp-content\/uploads\/2024\/09\/23-scob-diseno-CONSULTORI-MEDIC-AIGUAVIVA-DETALLE-\u00a9GOULA-02-768x432.jpg 768w, https:\/\/scob.es\/wp-content\/uploads\/2024\/09\/23-scob-diseno-CONSULTORI-MEDIC-AIGUAVIVA-DETALLE-\u00a9GOULA-02-1536x864.jpg 1536w\" sizes=\"(max-width: 1920px) 100vw, 1920px\" \/> <\/div>\n                    <div class=\"proceso_txt\">\n                      <div class=\"title_slider boruna\">\n                        <div class=\"title_slider boruna\">Consultori m\u00e8dic d&#8217;Aiguaviva<\/div> \n                        <div class=\"data_proyect_grid\">Claredat i mesura per a l\u2019arquitectura p\u00fablica<\/div>\n                      <\/div>\n                    <\/div>\n                <\/a>\n            <\/div>\n                        <div class=\"splide__slide slider_cont_splide\">\n                <a href=\"https:\/\/scob.es\/ca\/portfolio\/nucli-antic-dodena\/\">\n                    <div class=\"proceso_img\"><img decoding=\"async\" src=\"https:\/\/scob.es\/wp-content\/uploads\/2024\/07\/37-scob-diseno-espacio-publico-PLAZA-ODENA-\u00a9GOULA-01-1.jpg\" class=\"attachment-full size-full wp-post-image\" alt=\"\" srcset=\"https:\/\/scob.es\/wp-content\/uploads\/2024\/07\/37-scob-diseno-espacio-publico-PLAZA-ODENA-\u00a9GOULA-01-1.jpg 1920w, https:\/\/scob.es\/wp-content\/uploads\/2024\/07\/37-scob-diseno-espacio-publico-PLAZA-ODENA-\u00a9GOULA-01-1-300x169.jpg 300w, https:\/\/scob.es\/wp-content\/uploads\/2024\/07\/37-scob-diseno-espacio-publico-PLAZA-ODENA-\u00a9GOULA-01-1-1024x576.jpg 1024w, https:\/\/scob.es\/wp-content\/uploads\/2024\/07\/37-scob-diseno-espacio-publico-PLAZA-ODENA-\u00a9GOULA-01-1-768x432.jpg 768w, https:\/\/scob.es\/wp-content\/uploads\/2024\/07\/37-scob-diseno-espacio-publico-PLAZA-ODENA-\u00a9GOULA-01-1-1536x864.jpg 1536w\" sizes=\"(max-width: 1920px) 100vw, 1920px\" \/> <\/div>\n                    <div class=\"proceso_txt\">\n                      <div class=\"title_slider boruna\">\n                        <div class=\"title_slider boruna\">Nucli antic d&#8217;\u00d2dena<\/div> \n                        <div class=\"data_proyect_grid\">La neutralitat com a escenari de la vida urbana<\/div>\n                      <\/div>\n                    <\/div>\n                <\/a>\n            <\/div>\n                        <div class=\"splide__slide slider_cont_splide\">\n                <a href=\"https:\/\/scob.es\/ca\/portfolio\/espais-publics-del-port-vell\/\">\n                    <div class=\"proceso_img\"><img decoding=\"async\" src=\"https:\/\/scob.es\/wp-content\/uploads\/2024\/09\/87-scob-diseno-espacio-publico-CLIMATE-ISLANDS-\u00a9GOULA-08.jpg\" class=\"attachment-full size-full wp-post-image\" alt=\"\" srcset=\"https:\/\/scob.es\/wp-content\/uploads\/2024\/09\/87-scob-diseno-espacio-publico-CLIMATE-ISLANDS-\u00a9GOULA-08.jpg 1920w, https:\/\/scob.es\/wp-content\/uploads\/2024\/09\/87-scob-diseno-espacio-publico-CLIMATE-ISLANDS-\u00a9GOULA-08-300x169.jpg 300w, https:\/\/scob.es\/wp-content\/uploads\/2024\/09\/87-scob-diseno-espacio-publico-CLIMATE-ISLANDS-\u00a9GOULA-08-1024x576.jpg 1024w, https:\/\/scob.es\/wp-content\/uploads\/2024\/09\/87-scob-diseno-espacio-publico-CLIMATE-ISLANDS-\u00a9GOULA-08-768x432.jpg 768w, https:\/\/scob.es\/wp-content\/uploads\/2024\/09\/87-scob-diseno-espacio-publico-CLIMATE-ISLANDS-\u00a9GOULA-08-1536x864.jpg 1536w\" sizes=\"(max-width: 1920px) 100vw, 1920px\" \/> <\/div>\n                    <div class=\"proceso_txt\">\n                      <div class=\"title_slider boruna\">\n                        <div class=\"title_slider boruna\">Espais p\u00fablics del Port Vell<\/div> \n                        <div class=\"data_proyect_grid\">Llocs per al descans i la mem\u00f2ria col\u00b7lectiva<\/div>\n                      <\/div>\n                    <\/div>\n                <\/a>\n            <\/div>\n                        <div class=\"splide__slide slider_cont_splide\">\n                <a href=\"https:\/\/scob.es\/ca\/portfolio\/placa-urdanibia\/\">\n                    <div class=\"proceso_img\"><img decoding=\"async\" src=\"https:\/\/scob.es\/wp-content\/uploads\/2024\/04\/35-scob-diseno-espacio-publico-PLAZA-URDANIBIA-\u00a9GOULA-05_low.jpg\" class=\"attachment-full size-full wp-post-image\" alt=\"\" srcset=\"https:\/\/scob.es\/wp-content\/uploads\/2024\/04\/35-scob-diseno-espacio-publico-PLAZA-URDANIBIA-\u00a9GOULA-05_low.jpg 1920w, https:\/\/scob.es\/wp-content\/uploads\/2024\/04\/35-scob-diseno-espacio-publico-PLAZA-URDANIBIA-\u00a9GOULA-05_low-300x169.jpg 300w, https:\/\/scob.es\/wp-content\/uploads\/2024\/04\/35-scob-diseno-espacio-publico-PLAZA-URDANIBIA-\u00a9GOULA-05_low-1024x576.jpg 1024w, https:\/\/scob.es\/wp-content\/uploads\/2024\/04\/35-scob-diseno-espacio-publico-PLAZA-URDANIBIA-\u00a9GOULA-05_low-768x432.jpg 768w, https:\/\/scob.es\/wp-content\/uploads\/2024\/04\/35-scob-diseno-espacio-publico-PLAZA-URDANIBIA-\u00a9GOULA-05_low-1536x864.jpg 1536w\" sizes=\"(max-width: 1920px) 100vw, 1920px\" \/> <\/div>\n                    <div class=\"proceso_txt\">\n                      <div class=\"title_slider boruna\">\n                        <div class=\"title_slider boruna\">Pla\u00e7a Urdanibia<\/div> \n                        <div class=\"data_proyect_grid\">Connectivitat verda i peatonal<\/div>\n                      <\/div>\n                    <\/div>\n                <\/a>\n            <\/div>\n                        <div class=\"splide__slide slider_cont_splide\">\n                <a href=\"https:\/\/scob.es\/ca\/portfolio\/placa-de-can-climent\/\">\n                    <div class=\"proceso_img\"><img decoding=\"async\" src=\"https:\/\/scob.es\/wp-content\/uploads\/2024\/04\/FORMAT_IMATGES-PRINCIPALS_16-9.jpg\" class=\"attachment-full size-full wp-post-image\" alt=\"\" srcset=\"https:\/\/scob.es\/wp-content\/uploads\/2024\/04\/FORMAT_IMATGES-PRINCIPALS_16-9.jpg 1920w, https:\/\/scob.es\/wp-content\/uploads\/2024\/04\/FORMAT_IMATGES-PRINCIPALS_16-9-300x169.jpg 300w, https:\/\/scob.es\/wp-content\/uploads\/2024\/04\/FORMAT_IMATGES-PRINCIPALS_16-9-1024x576.jpg 1024w, https:\/\/scob.es\/wp-content\/uploads\/2024\/04\/FORMAT_IMATGES-PRINCIPALS_16-9-768x432.jpg 768w, https:\/\/scob.es\/wp-content\/uploads\/2024\/04\/FORMAT_IMATGES-PRINCIPALS_16-9-1536x864.jpg 1536w\" sizes=\"(max-width: 1920px) 100vw, 1920px\" \/> <\/div>\n                    <div class=\"proceso_txt\">\n                      <div class=\"title_slider boruna\">\n                        <div class=\"title_slider boruna\">Pla\u00e7a de can Climent<\/div> \n                        <div class=\"data_proyect_grid\">Revitalitzaci\u00f3 urbana d\u2019espais en tr\u00e0nsit<\/div>\n                      <\/div>\n                    <\/div>\n                <\/a>\n            <\/div>\n                        <div class=\"splide__slide slider_cont_splide\">\n                <a href=\"https:\/\/scob.es\/ca\/portfolio\/landskateparks-2\/\">\n                    <div class=\"proceso_img\"><img decoding=\"async\" src=\"https:\/\/scob.es\/wp-content\/uploads\/2024\/09\/26-scob-diseno-skate-park-MAR-BELLA-\u00a9GOULA-02.jpg\" class=\"attachment-full size-full wp-post-image\" alt=\"\" srcset=\"https:\/\/scob.es\/wp-content\/uploads\/2024\/09\/26-scob-diseno-skate-park-MAR-BELLA-\u00a9GOULA-02.jpg 1920w, https:\/\/scob.es\/wp-content\/uploads\/2024\/09\/26-scob-diseno-skate-park-MAR-BELLA-\u00a9GOULA-02-300x169.jpg 300w, https:\/\/scob.es\/wp-content\/uploads\/2024\/09\/26-scob-diseno-skate-park-MAR-BELLA-\u00a9GOULA-02-1024x576.jpg 1024w, https:\/\/scob.es\/wp-content\/uploads\/2024\/09\/26-scob-diseno-skate-park-MAR-BELLA-\u00a9GOULA-02-768x432.jpg 768w, https:\/\/scob.es\/wp-content\/uploads\/2024\/09\/26-scob-diseno-skate-park-MAR-BELLA-\u00a9GOULA-02-1536x864.jpg 1536w\" sizes=\"(max-width: 1920px) 100vw, 1920px\" \/> <\/div>\n                    <div class=\"proceso_txt\">\n                      <div class=\"title_slider boruna\">\n                        <div class=\"title_slider boruna\">Landskateparks<\/div> \n                        <div class=\"data_proyect_grid\">Parcs esportius urbans integrats i integradors<\/div>\n                      <\/div>\n                    <\/div>\n                <\/a>\n            <\/div>\n                        <div class=\"splide__slide slider_cont_splide\">\n                <a href=\"https:\/\/scob.es\/ca\/portfolio\/mobiliari-urba\/\">\n                    <div class=\"proceso_img\"><img decoding=\"async\" src=\"https:\/\/scob.es\/wp-content\/uploads\/2024\/04\/scob-diseno-mobiliario-urbano-mesa-ODOS-\u00a9GOULA_01-2-scaled.jpg\" class=\"attachment-full size-full wp-post-image\" alt=\"\" srcset=\"https:\/\/scob.es\/wp-content\/uploads\/2024\/04\/scob-diseno-mobiliario-urbano-mesa-ODOS-\u00a9GOULA_01-2-scaled.jpg 2560w, https:\/\/scob.es\/wp-content\/uploads\/2024\/04\/scob-diseno-mobiliario-urbano-mesa-ODOS-\u00a9GOULA_01-2-300x169.jpg 300w, https:\/\/scob.es\/wp-content\/uploads\/2024\/04\/scob-diseno-mobiliario-urbano-mesa-ODOS-\u00a9GOULA_01-2-1024x576.jpg 1024w, https:\/\/scob.es\/wp-content\/uploads\/2024\/04\/scob-diseno-mobiliario-urbano-mesa-ODOS-\u00a9GOULA_01-2-768x432.jpg 768w, https:\/\/scob.es\/wp-content\/uploads\/2024\/04\/scob-diseno-mobiliario-urbano-mesa-ODOS-\u00a9GOULA_01-2-1536x864.jpg 1536w, https:\/\/scob.es\/wp-content\/uploads\/2024\/04\/scob-diseno-mobiliario-urbano-mesa-ODOS-\u00a9GOULA_01-2-2048x1152.jpg 2048w\" sizes=\"(max-width: 2560px) 100vw, 2560px\" \/> <\/div>\n                    <div class=\"proceso_txt\">\n                      <div class=\"title_slider boruna\">\n                        <div class=\"title_slider boruna\">Mobiliari urb\u00e0<\/div> \n                        <div class=\"data_proyect_grid\">Llocs de trobada per a la ciutat<\/div>\n                      <\/div>\n                    <\/div>\n                <\/a>\n            <\/div>\n                        <div class=\"splide__slide slider_cont_splide\">\n                <a href=\"https:\/\/scob.es\/ca\/portfolio\/parc-dels-tres-turons\/\">\n                    <div class=\"proceso_img\"><img decoding=\"async\" src=\"https:\/\/scob.es\/wp-content\/uploads\/2024\/09\/83-scob-estudio-paisajismo-TRES-TURONS-plano-\u00a9SCOB-01-low.jpg\" class=\"attachment-full size-full wp-post-image\" alt=\"\" srcset=\"https:\/\/scob.es\/wp-content\/uploads\/2024\/09\/83-scob-estudio-paisajismo-TRES-TURONS-plano-\u00a9SCOB-01-low.jpg 1920w, https:\/\/scob.es\/wp-content\/uploads\/2024\/09\/83-scob-estudio-paisajismo-TRES-TURONS-plano-\u00a9SCOB-01-low-300x169.jpg 300w, https:\/\/scob.es\/wp-content\/uploads\/2024\/09\/83-scob-estudio-paisajismo-TRES-TURONS-plano-\u00a9SCOB-01-low-1024x576.jpg 1024w, https:\/\/scob.es\/wp-content\/uploads\/2024\/09\/83-scob-estudio-paisajismo-TRES-TURONS-plano-\u00a9SCOB-01-low-768x432.jpg 768w, https:\/\/scob.es\/wp-content\/uploads\/2024\/09\/83-scob-estudio-paisajismo-TRES-TURONS-plano-\u00a9SCOB-01-low-1536x864.jpg 1536w\" sizes=\"(max-width: 1920px) 100vw, 1920px\" \/> <\/div>\n                    <div class=\"proceso_txt\">\n                      <div class=\"title_slider boruna\">\n                        <div class=\"title_slider boruna\">Parc dels Tres Turons<\/div> \n                        <div class=\"data_proyect_grid\">Reconquesta ecol\u00f2gica i social<\/div>\n                      <\/div>\n                    <\/div>\n                <\/a>\n            <\/div>\n                        <div class=\"splide__slide slider_cont_splide\">\n                <a href=\"https:\/\/scob.es\/ca\/portfolio\/solucions-basades-en-la-natura\/\">\n                    <div class=\"proceso_img\"><img decoding=\"async\" src=\"https:\/\/scob.es\/wp-content\/uploads\/2025\/11\/scob-arquitectura-paisaje-PASEO-MARITIMO-\u00a9SCOB-01-16-9.jpg\" class=\"attachment-full size-full wp-post-image\" alt=\"\" srcset=\"https:\/\/scob.es\/wp-content\/uploads\/2025\/11\/scob-arquitectura-paisaje-PASEO-MARITIMO-\u00a9SCOB-01-16-9.jpg 1778w, https:\/\/scob.es\/wp-content\/uploads\/2025\/11\/scob-arquitectura-paisaje-PASEO-MARITIMO-\u00a9SCOB-01-16-9-300x169.jpg 300w, https:\/\/scob.es\/wp-content\/uploads\/2025\/11\/scob-arquitectura-paisaje-PASEO-MARITIMO-\u00a9SCOB-01-16-9-1024x576.jpg 1024w, https:\/\/scob.es\/wp-content\/uploads\/2025\/11\/scob-arquitectura-paisaje-PASEO-MARITIMO-\u00a9SCOB-01-16-9-768x432.jpg 768w, https:\/\/scob.es\/wp-content\/uploads\/2025\/11\/scob-arquitectura-paisaje-PASEO-MARITIMO-\u00a9SCOB-01-16-9-1536x864.jpg 1536w\" sizes=\"(max-width: 1778px) 100vw, 1778px\" \/> <\/div>\n                    <div class=\"proceso_txt\">\n                      <div class=\"title_slider boruna\">\n                        <div class=\"title_slider boruna\">Solucions basades en la natura<\/div> \n                        <div class=\"data_proyect_grid\">Una aposta per la salut planet\u00e0ria<\/div>\n                      <\/div>\n                    <\/div>\n                <\/a>\n            <\/div>\n                        <div class=\"splide__slide slider_cont_splide\">\n                <a href=\"https:\/\/scob.es\/ca\/portfolio\/sede-corporativa-molins-2\/\">\n                    <div class=\"proceso_img\"><img decoding=\"async\" src=\"https:\/\/scob.es\/wp-content\/uploads\/2025\/07\/98-scob-arquitectura-paisaje-JARDIN-CEMENTOS-MOLINS-\u00a9JuditCasas-6.jpg\" class=\"attachment-full size-full wp-post-image\" alt=\"\" srcset=\"https:\/\/scob.es\/wp-content\/uploads\/2025\/07\/98-scob-arquitectura-paisaje-JARDIN-CEMENTOS-MOLINS-\u00a9JuditCasas-6.jpg 1800w, https:\/\/scob.es\/wp-content\/uploads\/2025\/07\/98-scob-arquitectura-paisaje-JARDIN-CEMENTOS-MOLINS-\u00a9JuditCasas-6-300x169.jpg 300w, https:\/\/scob.es\/wp-content\/uploads\/2025\/07\/98-scob-arquitectura-paisaje-JARDIN-CEMENTOS-MOLINS-\u00a9JuditCasas-6-1024x576.jpg 1024w, https:\/\/scob.es\/wp-content\/uploads\/2025\/07\/98-scob-arquitectura-paisaje-JARDIN-CEMENTOS-MOLINS-\u00a9JuditCasas-6-768x432.jpg 768w, https:\/\/scob.es\/wp-content\/uploads\/2025\/07\/98-scob-arquitectura-paisaje-JARDIN-CEMENTOS-MOLINS-\u00a9JuditCasas-6-1536x864.jpg 1536w\" sizes=\"(max-width: 1800px) 100vw, 1800px\" \/> <\/div>\n                    <div class=\"proceso_txt\">\n                      <div class=\"title_slider boruna\">\n                        <div class=\"title_slider boruna\">Sede Corporativa Molins<\/div> \n                        <div class=\"data_proyect_grid\">Un jard\u00ed per al benestar i la identitat corporativa<\/div>\n                      <\/div>\n                    <\/div>\n                <\/a>\n            <\/div>\n                        <div class=\"splide__slide slider_cont_splide\">\n                <a href=\"https:\/\/scob.es\/ca\/portfolio\/can-farres\/\">\n                    <div class=\"proceso_img\"><img decoding=\"async\" src=\"https:\/\/scob.es\/wp-content\/uploads\/2024\/12\/101-scob-arquitectura-paisaje-JARDIN-CAN-FARRES-\u00a9JuditCasas-11-ed_16-9.jpg\" class=\"attachment-full size-full wp-post-image\" alt=\"\" srcset=\"https:\/\/scob.es\/wp-content\/uploads\/2024\/12\/101-scob-arquitectura-paisaje-JARDIN-CAN-FARRES-\u00a9JuditCasas-11-ed_16-9.jpg 2200w, https:\/\/scob.es\/wp-content\/uploads\/2024\/12\/101-scob-arquitectura-paisaje-JARDIN-CAN-FARRES-\u00a9JuditCasas-11-ed_16-9-300x169.jpg 300w, https:\/\/scob.es\/wp-content\/uploads\/2024\/12\/101-scob-arquitectura-paisaje-JARDIN-CAN-FARRES-\u00a9JuditCasas-11-ed_16-9-1024x576.jpg 1024w, https:\/\/scob.es\/wp-content\/uploads\/2024\/12\/101-scob-arquitectura-paisaje-JARDIN-CAN-FARRES-\u00a9JuditCasas-11-ed_16-9-768x432.jpg 768w, https:\/\/scob.es\/wp-content\/uploads\/2024\/12\/101-scob-arquitectura-paisaje-JARDIN-CAN-FARRES-\u00a9JuditCasas-11-ed_16-9-1536x864.jpg 1536w, https:\/\/scob.es\/wp-content\/uploads\/2024\/12\/101-scob-arquitectura-paisaje-JARDIN-CAN-FARRES-\u00a9JuditCasas-11-ed_16-9-2048x1152.jpg 2048w\" sizes=\"(max-width: 2200px) 100vw, 2200px\" \/> <\/div>\n                    <div class=\"proceso_txt\">\n                      <div class=\"title_slider boruna\">\n                        <div class=\"title_slider boruna\">Can Farr\u00e9s<\/div> \n                        <div class=\"data_proyect_grid\">El paisatge m\u00e0gic de Montserrat<\/div>\n                      <\/div>\n                    <\/div>\n                <\/a>\n            <\/div>\n                        <div class=\"splide__slide slider_cont_splide\">\n                <a href=\"https:\/\/scob.es\/ca\/portfolio\/terra-dominicata-2\/\">\n                    <div class=\"proceso_img\"><img decoding=\"async\" src=\"https:\/\/scob.es\/wp-content\/uploads\/2024\/02\/71-scob-diseno-paisajismo-tarragona-TERRA-DOMINICATA-PERGOLA-\u00a9GOULA-01.jpg\" class=\"attachment-full size-full wp-post-image\" alt=\"\" srcset=\"https:\/\/scob.es\/wp-content\/uploads\/2024\/02\/71-scob-diseno-paisajismo-tarragona-TERRA-DOMINICATA-PERGOLA-\u00a9GOULA-01.jpg 1920w, https:\/\/scob.es\/wp-content\/uploads\/2024\/02\/71-scob-diseno-paisajismo-tarragona-TERRA-DOMINICATA-PERGOLA-\u00a9GOULA-01-300x169.jpg 300w, https:\/\/scob.es\/wp-content\/uploads\/2024\/02\/71-scob-diseno-paisajismo-tarragona-TERRA-DOMINICATA-PERGOLA-\u00a9GOULA-01-1024x576.jpg 1024w, https:\/\/scob.es\/wp-content\/uploads\/2024\/02\/71-scob-diseno-paisajismo-tarragona-TERRA-DOMINICATA-PERGOLA-\u00a9GOULA-01-768x432.jpg 768w, https:\/\/scob.es\/wp-content\/uploads\/2024\/02\/71-scob-diseno-paisajismo-tarragona-TERRA-DOMINICATA-PERGOLA-\u00a9GOULA-01-1536x864.jpg 1536w\" sizes=\"(max-width: 1920px) 100vw, 1920px\" \/> <\/div>\n                    <div class=\"proceso_txt\">\n                      <div class=\"title_slider boruna\">\n                        <div class=\"title_slider boruna\">Terra Dominicata<\/div> \n                        <div class=\"data_proyect_grid\">Vincle entre paisatge, cultura i tradici\u00f3<\/div>\n                      <\/div>\n                    <\/div>\n                <\/a>\n            <\/div>\n                        <div class=\"splide__slide slider_cont_splide\">\n                <a href=\"https:\/\/scob.es\/ca\/portfolio\/teatre-als-jardins-de-santa-clotilde\/\">\n                    <div class=\"proceso_img\"><img decoding=\"async\" src=\"https:\/\/scob.es\/wp-content\/uploads\/2025\/11\/115-scob-arquitectura-paisaje-JARDINS-DE-SANTA-CLOTILDE-\u00a9JUDITH-CASAS-01r-1-scaled.jpg\" class=\"attachment-full size-full wp-post-image\" alt=\"\" srcset=\"https:\/\/scob.es\/wp-content\/uploads\/2025\/11\/115-scob-arquitectura-paisaje-JARDINS-DE-SANTA-CLOTILDE-\u00a9JUDITH-CASAS-01r-1-scaled.jpg 2560w, https:\/\/scob.es\/wp-content\/uploads\/2025\/11\/115-scob-arquitectura-paisaje-JARDINS-DE-SANTA-CLOTILDE-\u00a9JUDITH-CASAS-01r-1-300x169.jpg 300w, https:\/\/scob.es\/wp-content\/uploads\/2025\/11\/115-scob-arquitectura-paisaje-JARDINS-DE-SANTA-CLOTILDE-\u00a9JUDITH-CASAS-01r-1-1024x576.jpg 1024w, https:\/\/scob.es\/wp-content\/uploads\/2025\/11\/115-scob-arquitectura-paisaje-JARDINS-DE-SANTA-CLOTILDE-\u00a9JUDITH-CASAS-01r-1-768x432.jpg 768w, https:\/\/scob.es\/wp-content\/uploads\/2025\/11\/115-scob-arquitectura-paisaje-JARDINS-DE-SANTA-CLOTILDE-\u00a9JUDITH-CASAS-01r-1-1536x864.jpg 1536w, https:\/\/scob.es\/wp-content\/uploads\/2025\/11\/115-scob-arquitectura-paisaje-JARDINS-DE-SANTA-CLOTILDE-\u00a9JUDITH-CASAS-01r-1-2048x1152.jpg 2048w\" sizes=\"(max-width: 2560px) 100vw, 2560px\" \/> <\/div>\n                    <div class=\"proceso_txt\">\n                      <div class=\"title_slider boruna\">\n                        <div class=\"title_slider boruna\">Teatre als jardins de Santa Clotilde<\/div> \n                        <div class=\"data_proyect_grid\">Cultura i natura a la Costa Brava.<\/div>\n                      <\/div>\n                    <\/div>\n                <\/a>\n            <\/div>\n                  <\/div>\n    <\/div>\n  <\/div>\n<\/section>\n<!-- #primary -->\n<\/div>\t\t\t\t<\/div>\n\t\t\t\t<\/div>\n\t\t\t\t\t<\/div>\n\t\t<\/div>\n\t\t\t\t\t<\/div>\n\t\t<\/section>\n\t\t\t\t<\/div>\n\t\t","protected":false},"excerpt":{"rendered":"<p>Selecci\u00f3 de projectes * Arquitectura \u00e9s paisatge, paisatge \u00e9s vida. GRID LIST<\/p>\n","protected":false},"author":1,"featured_media":0,"parent":0,"menu_order":0,"comment_status":"closed","ping_status":"closed","template":"","meta":{"_acf_changed":false,"footnotes":""},"class_list":["post-21662","page","type-page","status-publish","hentry"],"acf":[],"yoast_head":"<!-- This site is optimized with the Yoast SEO plugin v27.4 - https:\/\/yoast.com\/product\/yoast-seo-wordpress\/ -->\n<title>Proyectos slider - Scob<\/title>\n<meta name=\"description\" content=\"Scob Estudi arquitectura Barcelona, \u200b\u200bpresenta els seus projectes arquitect\u00f2nics i de paisatgisme sostenible\" \/>\n<meta name=\"robots\" content=\"noindex, follow\" \/>\n<meta property=\"og:locale\" content=\"ca_ES\" \/>\n<meta property=\"og:type\" content=\"article\" \/>\n<meta property=\"og:title\" content=\"Proyectos slider - Scob\" \/>\n<meta property=\"og:description\" content=\"Scob Estudi arquitectura Barcelona, \u200b\u200bpresenta els seus projectes arquitect\u00f2nics i de paisatgisme sostenible\" \/>\n<meta property=\"og:url\" content=\"https:\/\/scob.es\/ca\/proyectos-slider\/\" \/>\n<meta property=\"og:site_name\" content=\"Scob\" \/>\n<meta property=\"article:modified_time\" content=\"2026-04-01T10:41:55+00:00\" \/>\n<meta name=\"twitter:card\" content=\"summary_large_image\" \/>\n<meta name=\"twitter:label1\" content=\"Temps estimat de lectura\" \/>\n\t<meta name=\"twitter:data1\" content=\"2 minuts\" \/>\n<script type=\"application\/ld+json\" class=\"yoast-schema-graph\">{\"@context\":\"https:\\\/\\\/schema.org\",\"@graph\":[{\"@type\":\"WebPage\",\"@id\":\"https:\\\/\\\/scob.es\\\/ca\\\/proyectos-slider\\\/\",\"url\":\"https:\\\/\\\/scob.es\\\/ca\\\/proyectos-slider\\\/\",\"name\":\"Proyectos slider - Scob\",\"isPartOf\":{\"@id\":\"https:\\\/\\\/scob.es\\\/ca\\\/#website\"},\"datePublished\":\"2024-07-30T14:23:28+00:00\",\"dateModified\":\"2026-04-01T10:41:55+00:00\",\"description\":\"Scob Estudi arquitectura Barcelona, \u200b\u200bpresenta els seus projectes arquitect\u00f2nics i de paisatgisme sostenible\",\"breadcrumb\":{\"@id\":\"https:\\\/\\\/scob.es\\\/ca\\\/proyectos-slider\\\/#breadcrumb\"},\"inLanguage\":\"ca\",\"potentialAction\":[{\"@type\":\"ReadAction\",\"target\":[\"https:\\\/\\\/scob.es\\\/ca\\\/proyectos-slider\\\/\"]}]},{\"@type\":\"BreadcrumbList\",\"@id\":\"https:\\\/\\\/scob.es\\\/ca\\\/proyectos-slider\\\/#breadcrumb\",\"itemListElement\":[{\"@type\":\"ListItem\",\"position\":1,\"name\":\"Home\",\"item\":\"https:\\\/\\\/scob.es\\\/ca\\\/home\\\/\"},{\"@type\":\"ListItem\",\"position\":2,\"name\":\"Proyectos slider\"}]},{\"@type\":\"WebSite\",\"@id\":\"https:\\\/\\\/scob.es\\\/ca\\\/#website\",\"url\":\"https:\\\/\\\/scob.es\\\/ca\\\/\",\"name\":\"Scob\",\"description\":\"\",\"potentialAction\":[{\"@type\":\"SearchAction\",\"target\":{\"@type\":\"EntryPoint\",\"urlTemplate\":\"https:\\\/\\\/scob.es\\\/ca\\\/?s={search_term_string}\"},\"query-input\":{\"@type\":\"PropertyValueSpecification\",\"valueRequired\":true,\"valueName\":\"search_term_string\"}}],\"inLanguage\":\"ca\"}]}<\/script>\n<!-- \/ Yoast SEO plugin. -->","yoast_head_json":{"title":"Proyectos slider - Scob","description":"Scob Estudi arquitectura Barcelona, \u200b\u200bpresenta els seus projectes arquitect\u00f2nics i de paisatgisme sostenible","robots":{"index":"noindex","follow":"follow"},"og_locale":"ca_ES","og_type":"article","og_title":"Proyectos slider - Scob","og_description":"Scob Estudi arquitectura Barcelona, \u200b\u200bpresenta els seus projectes arquitect\u00f2nics i de paisatgisme sostenible","og_url":"https:\/\/scob.es\/ca\/proyectos-slider\/","og_site_name":"Scob","article_modified_time":"2026-04-01T10:41:55+00:00","twitter_card":"summary_large_image","twitter_misc":{"Temps estimat de lectura":"2 minuts"},"schema":{"@context":"https:\/\/schema.org","@graph":[{"@type":"WebPage","@id":"https:\/\/scob.es\/ca\/proyectos-slider\/","url":"https:\/\/scob.es\/ca\/proyectos-slider\/","name":"Proyectos slider - Scob","isPartOf":{"@id":"https:\/\/scob.es\/ca\/#website"},"datePublished":"2024-07-30T14:23:28+00:00","dateModified":"2026-04-01T10:41:55+00:00","description":"Scob Estudi arquitectura Barcelona, \u200b\u200bpresenta els seus projectes arquitect\u00f2nics i de paisatgisme sostenible","breadcrumb":{"@id":"https:\/\/scob.es\/ca\/proyectos-slider\/#breadcrumb"},"inLanguage":"ca","potentialAction":[{"@type":"ReadAction","target":["https:\/\/scob.es\/ca\/proyectos-slider\/"]}]},{"@type":"BreadcrumbList","@id":"https:\/\/scob.es\/ca\/proyectos-slider\/#breadcrumb","itemListElement":[{"@type":"ListItem","position":1,"name":"Home","item":"https:\/\/scob.es\/ca\/home\/"},{"@type":"ListItem","position":2,"name":"Proyectos slider"}]},{"@type":"WebSite","@id":"https:\/\/scob.es\/ca\/#website","url":"https:\/\/scob.es\/ca\/","name":"Scob","description":"","potentialAction":[{"@type":"SearchAction","target":{"@type":"EntryPoint","urlTemplate":"https:\/\/scob.es\/ca\/?s={search_term_string}"},"query-input":{"@type":"PropertyValueSpecification","valueRequired":true,"valueName":"search_term_string"}}],"inLanguage":"ca"}]}},"_links":{"self":[{"href":"https:\/\/scob.es\/ca\/wp-json\/wp\/v2\/pages\/21662","targetHints":{"allow":["GET"]}}],"collection":[{"href":"https:\/\/scob.es\/ca\/wp-json\/wp\/v2\/pages"}],"about":[{"href":"https:\/\/scob.es\/ca\/wp-json\/wp\/v2\/types\/page"}],"author":[{"embeddable":true,"href":"https:\/\/scob.es\/ca\/wp-json\/wp\/v2\/users\/1"}],"replies":[{"embeddable":true,"href":"https:\/\/scob.es\/ca\/wp-json\/wp\/v2\/comments?post=21662"}],"version-history":[{"count":10,"href":"https:\/\/scob.es\/ca\/wp-json\/wp\/v2\/pages\/21662\/revisions"}],"predecessor-version":[{"id":22633,"href":"https:\/\/scob.es\/ca\/wp-json\/wp\/v2\/pages\/21662\/revisions\/22633"}],"wp:attachment":[{"href":"https:\/\/scob.es\/ca\/wp-json\/wp\/v2\/media?parent=21662"}],"curies":[{"name":"wp","href":"https:\/\/api.w.org\/{rel}","templated":true}]}}