{"id":22163,"date":"2024-01-25T09:30:02","date_gmt":"2024-01-25T09:30:02","guid":{"rendered":"https:\/\/scob.es\/home\/"},"modified":"2026-04-01T08:24:01","modified_gmt":"2026-04-01T08:24:01","slug":"home","status":"publish","type":"page","link":"https:\/\/scob.es\/ca\/","title":{"rendered":"Home"},"content":{"rendered":"\t\t<div data-elementor-type=\"wp-page\" data-elementor-id=\"22163\" class=\"elementor elementor-22163 elementor-8728\" data-elementor-post-type=\"page\">\n\t\t\t\t\t\t<section class=\"elementor-section elementor-top-section elementor-element elementor-element-843789e wrapper-wide section-normal elementor-section-boxed elementor-section-height-default elementor-section-height-default default\" data-id=\"843789e\" data-element_type=\"section\" data-e-type=\"section\" data-settings=\"{&quot;background_background&quot;:&quot;classic&quot;}\">\n\t\t\t\t\t\t<div class=\"elementor-container elementor-column-gap-default\">\n\t\t\t\t\t<div class=\"elementor-column elementor-col-100 elementor-top-column elementor-element elementor-element-eed4c04\" data-id=\"eed4c04\" data-element_type=\"column\" data-e-type=\"column\">\n\t\t\t<div class=\"elementor-widget-wrap elementor-element-populated\">\n\t\t\t\t\t\t<section class=\"elementor-section elementor-inner-section elementor-element elementor-element-76bbbc0 wrapper-wide section-normal elementor-section-boxed elementor-section-height-default elementor-section-height-default default\" data-id=\"76bbbc0\" data-element_type=\"section\" data-e-type=\"section\">\n\t\t\t\t\t\t<div class=\"elementor-container elementor-column-gap-default\">\n\t\t\t\t\t<div class=\"elementor-column elementor-col-100 elementor-inner-column elementor-element elementor-element-2f1ea1e\" data-id=\"2f1ea1e\" data-element_type=\"column\" data-e-type=\"column\">\n\t\t\t<div class=\"elementor-widget-wrap elementor-element-populated\">\n\t\t\t\t\t\t<div class=\"elementor-element elementor-element-cf03cc1 elementor-widget elementor-widget-html\" data-id=\"cf03cc1\" data-element_type=\"widget\" data-e-type=\"widget\" data-widget_type=\"html.default\">\n\t\t\t\t<div class=\"elementor-widget-container\">\n\t\t\t\t\t<div data-post-id=\"21101\" class=\"insert-page insert-page-21101 \">\n  <section id=\"banner_sup_home\" class=\"scob-modulo scob-layout scob-layout--invert-lg\">\n\n    <!-- 1) TEXTO FIJO -->\n          \n      <div class=\"scob-block scob-block--fixed\">\n        <hr>\n        <div class=\"titulo-fijo\">\n                      <h3 class=\"scob-fijo__titulo\">Sobre <strong>scob<\/strong><\/h3>\n                  <\/div>\n        <a href=\"javascript:void(0)\" class=\"scob-readmore\" data-scob-readmore data-target=\"scob-hidden-338005fc-a6ce-437f-8206-d94634ad9535\"\n          data-more-text=\"Llegir m\u00e9s\"\n          data-less-text=\"Llegir menys\" aria-controls=\"scob-hidden-338005fc-a6ce-437f-8206-d94634ad9535\"\n          aria-expanded=\"false\">\n          Llegir m\u00e9s        <\/a>\n\n\n\n        <div id=\"scob-hidden-338005fc-a6ce-437f-8206-d94634ad9535\" class=\"scob-hidden\" aria-hidden=\"true\">\n          <div class=\"scob-fijo__contenido\">\n            <p><strong>scob<\/strong> \u00e9s un estudi d\u2019arquitectura i paisatge amb seus a Barcelona i Madrid, especialitzat en projectes que combinen ambdues disciplines. El nostre equip t\u00e9 una \u00e0mplia experi\u00e8ncia en la rehabilitaci\u00f3 integral d\u2019edificis amb criteris d\u2019efici\u00e8ncia energ\u00e8tica i biof\u00edlia, la implantaci\u00f3 d\u2019espais de treball en entorns saludables, la recuperaci\u00f3 ambiental de zones portu\u00e0ries i industrials, aix\u00ed com en el disseny de jardins, espais p\u00fablics i infraestructures verdes. En tots els nostres projectes treballem amb els m\u00e0xims est\u00e0ndards de les certificacions LEED, WELL, BREEAM, LEED ND i SITES.<\/p>\n<p data-start=\"782\" data-end=\"989\">Des de fa m\u00e9s de dues d\u00e8cades combinem creativitat, innovaci\u00f3 i comprom\u00eds per transformar els espais en entorns que promouen el benestar de les persones i l\u2019equilibri ecol\u00f2gic.<\/p>\n<p data-start=\"991\" data-end=\"1180\">A <strong data-start=\"994\" data-end=\"1025\">scob<\/strong> integrem els criteris ESG en tots els nostres projectes d\u2019arquitectura i paisatge, garantint la sostenibilitat ambiental, la responsabilitat social i la bona governan\u00e7a.<\/p>\n          <\/div>\n        <\/div>\n      <\/div>\n    \n    <!-- 2) NOTICIA -->\n          <header class=\"scob-block scob-block--news scob-noticia\">\n                  <h2 class=\"scob-noticia__titulo\"><strong>Teatre a l\u2019aire lliure als Jardins de Santa Clotilde  <\/strong> <\/h2>\n                          <div class=\"scob-noticia__texto\">\n            <p>Els Jardins de Santa Clotilde, a la Costa Brava, van ser dissenyats per l\u2019arquitecte i paisatgista Rubi\u00f3 i Tudur\u00ed i s\u00f3n considerats un dels exemples millor conservats de jardins noucentistes a Catalunya. El nou teatre a l\u2019aire lliure, dissenyat per scob, s\u2019integra en les geometries dels camins existents i refor\u00e7a el seu esperit de connexi\u00f3 amb la muntanya i el mar, completant aix\u00ed l\u2019oferta cultural d\u2019un dels jardins patrimonials m\u00e9s visitats del pa\u00eds.<\/p>\n          <\/div>\n              <\/header>\n    \n    <!-- 3) MEDIA (V\u00cdDEO o SLIDER) -->\n    <div class=\"scob-block scob-block--media\">\n              <!-- SLIDER por dispositivo -->\n                  <div class=\"scob-bleed banner_splide_25_sup_home\">\n\n                          <!-- Desktop -->\n              <div class=\"splide scob-splide_home_25 scob-splide_home_25--desk\" aria-label=\"Galer\u00eda escritorio\">\n                <div class=\"splide__track\">\n                  <ul class=\"splide__list\">\n                                          <li class=\"splide__slide\">\n                        <div class=\"scob-ratio\" style=\"--ratio: 1920 \/ 1080;\">\n                          <img src=\"https:\/\/scob.es\/wp-content\/uploads\/2025\/11\/115-scob-arquitectura-paisaje-JARDINS-DE-SANTA-CLOTILDE-\u00a9JUDITH-CASAS-01r-1-scaled.jpg\" alt=\"\" loading=\"lazy\" decoding=\"async\">\n                        <\/div>\n                      <\/li>\n                                          <li class=\"splide__slide\">\n                        <div class=\"scob-ratio\" style=\"--ratio: 1920 \/ 1080;\">\n                          <img src=\"https:\/\/scob.es\/wp-content\/uploads\/2025\/11\/115-scob-arquitectura-paisaje-JARDINS-DE-SANTA-CLOTILDE-\u00a9JUDITH-CASAS-05r-scaled.jpg\" alt=\"\" loading=\"lazy\" decoding=\"async\">\n                        <\/div>\n                      <\/li>\n                                          <li class=\"splide__slide\">\n                        <div class=\"scob-ratio\" style=\"--ratio: 1920 \/ 1080;\">\n                          <img src=\"https:\/\/scob.es\/wp-content\/uploads\/2025\/11\/115-scob-arquitectura-paisaje-JARDINS-DE-SANTA-CLOTILDE-\u00a9JUDITH-CASAS-20r-scaled.jpg\" alt=\"\" loading=\"lazy\" decoding=\"async\">\n                        <\/div>\n                      <\/li>\n                                      <\/ul>\n                <\/div>\n              <\/div>\n            \n                          <!-- M\u00f3vil -->\n              <div class=\"splide scob-splide_home_25 scob-splide_home_25--mobi\" aria-label=\"Galer\u00eda m\u00f3vil\">\n                <div class=\"splide__track\">\n                  <ul class=\"splide__list\">\n                                          <li class=\"splide__slide\">\n                        <div class=\"scob-ratio\" style=\"--ratio: 1080 \/ 1350;\">\n                          <img src=\"https:\/\/scob.es\/wp-content\/uploads\/2025\/11\/115-scob-arquitectura-paisaje-JARDINS-DE-SANTA-CLOTILDE-\u00a9JUDITH-CASAS-01r-1-scaled.jpg\" alt=\"\" loading=\"lazy\" decoding=\"async\">\n                        <\/div>\n                      <\/li>\n                                          <li class=\"splide__slide\">\n                        <div class=\"scob-ratio\" style=\"--ratio: 1080 \/ 1350;\">\n                          <img src=\"https:\/\/scob.es\/wp-content\/uploads\/2025\/11\/115-scob-arquitectura-paisaje-JARDINS-DE-SANTA-CLOTILDE-\u00a9JUDITH-CASAS-05r-scaled.jpg\" alt=\"\" loading=\"lazy\" decoding=\"async\">\n                        <\/div>\n                      <\/li>\n                                          <li class=\"splide__slide\">\n                        <div class=\"scob-ratio\" style=\"--ratio: 1080 \/ 1350;\">\n                          <img src=\"https:\/\/scob.es\/wp-content\/uploads\/2025\/11\/115-scob-arquitectura-paisaje-JARDINS-DE-SANTA-CLOTILDE-\u00a9JUDITH-CASAS-20r-scaled.jpg\" alt=\"\" loading=\"lazy\" decoding=\"async\">\n                        <\/div>\n                      <\/li>\n                                      <\/ul>\n                <\/div>\n              <\/div>\n            \n          <\/div>\n              \n      <div class=\"nayla-button underline icon-left cursor-default btn_home_banner_sup_25\">\n        <span class=\"left-icon\"><i aria-hidden=\"true\" class=\"material-icons md-add\" data-md-icon=\"add\"><\/i><\/span>\n\n        \n        <a target=\"_self\" href=\"https:\/\/scob.es\/ca\/proyectos-slider\/\">\n          Veure projectes        <\/a>\n\n        <span class=\"button-line\"><\/span><span class=\"button-line\"><\/span>\n        <span class=\"right-icon\"><i aria-hidden=\"true\" class=\"material-icons md-add\" data-md-icon=\"add\"><\/i><\/span>\n      <\/div>\n\n  <\/section>\n<\/div>\t\t\t\t<\/div>\n\t\t\t\t<\/div>\n\t\t\t\t\t<\/div>\n\t\t<\/div>\n\t\t\t\t\t<\/div>\n\t\t<\/section>\n\t\t\t\t\t<\/div>\n\t\t<\/div>\n\t\t\t\t\t<\/div>\n\t\t<\/section>\n\t\t\t\t<section class=\"elementor-section elementor-top-section elementor-element elementor-element-1e49850 wrapper-fuller elementor-section-full_width section-normal elementor-section-height-default elementor-section-height-default default\" data-id=\"1e49850\" data-element_type=\"section\" data-e-type=\"section\" id=\"row_divider_home_video\">\n\t\t\t\t\t\t<div class=\"elementor-container elementor-column-gap-default\">\n\t\t\t\t\t<div class=\"elementor-column elementor-col-100 elementor-top-column elementor-element elementor-element-be58294\" data-id=\"be58294\" data-element_type=\"column\" data-e-type=\"column\">\n\t\t\t<div class=\"elementor-widget-wrap elementor-element-populated\">\n\t\t\t\t\t\t<div class=\"elementor-element elementor-element-189c353 elementor-widget-divider--view-line elementor-widget elementor-widget-divider\" data-id=\"189c353\" data-element_type=\"widget\" data-e-type=\"widget\" id=\"divider_home_banner\" data-widget_type=\"divider.default\">\n\t\t\t\t<div class=\"elementor-widget-container\">\n\t\t\t\t\t\t\t<div class=\"elementor-divider\">\n\t\t\t<span class=\"elementor-divider-separator\">\n\t\t\t\t\t\t<\/span>\n\t\t<\/div>\n\t\t\t\t\t\t<\/div>\n\t\t\t\t<\/div>\n\t\t\t\t\t<\/div>\n\t\t<\/div>\n\t\t\t\t\t<\/div>\n\t\t<\/section>\n\t\t\t\t<section class=\"elementor-section elementor-top-section elementor-element elementor-element-f35797b wrapper-wide section-normal elementor-section-boxed elementor-section-height-default elementor-section-height-default default\" data-id=\"f35797b\" data-element_type=\"section\" data-e-type=\"section\">\n\t\t\t\t\t\t<div class=\"elementor-container elementor-column-gap-default\">\n\t\t\t\t\t<div class=\"elementor-column elementor-col-100 elementor-top-column elementor-element elementor-element-5439656\" data-id=\"5439656\" data-element_type=\"column\" data-e-type=\"column\">\n\t\t\t<div class=\"elementor-widget-wrap elementor-element-populated\">\n\t\t\t\t\t\t<section class=\"elementor-section elementor-inner-section elementor-element elementor-element-dada410 wrapper-wide section-normal elementor-section-boxed elementor-section-height-default elementor-section-height-default default\" data-id=\"dada410\" data-element_type=\"section\" data-e-type=\"section\">\n\t\t\t\t\t\t<div class=\"elementor-container elementor-column-gap-default\">\n\t\t\t\t\t<div class=\"elementor-column elementor-col-100 elementor-inner-column elementor-element elementor-element-af66255\" data-id=\"af66255\" data-element_type=\"column\" data-e-type=\"column\">\n\t\t\t<div class=\"elementor-widget-wrap elementor-element-populated\">\n\t\t\t\t\t\t<div class=\"elementor-element elementor-element-f2cc1ca borna-regular elementor-widget elementor-widget-naylamarquee\" data-id=\"f2cc1ca\" data-element_type=\"widget\" data-e-type=\"widget\" data-widget_type=\"naylamarquee.default\">\n\t\t\t\t<div class=\"elementor-widget-container\">\n\t\t\t\t\t\n      <h1 class=\"nayla-marquee  right-to-left   cursor-default icon_font\" data-duration=7 data-sepduration=7 >\n\n\n        <span class=\"\">l\u2019arquitectura \u00e9s paisatge. I el paisatge, vida.<\/span>\n        <div class=\"seperator \"> \n\n            \n            \n            \n\n\n\n        <\/div>\n\n\n\n   <\/h1>    \n    \t\t\t\t<\/div>\n\t\t\t\t<\/div>\n\t\t\t\t\t<\/div>\n\t\t<\/div>\n\t\t\t\t\t<\/div>\n\t\t<\/section>\n\t\t\t\t\t<\/div>\n\t\t<\/div>\n\t\t\t\t\t<\/div>\n\t\t<\/section>\n\t\t\t\t<section class=\"elementor-section elementor-top-section elementor-element elementor-element-28ac84e wrapper-wide section-normal elementor-section-boxed elementor-section-height-default elementor-section-height-default default\" data-id=\"28ac84e\" data-element_type=\"section\" data-e-type=\"section\">\n\t\t\t\t\t\t<div class=\"elementor-container elementor-column-gap-default\">\n\t\t\t\t\t<div class=\"elementor-column elementor-col-100 elementor-top-column elementor-element elementor-element-7fa7c2c\" data-id=\"7fa7c2c\" data-element_type=\"column\" data-e-type=\"column\">\n\t\t\t<div class=\"elementor-widget-wrap elementor-element-populated\">\n\t\t\t\t\t\t<section class=\"elementor-section elementor-inner-section elementor-element elementor-element-df496de wrapper-wide section-normal elementor-section-boxed elementor-section-height-default elementor-section-height-default default\" data-id=\"df496de\" data-element_type=\"section\" data-e-type=\"section\">\n\t\t\t\t\t\t<div class=\"elementor-container elementor-column-gap-default\">\n\t\t\t\t\t<div class=\"elementor-column elementor-col-50 elementor-inner-column elementor-element elementor-element-fb9d005\" data-id=\"fb9d005\" data-element_type=\"column\" data-e-type=\"column\">\n\t\t\t<div class=\"elementor-widget-wrap elementor-element-populated\">\n\t\t\t\t\t\t<div class=\"elementor-element elementor-element-126ab06 espacio_bottom elementor-widget elementor-widget-naylatextwrapper\" data-id=\"126ab06\" data-element_type=\"widget\" data-e-type=\"widget\" data-widget_type=\"naylatextwrapper.default\">\n\t\t\t\t<div class=\"elementor-widget-container\">\n\t\t\t\t\t\n\n\n<div class=\"text-wrapper no-margin \">\n\n    <p class=\"has-anim-text linesUp  text-h3  false\" data-stagger=\"0.1\" data-duration=\"1.5\"data-delay=\"0\"data-scrub=\"false\" data-pin=\"false\"> Som <strong>scob<\/strong><\/p>\n\n\n<\/div>\n\n\n\t\t\t\t<\/div>\n\t\t\t\t<\/div>\n\t\t\t\t<div class=\"elementor-element elementor-element-086d23c scob_bold elementor-hidden-desktop elementor-hidden-tablet elementor-widget elementor-widget-naylatextwrapper\" data-id=\"086d23c\" data-element_type=\"widget\" data-e-type=\"widget\" data-widget_type=\"naylatextwrapper.default\">\n\t\t\t\t<div class=\"elementor-widget-container\">\n\t\t\t\t\t\n\n\n<div class=\"text-wrapper  hide-br-mobile\">\n\n    <p class=\"has-anim-text linesUp  text-h6  false\" data-stagger=\"0.1\" data-duration=\"1.5\"data-delay=\"0\"data-scrub=\"true\" data-pin=\"false\"> <strong>scob<\/strong> \u00e9s un estudi d\u2019arquitectura i paisatge amb seu a Barcelona, especialitzat en projectes que combinen totes dues disciplines. Des de la tradici\u00f3 mediterr\u00e0nia, basada en la relaci\u00f3 entre l\u2019espai habitat i el territori, <strong>scob<\/strong> treballa en diferents escales i tipologies de projectes que promouen el benestar de les persones i l\u2019equilibri ecol\u00f2gic. <br><br> A <strong>scob<\/strong>, l\u2019arquitectura \u00e9s paisatge. I el paisatge, vida. <\/p>\n\n\n<\/div>\n\n\n\t\t\t\t<\/div>\n\t\t\t\t<\/div>\n\t\t\t\t<div class=\"elementor-element elementor-element-f3ecf2a scob_bold elementor-hidden-mobile elementor-widget elementor-widget-naylatextwrapper\" data-id=\"f3ecf2a\" data-element_type=\"widget\" data-e-type=\"widget\" data-widget_type=\"naylatextwrapper.default\">\n\t\t\t\t<div class=\"elementor-widget-container\">\n\t\t\t\t\t\n\n\n<div class=\"text-wrapper  hide-br-mobile\">\n\n    <p class=\"has-anim-text linesUp  text-h6  false\" data-stagger=\"0.1\" data-duration=\"1.5\"data-delay=\"0\"data-scrub=\"true\" data-pin=\"false\"> <strong>scob<\/strong> \u00e9s un estudi d\u2019arquitectura i paisatge amb seu a Barcelona, especialitzat en projectes que combinen totes dues disciplines. Des de la tradici\u00f3 mediterr\u00e0nia, basada en la relaci\u00f3 entre l\u2019espai habitat i el territori, <strong>scob<\/strong> treballa en diferents escales i tipologies de projectes que promouen el benestar de les persones i l\u2019equilibri ecol\u00f2gic. <br><br> A <strong>scob<\/strong>, l\u2019arquitectura \u00e9s paisatge. I el paisatge, vida. <\/p>\n\n\n<\/div>\n\n\n\t\t\t\t<\/div>\n\t\t\t\t<\/div>\n\t\t\t\t<div class=\"elementor-element elementor-element-4b702cc elementor-widget elementor-widget-naylabutton\" data-id=\"4b702cc\" data-element_type=\"widget\" data-e-type=\"widget\" data-widget_type=\"naylabutton.default\">\n\t\t\t\t<div class=\"elementor-widget-container\">\n\t\t\t\t\t\n\n<!--  Button -->\n<div class=\"nayla-button underline icon-left  cursor-default\" >\n\n    <span class=\"left-icon\"><i aria-hidden=\"true\" class=\"material-icons md-add\" data-md-icon=\"add\"><\/i><\/span>\n\n    <a target=\"_self\" href=\"https:\/\/scob.es\/ca\/som-scob\/\">Sobre nosaltres<\/a>\n\n    <span class=\"right-icon\"><i aria-hidden=\"true\" class=\"material-icons md-add\" data-md-icon=\"add\"><\/i><\/span>\n\n<\/div>\n<!--\/ Button -->\n\n\n\t\t\t\t<\/div>\n\t\t\t\t<\/div>\n\t\t\t\t\t<\/div>\n\t\t<\/div>\n\t\t\t\t<div class=\"elementor-column elementor-col-50 elementor-inner-column elementor-element elementor-element-8bd6454\" data-id=\"8bd6454\" data-element_type=\"column\" data-e-type=\"column\">\n\t\t\t<div class=\"elementor-widget-wrap elementor-element-populated\">\n\t\t\t\t\t\t<div class=\"elementor-element elementor-element-e20f5b5 elementor-widget elementor-widget-image\" data-id=\"e20f5b5\" data-element_type=\"widget\" data-e-type=\"widget\" data-widget_type=\"image.default\">\n\t\t\t\t<div class=\"elementor-widget-container\">\n\t\t\t\t\t\t\t\t\t\t\t\t\t\t\t<img fetchpriority=\"high\" decoding=\"async\" width=\"640\" height=\"393\" src=\"https:\/\/scob.es\/wp-content\/uploads\/2026\/01\/71-scob-diseno-paisajismo-TERRA-DOMINICATA-CALMA-\u00a9GOULA-03-768x471.jpg\" class=\"attachment-medium_large size-medium_large wp-image-22162\" alt=\"\" srcset=\"https:\/\/scob.es\/wp-content\/uploads\/2026\/01\/71-scob-diseno-paisajismo-TERRA-DOMINICATA-CALMA-\u00a9GOULA-03-768x471.jpg 768w, https:\/\/scob.es\/wp-content\/uploads\/2026\/01\/71-scob-diseno-paisajismo-TERRA-DOMINICATA-CALMA-\u00a9GOULA-03-300x184.jpg 300w, https:\/\/scob.es\/wp-content\/uploads\/2026\/01\/71-scob-diseno-paisajismo-TERRA-DOMINICATA-CALMA-\u00a9GOULA-03-1024x628.jpg 1024w, https:\/\/scob.es\/wp-content\/uploads\/2026\/01\/71-scob-diseno-paisajismo-TERRA-DOMINICATA-CALMA-\u00a9GOULA-03.jpg 1305w\" sizes=\"(max-width: 640px) 100vw, 640px\" \/>\t\t\t\t\t\t\t\t\t\t\t\t\t\t\t<\/div>\n\t\t\t\t<\/div>\n\t\t\t\t\t<\/div>\n\t\t<\/div>\n\t\t\t\t\t<\/div>\n\t\t<\/section>\n\t\t\t\t\t<\/div>\n\t\t<\/div>\n\t\t\t\t\t<\/div>\n\t\t<\/section>\n\t\t\t\t<section class=\"elementor-section elementor-top-section elementor-element elementor-element-d721fc3 wrapper-wide section-normal elementor-section-boxed elementor-section-height-default elementor-section-height-default default\" data-id=\"d721fc3\" data-element_type=\"section\" data-e-type=\"section\">\n\t\t\t\t\t\t<div class=\"elementor-container elementor-column-gap-default\">\n\t\t\t\t\t<div class=\"elementor-column elementor-col-100 elementor-top-column elementor-element elementor-element-490299d\" data-id=\"490299d\" data-element_type=\"column\" data-e-type=\"column\">\n\t\t\t<div class=\"elementor-widget-wrap elementor-element-populated\">\n\t\t\t\t\t\t<div class=\"elementor-element elementor-element-8bafd0c elementor-hidden-mobile elementor-widget-divider--view-line elementor-widget elementor-widget-divider\" data-id=\"8bafd0c\" data-element_type=\"widget\" data-e-type=\"widget\" data-widget_type=\"divider.default\">\n\t\t\t\t<div class=\"elementor-widget-container\">\n\t\t\t\t\t\t\t<div class=\"elementor-divider\">\n\t\t\t<span class=\"elementor-divider-separator\">\n\t\t\t\t\t\t<\/span>\n\t\t<\/div>\n\t\t\t\t\t\t<\/div>\n\t\t\t\t<\/div>\n\t\t\t\t<div class=\"elementor-element elementor-element-fcfa813 elementor-hidden-desktop elementor-hidden-tablet elementor-widget-divider--view-line elementor-widget elementor-widget-divider\" data-id=\"fcfa813\" data-element_type=\"widget\" data-e-type=\"widget\" data-widget_type=\"divider.default\">\n\t\t\t\t<div class=\"elementor-widget-container\">\n\t\t\t\t\t\t\t<div class=\"elementor-divider\">\n\t\t\t<span class=\"elementor-divider-separator\">\n\t\t\t\t\t\t<\/span>\n\t\t<\/div>\n\t\t\t\t\t\t<\/div>\n\t\t\t\t<\/div>\n\t\t\t\t<div class=\"elementor-element elementor-element-05ff833 elementor-widget elementor-widget-naylatextwrapper\" data-id=\"05ff833\" data-element_type=\"widget\" data-e-type=\"widget\" data-widget_type=\"naylatextwrapper.default\">\n\t\t\t\t<div class=\"elementor-widget-container\">\n\t\t\t\t\t\n\n\n<div class=\"text-wrapper no-margin \">\n\n    <p class=\"has-anim-text linesUp  text-h3  false\" data-stagger=\"0.1\" data-duration=\"1.5\"data-delay=\"0\"data-scrub=\"false\" data-pin=\"false\"> Projectes<\/p>\n\n\n<\/div>\n\n\n\t\t\t\t<\/div>\n\t\t\t\t<\/div>\n\t\t\t\t\t<\/div>\n\t\t<\/div>\n\t\t\t\t\t<\/div>\n\t\t<\/section>\n\t\t\t\t<section class=\"elementor-section elementor-top-section elementor-element elementor-element-b72fcff wrapper-fuller elementor-section-full_width elementor-section-stretched elementor-section-height-min-height section-normal elementor-section-height-default elementor-section-items-middle default\" data-id=\"b72fcff\" data-element_type=\"section\" data-e-type=\"section\" data-settings=\"{&quot;stretch_section&quot;:&quot;section-stretched&quot;}\">\n\t\t\t\t\t\t<div class=\"elementor-container elementor-column-gap-default\">\n\t\t\t\t\t<div class=\"elementor-column elementor-col-100 elementor-top-column elementor-element elementor-element-f2916ec\" data-id=\"f2916ec\" data-element_type=\"column\" data-e-type=\"column\">\n\t\t\t<div class=\"elementor-widget-wrap elementor-element-populated\">\n\t\t\t\t\t\t<div class=\"elementor-element elementor-element-a014afb elementor-widget elementor-widget-wp-widget-ipw\" data-id=\"a014afb\" data-element_type=\"widget\" data-e-type=\"widget\" data-widget_type=\"wp-widget-ipw.default\">\n\t\t\t\t<div class=\"elementor-widget-container\">\n\t\t\t\t\t<div data-post-id=\"15251\" class=\"insert-page insert-page-15251 \" id=\"slider_proyectos\"><section id=\"grid_slider_proyecto\" class=\"full-width col-sm-12 col-lg-12\">\n  <div class=\"splide grid_proyectos-slider\">\n    <ul class=\"splide__pagination\">\n    <\/ul>\n    <div class=\"splide__track\">\n      <div class=\"splide__list\">\n                    <div class=\"splide__slide slider_cont_splide\">\n                <a href=\"https:\/\/scob.es\/ca\/portfolio\/placa-major-i-centre-cultural\/\">\n                    <div class=\"proceso_img\"><img decoding=\"async\" src=\"https:\/\/scob.es\/wp-content\/uploads\/2025\/04\/scob-arquitectura-paisaje-PLAZA-MAYOR-PALMA-\u00a9SCOB-RENDER-01.jpg\" class=\"attachment-full size-full wp-post-image\" alt=\"\" srcset=\"https:\/\/scob.es\/wp-content\/uploads\/2025\/04\/scob-arquitectura-paisaje-PLAZA-MAYOR-PALMA-\u00a9SCOB-RENDER-01.jpg 2560w, https:\/\/scob.es\/wp-content\/uploads\/2025\/04\/scob-arquitectura-paisaje-PLAZA-MAYOR-PALMA-\u00a9SCOB-RENDER-01-300x165.jpg 300w, https:\/\/scob.es\/wp-content\/uploads\/2025\/04\/scob-arquitectura-paisaje-PLAZA-MAYOR-PALMA-\u00a9SCOB-RENDER-01-1024x562.jpg 1024w, https:\/\/scob.es\/wp-content\/uploads\/2025\/04\/scob-arquitectura-paisaje-PLAZA-MAYOR-PALMA-\u00a9SCOB-RENDER-01-768x422.jpg 768w, https:\/\/scob.es\/wp-content\/uploads\/2025\/04\/scob-arquitectura-paisaje-PLAZA-MAYOR-PALMA-\u00a9SCOB-RENDER-01-1536x843.jpg 1536w, https:\/\/scob.es\/wp-content\/uploads\/2025\/04\/scob-arquitectura-paisaje-PLAZA-MAYOR-PALMA-\u00a9SCOB-RENDER-01-2048x1124.jpg 2048w\" sizes=\"(max-width: 2560px) 100vw, 2560px\" \/> <\/div>\n                    <div class=\"proceso_txt\">\n                      <div class=\"title_slider boruna\">\n                        <div class=\"title_slider boruna\">Pla\u00e7a Major i centre cultural<\/div> \n                        <div class=\"data_proyect_grid\">Una nova \u00e0gora social, cultural i comercial per al centre de Palma<\/div>\n                      <\/div>\n                    <\/div>\n                <\/a>\n            <\/div>\n                        <div class=\"splide__slide slider_cont_splide\">\n                <a href=\"https:\/\/scob.es\/ca\/portfolio\/zurich-aribau195\/\">\n                    <div class=\"proceso_img\"><img decoding=\"async\" src=\"https:\/\/scob.es\/wp-content\/uploads\/2024\/04\/84-scob-arquitectura-oficinas-ZURICH-ARIBAU-FACHADA-CALLE-\u00a9GOULA-01-ed.jpg\" class=\"attachment-full size-full wp-post-image\" alt=\"\" srcset=\"https:\/\/scob.es\/wp-content\/uploads\/2024\/04\/84-scob-arquitectura-oficinas-ZURICH-ARIBAU-FACHADA-CALLE-\u00a9GOULA-01-ed.jpg 1920w, https:\/\/scob.es\/wp-content\/uploads\/2024\/04\/84-scob-arquitectura-oficinas-ZURICH-ARIBAU-FACHADA-CALLE-\u00a9GOULA-01-ed-300x169.jpg 300w, https:\/\/scob.es\/wp-content\/uploads\/2024\/04\/84-scob-arquitectura-oficinas-ZURICH-ARIBAU-FACHADA-CALLE-\u00a9GOULA-01-ed-1024x576.jpg 1024w, https:\/\/scob.es\/wp-content\/uploads\/2024\/04\/84-scob-arquitectura-oficinas-ZURICH-ARIBAU-FACHADA-CALLE-\u00a9GOULA-01-ed-768x432.jpg 768w, https:\/\/scob.es\/wp-content\/uploads\/2024\/04\/84-scob-arquitectura-oficinas-ZURICH-ARIBAU-FACHADA-CALLE-\u00a9GOULA-01-ed-1536x864.jpg 1536w\" sizes=\"(max-width: 1920px) 100vw, 1920px\" \/> <\/div>\n                    <div class=\"proceso_txt\">\n                      <div class=\"title_slider boruna\">\n                        <div class=\"title_slider boruna\">Zurich Aribau195<\/div> \n                        <div class=\"data_proyect_grid\">Gran rehabilitaci\u00f3 i empatia urbana<\/div>\n                      <\/div>\n                    <\/div>\n                <\/a>\n            <\/div>\n                        <div class=\"splide__slide slider_cont_splide\">\n                <a href=\"https:\/\/scob.es\/ca\/portfolio\/casa-pich-i-pon\/\">\n                    <div class=\"proceso_img\"><img decoding=\"async\" src=\"https:\/\/scob.es\/wp-content\/uploads\/2024\/09\/86-scob-arquitectura-oficinas-LOOM-INTERIOR-\u00a9HEVIA-30.jpg\" class=\"attachment-full size-full wp-post-image\" alt=\"\" srcset=\"https:\/\/scob.es\/wp-content\/uploads\/2024\/09\/86-scob-arquitectura-oficinas-LOOM-INTERIOR-\u00a9HEVIA-30.jpg 1920w, https:\/\/scob.es\/wp-content\/uploads\/2024\/09\/86-scob-arquitectura-oficinas-LOOM-INTERIOR-\u00a9HEVIA-30-300x169.jpg 300w, https:\/\/scob.es\/wp-content\/uploads\/2024\/09\/86-scob-arquitectura-oficinas-LOOM-INTERIOR-\u00a9HEVIA-30-1024x576.jpg 1024w, https:\/\/scob.es\/wp-content\/uploads\/2024\/09\/86-scob-arquitectura-oficinas-LOOM-INTERIOR-\u00a9HEVIA-30-768x432.jpg 768w, https:\/\/scob.es\/wp-content\/uploads\/2024\/09\/86-scob-arquitectura-oficinas-LOOM-INTERIOR-\u00a9HEVIA-30-1536x864.jpg 1536w\" sizes=\"(max-width: 1920px) 100vw, 1920px\" \/> <\/div>\n                    <div class=\"proceso_txt\">\n                      <div class=\"title_slider boruna\">\n                        <div class=\"title_slider boruna\">Casa Pich i Pon<\/div> \n                        <div class=\"data_proyect_grid\">Patrimoni i avantguarda en els espais de treball<\/div>\n                      <\/div>\n                    <\/div>\n                <\/a>\n            <\/div>\n                        <div class=\"splide__slide slider_cont_splide\">\n                <a href=\"https:\/\/scob.es\/ca\/portfolio\/blue-tech-port\/\">\n                    <div class=\"proceso_img\"><img decoding=\"async\" src=\"https:\/\/scob.es\/wp-content\/uploads\/2024\/07\/scob-arquitectura-tecnologia-BLUE-TECH-PORT-RENDER-exterioi\u00a9AOP-03.jpg\" class=\"attachment-full size-full wp-post-image\" alt=\"\" srcset=\"https:\/\/scob.es\/wp-content\/uploads\/2024\/07\/scob-arquitectura-tecnologia-BLUE-TECH-PORT-RENDER-exterioi\u00a9AOP-03.jpg 1920w, https:\/\/scob.es\/wp-content\/uploads\/2024\/07\/scob-arquitectura-tecnologia-BLUE-TECH-PORT-RENDER-exterioi\u00a9AOP-03-300x169.jpg 300w, https:\/\/scob.es\/wp-content\/uploads\/2024\/07\/scob-arquitectura-tecnologia-BLUE-TECH-PORT-RENDER-exterioi\u00a9AOP-03-1024x576.jpg 1024w, https:\/\/scob.es\/wp-content\/uploads\/2024\/07\/scob-arquitectura-tecnologia-BLUE-TECH-PORT-RENDER-exterioi\u00a9AOP-03-768x432.jpg 768w, https:\/\/scob.es\/wp-content\/uploads\/2024\/07\/scob-arquitectura-tecnologia-BLUE-TECH-PORT-RENDER-exterioi\u00a9AOP-03-1536x864.jpg 1536w\" sizes=\"(max-width: 1920px) 100vw, 1920px\" \/> <\/div>\n                    <div class=\"proceso_txt\">\n                      <div class=\"title_slider boruna\">\n                        <div class=\"title_slider boruna\">Blue Tech Port<\/div> \n                        <div class=\"data_proyect_grid\">L'economia blava com a motor del canvi<\/div>\n                      <\/div>\n                    <\/div>\n                <\/a>\n            <\/div>\n                        <div class=\"splide__slide slider_cont_splide\">\n                <a href=\"https:\/\/scob.es\/ca\/portfolio\/marina-port-vell-the-club\/\">\n                    <div class=\"proceso_img\"><img decoding=\"async\" src=\"https:\/\/scob.es\/wp-content\/uploads\/2024\/09\/40-scob-arquitectura-paisajismo-LA-MARINA-EDIFICIO-ENTRADA-FACHADA-\u00a9GOULA-07.jpg\" class=\"attachment-full size-full wp-post-image\" alt=\"\" srcset=\"https:\/\/scob.es\/wp-content\/uploads\/2024\/09\/40-scob-arquitectura-paisajismo-LA-MARINA-EDIFICIO-ENTRADA-FACHADA-\u00a9GOULA-07.jpg 1920w, https:\/\/scob.es\/wp-content\/uploads\/2024\/09\/40-scob-arquitectura-paisajismo-LA-MARINA-EDIFICIO-ENTRADA-FACHADA-\u00a9GOULA-07-300x169.jpg 300w, https:\/\/scob.es\/wp-content\/uploads\/2024\/09\/40-scob-arquitectura-paisajismo-LA-MARINA-EDIFICIO-ENTRADA-FACHADA-\u00a9GOULA-07-1024x576.jpg 1024w, https:\/\/scob.es\/wp-content\/uploads\/2024\/09\/40-scob-arquitectura-paisajismo-LA-MARINA-EDIFICIO-ENTRADA-FACHADA-\u00a9GOULA-07-768x432.jpg 768w, https:\/\/scob.es\/wp-content\/uploads\/2024\/09\/40-scob-arquitectura-paisajismo-LA-MARINA-EDIFICIO-ENTRADA-FACHADA-\u00a9GOULA-07-1536x864.jpg 1536w\" sizes=\"(max-width: 1920px) 100vw, 1920px\" \/> <\/div>\n                    <div class=\"proceso_txt\">\n                      <div class=\"title_slider boruna\">\n                        <div class=\"title_slider boruna\">Marina Port Vell. The Club<\/div> \n                        <div class=\"data_proyect_grid\">Innovaci\u00f3 i tradici\u00f3 mediterr\u00e0nia<\/div>\n                      <\/div>\n                    <\/div>\n                <\/a>\n            <\/div>\n                        <div class=\"splide__slide slider_cont_splide\">\n                <a href=\"https:\/\/scob.es\/ca\/portfolio\/marina-port-vell-the-gallery\/\">\n                    <div class=\"proceso_img\"><img decoding=\"async\" src=\"https:\/\/scob.es\/wp-content\/uploads\/2024\/09\/40-scob-arquitectura-paisajismo-LA-MARINA-EDIFICIO-SERVICIOS-FACHADA-\u00a9GOULA-01_ed.jpg\" class=\"attachment-full size-full wp-post-image\" alt=\"\" srcset=\"https:\/\/scob.es\/wp-content\/uploads\/2024\/09\/40-scob-arquitectura-paisajismo-LA-MARINA-EDIFICIO-SERVICIOS-FACHADA-\u00a9GOULA-01_ed.jpg 1920w, https:\/\/scob.es\/wp-content\/uploads\/2024\/09\/40-scob-arquitectura-paisajismo-LA-MARINA-EDIFICIO-SERVICIOS-FACHADA-\u00a9GOULA-01_ed-300x169.jpg 300w, https:\/\/scob.es\/wp-content\/uploads\/2024\/09\/40-scob-arquitectura-paisajismo-LA-MARINA-EDIFICIO-SERVICIOS-FACHADA-\u00a9GOULA-01_ed-1024x576.jpg 1024w, https:\/\/scob.es\/wp-content\/uploads\/2024\/09\/40-scob-arquitectura-paisajismo-LA-MARINA-EDIFICIO-SERVICIOS-FACHADA-\u00a9GOULA-01_ed-768x432.jpg 768w, https:\/\/scob.es\/wp-content\/uploads\/2024\/09\/40-scob-arquitectura-paisajismo-LA-MARINA-EDIFICIO-SERVICIOS-FACHADA-\u00a9GOULA-01_ed-1536x864.jpg 1536w\" sizes=\"(max-width: 1920px) 100vw, 1920px\" \/> <\/div>\n                    <div class=\"proceso_txt\">\n                      <div class=\"title_slider boruna\">\n                        <div class=\"title_slider boruna\">Marina Port Vell. The Gallery<\/div> \n                        <div class=\"data_proyect_grid\">Arquitectura port-ciutat<\/div>\n                      <\/div>\n                    <\/div>\n                <\/a>\n            <\/div>\n                        <div class=\"splide__slide slider_cont_splide\">\n                <a href=\"https:\/\/scob.es\/ca\/portfolio\/scob-lattice\/\">\n                    <div class=\"proceso_img\"><img decoding=\"async\" src=\"https:\/\/scob.es\/wp-content\/uploads\/2024\/07\/40-scob-arquitectura-paisajismo-LA-MARINA-EDIFICIO-ENTRADA-TERRAZA-\u00a9GOULA-01-1.jpg\" class=\"attachment-full size-full wp-post-image\" alt=\"\" srcset=\"https:\/\/scob.es\/wp-content\/uploads\/2024\/07\/40-scob-arquitectura-paisajismo-LA-MARINA-EDIFICIO-ENTRADA-TERRAZA-\u00a9GOULA-01-1.jpg 1920w, https:\/\/scob.es\/wp-content\/uploads\/2024\/07\/40-scob-arquitectura-paisajismo-LA-MARINA-EDIFICIO-ENTRADA-TERRAZA-\u00a9GOULA-01-1-300x169.jpg 300w, https:\/\/scob.es\/wp-content\/uploads\/2024\/07\/40-scob-arquitectura-paisajismo-LA-MARINA-EDIFICIO-ENTRADA-TERRAZA-\u00a9GOULA-01-1-1024x576.jpg 1024w, https:\/\/scob.es\/wp-content\/uploads\/2024\/07\/40-scob-arquitectura-paisajismo-LA-MARINA-EDIFICIO-ENTRADA-TERRAZA-\u00a9GOULA-01-1-768x432.jpg 768w, https:\/\/scob.es\/wp-content\/uploads\/2024\/07\/40-scob-arquitectura-paisajismo-LA-MARINA-EDIFICIO-ENTRADA-TERRAZA-\u00a9GOULA-01-1-1536x864.jpg 1536w\" sizes=\"(max-width: 1920px) 100vw, 1920px\" \/> <\/div>\n                    <div class=\"proceso_txt\">\n                      <div class=\"title_slider boruna\">\n                        <div class=\"title_slider boruna\">scob lattice<\/div> \n                        <div class=\"data_proyect_grid\">Industrialitzaci\u00f3 i disseny adaptatiu<\/div>\n                      <\/div>\n                    <\/div>\n                <\/a>\n            <\/div>\n                        <div class=\"splide__slide slider_cont_splide\">\n                <a href=\"https:\/\/scob.es\/ca\/portfolio\/cases-mediterranies\/\">\n                    <div class=\"proceso_img\"><img decoding=\"async\" src=\"https:\/\/scob.es\/wp-content\/uploads\/2025\/11\/scob-arquitectura-casa-CATEURA-\u00a9PONS-04-16-9.jpg\" class=\"attachment-full size-full wp-post-image\" alt=\"\" srcset=\"https:\/\/scob.es\/wp-content\/uploads\/2025\/11\/scob-arquitectura-casa-CATEURA-\u00a9PONS-04-16-9.jpg 2200w, https:\/\/scob.es\/wp-content\/uploads\/2025\/11\/scob-arquitectura-casa-CATEURA-\u00a9PONS-04-16-9-300x169.jpg 300w, https:\/\/scob.es\/wp-content\/uploads\/2025\/11\/scob-arquitectura-casa-CATEURA-\u00a9PONS-04-16-9-1024x576.jpg 1024w, https:\/\/scob.es\/wp-content\/uploads\/2025\/11\/scob-arquitectura-casa-CATEURA-\u00a9PONS-04-16-9-768x432.jpg 768w, https:\/\/scob.es\/wp-content\/uploads\/2025\/11\/scob-arquitectura-casa-CATEURA-\u00a9PONS-04-16-9-1536x864.jpg 1536w, https:\/\/scob.es\/wp-content\/uploads\/2025\/11\/scob-arquitectura-casa-CATEURA-\u00a9PONS-04-16-9-2048x1152.jpg 2048w\" sizes=\"(max-width: 2200px) 100vw, 2200px\" \/> <\/div>\n                    <div class=\"proceso_txt\">\n                      <div class=\"title_slider boruna\">\n                        <div class=\"title_slider boruna\">Cases Mediterr\u00e0nies<\/div> \n                        <div class=\"data_proyect_grid\">Viure entre l\u2019interior i l\u2019exterior<\/div>\n                      <\/div>\n                    <\/div>\n                <\/a>\n            <\/div>\n                        <div class=\"splide__slide slider_cont_splide\">\n                <a href=\"https:\/\/scob.es\/ca\/portfolio\/consultori-medic-daiguaviva\/\">\n                    <div class=\"proceso_img\"><img decoding=\"async\" src=\"https:\/\/scob.es\/wp-content\/uploads\/2024\/09\/23-scob-diseno-CONSULTORI-MEDIC-AIGUAVIVA-DETALLE-\u00a9GOULA-02.jpg\" class=\"attachment-full size-full wp-post-image\" alt=\"\" srcset=\"https:\/\/scob.es\/wp-content\/uploads\/2024\/09\/23-scob-diseno-CONSULTORI-MEDIC-AIGUAVIVA-DETALLE-\u00a9GOULA-02.jpg 1920w, https:\/\/scob.es\/wp-content\/uploads\/2024\/09\/23-scob-diseno-CONSULTORI-MEDIC-AIGUAVIVA-DETALLE-\u00a9GOULA-02-300x169.jpg 300w, https:\/\/scob.es\/wp-content\/uploads\/2024\/09\/23-scob-diseno-CONSULTORI-MEDIC-AIGUAVIVA-DETALLE-\u00a9GOULA-02-1024x576.jpg 1024w, https:\/\/scob.es\/wp-content\/uploads\/2024\/09\/23-scob-diseno-CONSULTORI-MEDIC-AIGUAVIVA-DETALLE-\u00a9GOULA-02-768x432.jpg 768w, https:\/\/scob.es\/wp-content\/uploads\/2024\/09\/23-scob-diseno-CONSULTORI-MEDIC-AIGUAVIVA-DETALLE-\u00a9GOULA-02-1536x864.jpg 1536w\" sizes=\"(max-width: 1920px) 100vw, 1920px\" \/> <\/div>\n                    <div class=\"proceso_txt\">\n                      <div class=\"title_slider boruna\">\n                        <div class=\"title_slider boruna\">Consultori m\u00e8dic d&#8217;Aiguaviva<\/div> \n                        <div class=\"data_proyect_grid\">Claredat i mesura per a l\u2019arquitectura p\u00fablica<\/div>\n                      <\/div>\n                    <\/div>\n                <\/a>\n            <\/div>\n                        <div class=\"splide__slide slider_cont_splide\">\n                <a href=\"https:\/\/scob.es\/ca\/portfolio\/nucli-antic-dodena\/\">\n                    <div class=\"proceso_img\"><img decoding=\"async\" src=\"https:\/\/scob.es\/wp-content\/uploads\/2024\/07\/37-scob-diseno-espacio-publico-PLAZA-ODENA-\u00a9GOULA-01-1.jpg\" class=\"attachment-full size-full wp-post-image\" alt=\"\" srcset=\"https:\/\/scob.es\/wp-content\/uploads\/2024\/07\/37-scob-diseno-espacio-publico-PLAZA-ODENA-\u00a9GOULA-01-1.jpg 1920w, https:\/\/scob.es\/wp-content\/uploads\/2024\/07\/37-scob-diseno-espacio-publico-PLAZA-ODENA-\u00a9GOULA-01-1-300x169.jpg 300w, https:\/\/scob.es\/wp-content\/uploads\/2024\/07\/37-scob-diseno-espacio-publico-PLAZA-ODENA-\u00a9GOULA-01-1-1024x576.jpg 1024w, https:\/\/scob.es\/wp-content\/uploads\/2024\/07\/37-scob-diseno-espacio-publico-PLAZA-ODENA-\u00a9GOULA-01-1-768x432.jpg 768w, https:\/\/scob.es\/wp-content\/uploads\/2024\/07\/37-scob-diseno-espacio-publico-PLAZA-ODENA-\u00a9GOULA-01-1-1536x864.jpg 1536w\" sizes=\"(max-width: 1920px) 100vw, 1920px\" \/> <\/div>\n                    <div class=\"proceso_txt\">\n                      <div class=\"title_slider boruna\">\n                        <div class=\"title_slider boruna\">Nucli antic d&#8217;\u00d2dena<\/div> \n                        <div class=\"data_proyect_grid\">La neutralitat com a escenari de la vida urbana<\/div>\n                      <\/div>\n                    <\/div>\n                <\/a>\n            <\/div>\n                        <div class=\"splide__slide slider_cont_splide\">\n                <a href=\"https:\/\/scob.es\/ca\/portfolio\/espais-publics-del-port-vell\/\">\n                    <div class=\"proceso_img\"><img decoding=\"async\" src=\"https:\/\/scob.es\/wp-content\/uploads\/2024\/09\/87-scob-diseno-espacio-publico-CLIMATE-ISLANDS-\u00a9GOULA-08.jpg\" class=\"attachment-full size-full wp-post-image\" alt=\"\" srcset=\"https:\/\/scob.es\/wp-content\/uploads\/2024\/09\/87-scob-diseno-espacio-publico-CLIMATE-ISLANDS-\u00a9GOULA-08.jpg 1920w, https:\/\/scob.es\/wp-content\/uploads\/2024\/09\/87-scob-diseno-espacio-publico-CLIMATE-ISLANDS-\u00a9GOULA-08-300x169.jpg 300w, https:\/\/scob.es\/wp-content\/uploads\/2024\/09\/87-scob-diseno-espacio-publico-CLIMATE-ISLANDS-\u00a9GOULA-08-1024x576.jpg 1024w, https:\/\/scob.es\/wp-content\/uploads\/2024\/09\/87-scob-diseno-espacio-publico-CLIMATE-ISLANDS-\u00a9GOULA-08-768x432.jpg 768w, https:\/\/scob.es\/wp-content\/uploads\/2024\/09\/87-scob-diseno-espacio-publico-CLIMATE-ISLANDS-\u00a9GOULA-08-1536x864.jpg 1536w\" sizes=\"(max-width: 1920px) 100vw, 1920px\" \/> <\/div>\n                    <div class=\"proceso_txt\">\n                      <div class=\"title_slider boruna\">\n                        <div class=\"title_slider boruna\">Espais p\u00fablics del Port Vell<\/div> \n                        <div class=\"data_proyect_grid\">Llocs per al descans i la mem\u00f2ria col\u00b7lectiva<\/div>\n                      <\/div>\n                    <\/div>\n                <\/a>\n            <\/div>\n                        <div class=\"splide__slide slider_cont_splide\">\n                <a href=\"https:\/\/scob.es\/ca\/portfolio\/placa-urdanibia\/\">\n                    <div class=\"proceso_img\"><img decoding=\"async\" src=\"https:\/\/scob.es\/wp-content\/uploads\/2024\/04\/35-scob-diseno-espacio-publico-PLAZA-URDANIBIA-\u00a9GOULA-05_low.jpg\" class=\"attachment-full size-full wp-post-image\" alt=\"\" srcset=\"https:\/\/scob.es\/wp-content\/uploads\/2024\/04\/35-scob-diseno-espacio-publico-PLAZA-URDANIBIA-\u00a9GOULA-05_low.jpg 1920w, https:\/\/scob.es\/wp-content\/uploads\/2024\/04\/35-scob-diseno-espacio-publico-PLAZA-URDANIBIA-\u00a9GOULA-05_low-300x169.jpg 300w, https:\/\/scob.es\/wp-content\/uploads\/2024\/04\/35-scob-diseno-espacio-publico-PLAZA-URDANIBIA-\u00a9GOULA-05_low-1024x576.jpg 1024w, https:\/\/scob.es\/wp-content\/uploads\/2024\/04\/35-scob-diseno-espacio-publico-PLAZA-URDANIBIA-\u00a9GOULA-05_low-768x432.jpg 768w, https:\/\/scob.es\/wp-content\/uploads\/2024\/04\/35-scob-diseno-espacio-publico-PLAZA-URDANIBIA-\u00a9GOULA-05_low-1536x864.jpg 1536w\" sizes=\"(max-width: 1920px) 100vw, 1920px\" \/> <\/div>\n                    <div class=\"proceso_txt\">\n                      <div class=\"title_slider boruna\">\n                        <div class=\"title_slider boruna\">Pla\u00e7a Urdanibia<\/div> \n                        <div class=\"data_proyect_grid\">Connectivitat verda i peatonal<\/div>\n                      <\/div>\n                    <\/div>\n                <\/a>\n            <\/div>\n                        <div class=\"splide__slide slider_cont_splide\">\n                <a href=\"https:\/\/scob.es\/ca\/portfolio\/placa-de-can-climent\/\">\n                    <div class=\"proceso_img\"><img decoding=\"async\" src=\"https:\/\/scob.es\/wp-content\/uploads\/2024\/04\/FORMAT_IMATGES-PRINCIPALS_16-9.jpg\" class=\"attachment-full size-full wp-post-image\" alt=\"\" srcset=\"https:\/\/scob.es\/wp-content\/uploads\/2024\/04\/FORMAT_IMATGES-PRINCIPALS_16-9.jpg 1920w, https:\/\/scob.es\/wp-content\/uploads\/2024\/04\/FORMAT_IMATGES-PRINCIPALS_16-9-300x169.jpg 300w, https:\/\/scob.es\/wp-content\/uploads\/2024\/04\/FORMAT_IMATGES-PRINCIPALS_16-9-1024x576.jpg 1024w, https:\/\/scob.es\/wp-content\/uploads\/2024\/04\/FORMAT_IMATGES-PRINCIPALS_16-9-768x432.jpg 768w, https:\/\/scob.es\/wp-content\/uploads\/2024\/04\/FORMAT_IMATGES-PRINCIPALS_16-9-1536x864.jpg 1536w\" sizes=\"(max-width: 1920px) 100vw, 1920px\" \/> <\/div>\n                    <div class=\"proceso_txt\">\n                      <div class=\"title_slider boruna\">\n                        <div class=\"title_slider boruna\">Pla\u00e7a de can Climent<\/div> \n                        <div class=\"data_proyect_grid\">Revitalitzaci\u00f3 urbana d\u2019espais en tr\u00e0nsit<\/div>\n                      <\/div>\n                    <\/div>\n                <\/a>\n            <\/div>\n                        <div class=\"splide__slide slider_cont_splide\">\n                <a href=\"https:\/\/scob.es\/ca\/portfolio\/landskateparks-2\/\">\n                    <div class=\"proceso_img\"><img decoding=\"async\" src=\"https:\/\/scob.es\/wp-content\/uploads\/2024\/09\/26-scob-diseno-skate-park-MAR-BELLA-\u00a9GOULA-02.jpg\" class=\"attachment-full size-full wp-post-image\" alt=\"\" srcset=\"https:\/\/scob.es\/wp-content\/uploads\/2024\/09\/26-scob-diseno-skate-park-MAR-BELLA-\u00a9GOULA-02.jpg 1920w, https:\/\/scob.es\/wp-content\/uploads\/2024\/09\/26-scob-diseno-skate-park-MAR-BELLA-\u00a9GOULA-02-300x169.jpg 300w, https:\/\/scob.es\/wp-content\/uploads\/2024\/09\/26-scob-diseno-skate-park-MAR-BELLA-\u00a9GOULA-02-1024x576.jpg 1024w, https:\/\/scob.es\/wp-content\/uploads\/2024\/09\/26-scob-diseno-skate-park-MAR-BELLA-\u00a9GOULA-02-768x432.jpg 768w, https:\/\/scob.es\/wp-content\/uploads\/2024\/09\/26-scob-diseno-skate-park-MAR-BELLA-\u00a9GOULA-02-1536x864.jpg 1536w\" sizes=\"(max-width: 1920px) 100vw, 1920px\" \/> <\/div>\n                    <div class=\"proceso_txt\">\n                      <div class=\"title_slider boruna\">\n                        <div class=\"title_slider boruna\">Landskateparks<\/div> \n                        <div class=\"data_proyect_grid\">Parcs esportius urbans integrats i integradors<\/div>\n                      <\/div>\n                    <\/div>\n                <\/a>\n            <\/div>\n                        <div class=\"splide__slide slider_cont_splide\">\n                <a href=\"https:\/\/scob.es\/ca\/portfolio\/mobiliari-urba\/\">\n                    <div class=\"proceso_img\"><img decoding=\"async\" src=\"https:\/\/scob.es\/wp-content\/uploads\/2024\/04\/scob-diseno-mobiliario-urbano-mesa-ODOS-\u00a9GOULA_01-2-scaled.jpg\" class=\"attachment-full size-full wp-post-image\" alt=\"\" srcset=\"https:\/\/scob.es\/wp-content\/uploads\/2024\/04\/scob-diseno-mobiliario-urbano-mesa-ODOS-\u00a9GOULA_01-2-scaled.jpg 2560w, https:\/\/scob.es\/wp-content\/uploads\/2024\/04\/scob-diseno-mobiliario-urbano-mesa-ODOS-\u00a9GOULA_01-2-300x169.jpg 300w, https:\/\/scob.es\/wp-content\/uploads\/2024\/04\/scob-diseno-mobiliario-urbano-mesa-ODOS-\u00a9GOULA_01-2-1024x576.jpg 1024w, https:\/\/scob.es\/wp-content\/uploads\/2024\/04\/scob-diseno-mobiliario-urbano-mesa-ODOS-\u00a9GOULA_01-2-768x432.jpg 768w, https:\/\/scob.es\/wp-content\/uploads\/2024\/04\/scob-diseno-mobiliario-urbano-mesa-ODOS-\u00a9GOULA_01-2-1536x864.jpg 1536w, https:\/\/scob.es\/wp-content\/uploads\/2024\/04\/scob-diseno-mobiliario-urbano-mesa-ODOS-\u00a9GOULA_01-2-2048x1152.jpg 2048w\" sizes=\"(max-width: 2560px) 100vw, 2560px\" \/> <\/div>\n                    <div class=\"proceso_txt\">\n                      <div class=\"title_slider boruna\">\n                        <div class=\"title_slider boruna\">Mobiliari urb\u00e0<\/div> \n                        <div class=\"data_proyect_grid\">Llocs de trobada per a la ciutat<\/div>\n                      <\/div>\n                    <\/div>\n                <\/a>\n            <\/div>\n                        <div class=\"splide__slide slider_cont_splide\">\n                <a href=\"https:\/\/scob.es\/ca\/portfolio\/parc-dels-tres-turons\/\">\n                    <div class=\"proceso_img\"><img decoding=\"async\" src=\"https:\/\/scob.es\/wp-content\/uploads\/2024\/09\/83-scob-estudio-paisajismo-TRES-TURONS-plano-\u00a9SCOB-01-low.jpg\" class=\"attachment-full size-full wp-post-image\" alt=\"\" srcset=\"https:\/\/scob.es\/wp-content\/uploads\/2024\/09\/83-scob-estudio-paisajismo-TRES-TURONS-plano-\u00a9SCOB-01-low.jpg 1920w, https:\/\/scob.es\/wp-content\/uploads\/2024\/09\/83-scob-estudio-paisajismo-TRES-TURONS-plano-\u00a9SCOB-01-low-300x169.jpg 300w, https:\/\/scob.es\/wp-content\/uploads\/2024\/09\/83-scob-estudio-paisajismo-TRES-TURONS-plano-\u00a9SCOB-01-low-1024x576.jpg 1024w, https:\/\/scob.es\/wp-content\/uploads\/2024\/09\/83-scob-estudio-paisajismo-TRES-TURONS-plano-\u00a9SCOB-01-low-768x432.jpg 768w, https:\/\/scob.es\/wp-content\/uploads\/2024\/09\/83-scob-estudio-paisajismo-TRES-TURONS-plano-\u00a9SCOB-01-low-1536x864.jpg 1536w\" sizes=\"(max-width: 1920px) 100vw, 1920px\" \/> <\/div>\n                    <div class=\"proceso_txt\">\n                      <div class=\"title_slider boruna\">\n                        <div class=\"title_slider boruna\">Parc dels Tres Turons<\/div> \n                        <div class=\"data_proyect_grid\">Reconquesta ecol\u00f2gica i social<\/div>\n                      <\/div>\n                    <\/div>\n                <\/a>\n            <\/div>\n                        <div class=\"splide__slide slider_cont_splide\">\n                <a href=\"https:\/\/scob.es\/ca\/portfolio\/solucions-basades-en-la-natura\/\">\n                    <div class=\"proceso_img\"><img decoding=\"async\" src=\"https:\/\/scob.es\/wp-content\/uploads\/2025\/11\/scob-arquitectura-paisaje-PASEO-MARITIMO-\u00a9SCOB-01-16-9.jpg\" class=\"attachment-full size-full wp-post-image\" alt=\"\" srcset=\"https:\/\/scob.es\/wp-content\/uploads\/2025\/11\/scob-arquitectura-paisaje-PASEO-MARITIMO-\u00a9SCOB-01-16-9.jpg 1778w, https:\/\/scob.es\/wp-content\/uploads\/2025\/11\/scob-arquitectura-paisaje-PASEO-MARITIMO-\u00a9SCOB-01-16-9-300x169.jpg 300w, https:\/\/scob.es\/wp-content\/uploads\/2025\/11\/scob-arquitectura-paisaje-PASEO-MARITIMO-\u00a9SCOB-01-16-9-1024x576.jpg 1024w, https:\/\/scob.es\/wp-content\/uploads\/2025\/11\/scob-arquitectura-paisaje-PASEO-MARITIMO-\u00a9SCOB-01-16-9-768x432.jpg 768w, https:\/\/scob.es\/wp-content\/uploads\/2025\/11\/scob-arquitectura-paisaje-PASEO-MARITIMO-\u00a9SCOB-01-16-9-1536x864.jpg 1536w\" sizes=\"(max-width: 1778px) 100vw, 1778px\" \/> <\/div>\n                    <div class=\"proceso_txt\">\n                      <div class=\"title_slider boruna\">\n                        <div class=\"title_slider boruna\">Solucions basades en la natura<\/div> \n                        <div class=\"data_proyect_grid\">Una aposta per la salut planet\u00e0ria<\/div>\n                      <\/div>\n                    <\/div>\n                <\/a>\n            <\/div>\n                        <div class=\"splide__slide slider_cont_splide\">\n                <a href=\"https:\/\/scob.es\/ca\/portfolio\/sede-corporativa-molins-2\/\">\n                    <div class=\"proceso_img\"><img decoding=\"async\" src=\"https:\/\/scob.es\/wp-content\/uploads\/2025\/07\/98-scob-arquitectura-paisaje-JARDIN-CEMENTOS-MOLINS-\u00a9JuditCasas-6.jpg\" class=\"attachment-full size-full wp-post-image\" alt=\"\" srcset=\"https:\/\/scob.es\/wp-content\/uploads\/2025\/07\/98-scob-arquitectura-paisaje-JARDIN-CEMENTOS-MOLINS-\u00a9JuditCasas-6.jpg 1800w, https:\/\/scob.es\/wp-content\/uploads\/2025\/07\/98-scob-arquitectura-paisaje-JARDIN-CEMENTOS-MOLINS-\u00a9JuditCasas-6-300x169.jpg 300w, https:\/\/scob.es\/wp-content\/uploads\/2025\/07\/98-scob-arquitectura-paisaje-JARDIN-CEMENTOS-MOLINS-\u00a9JuditCasas-6-1024x576.jpg 1024w, https:\/\/scob.es\/wp-content\/uploads\/2025\/07\/98-scob-arquitectura-paisaje-JARDIN-CEMENTOS-MOLINS-\u00a9JuditCasas-6-768x432.jpg 768w, https:\/\/scob.es\/wp-content\/uploads\/2025\/07\/98-scob-arquitectura-paisaje-JARDIN-CEMENTOS-MOLINS-\u00a9JuditCasas-6-1536x864.jpg 1536w\" sizes=\"(max-width: 1800px) 100vw, 1800px\" \/> <\/div>\n                    <div class=\"proceso_txt\">\n                      <div class=\"title_slider boruna\">\n                        <div class=\"title_slider boruna\">Sede Corporativa Molins<\/div> \n                        <div class=\"data_proyect_grid\">Un jard\u00ed per al benestar i la identitat corporativa<\/div>\n                      <\/div>\n                    <\/div>\n                <\/a>\n            <\/div>\n                        <div class=\"splide__slide slider_cont_splide\">\n                <a href=\"https:\/\/scob.es\/ca\/portfolio\/can-farres\/\">\n                    <div class=\"proceso_img\"><img decoding=\"async\" src=\"https:\/\/scob.es\/wp-content\/uploads\/2024\/12\/101-scob-arquitectura-paisaje-JARDIN-CAN-FARRES-\u00a9JuditCasas-11-ed_16-9.jpg\" class=\"attachment-full size-full wp-post-image\" alt=\"\" srcset=\"https:\/\/scob.es\/wp-content\/uploads\/2024\/12\/101-scob-arquitectura-paisaje-JARDIN-CAN-FARRES-\u00a9JuditCasas-11-ed_16-9.jpg 2200w, https:\/\/scob.es\/wp-content\/uploads\/2024\/12\/101-scob-arquitectura-paisaje-JARDIN-CAN-FARRES-\u00a9JuditCasas-11-ed_16-9-300x169.jpg 300w, https:\/\/scob.es\/wp-content\/uploads\/2024\/12\/101-scob-arquitectura-paisaje-JARDIN-CAN-FARRES-\u00a9JuditCasas-11-ed_16-9-1024x576.jpg 1024w, https:\/\/scob.es\/wp-content\/uploads\/2024\/12\/101-scob-arquitectura-paisaje-JARDIN-CAN-FARRES-\u00a9JuditCasas-11-ed_16-9-768x432.jpg 768w, https:\/\/scob.es\/wp-content\/uploads\/2024\/12\/101-scob-arquitectura-paisaje-JARDIN-CAN-FARRES-\u00a9JuditCasas-11-ed_16-9-1536x864.jpg 1536w, https:\/\/scob.es\/wp-content\/uploads\/2024\/12\/101-scob-arquitectura-paisaje-JARDIN-CAN-FARRES-\u00a9JuditCasas-11-ed_16-9-2048x1152.jpg 2048w\" sizes=\"(max-width: 2200px) 100vw, 2200px\" \/> <\/div>\n                    <div class=\"proceso_txt\">\n                      <div class=\"title_slider boruna\">\n                        <div class=\"title_slider boruna\">Can Farr\u00e9s<\/div> \n                        <div class=\"data_proyect_grid\">El paisatge m\u00e0gic de Montserrat<\/div>\n                      <\/div>\n                    <\/div>\n                <\/a>\n            <\/div>\n                        <div class=\"splide__slide slider_cont_splide\">\n                <a href=\"https:\/\/scob.es\/ca\/portfolio\/terra-dominicata-2\/\">\n                    <div class=\"proceso_img\"><img decoding=\"async\" src=\"https:\/\/scob.es\/wp-content\/uploads\/2024\/02\/71-scob-diseno-paisajismo-tarragona-TERRA-DOMINICATA-PERGOLA-\u00a9GOULA-01.jpg\" class=\"attachment-full size-full wp-post-image\" alt=\"\" srcset=\"https:\/\/scob.es\/wp-content\/uploads\/2024\/02\/71-scob-diseno-paisajismo-tarragona-TERRA-DOMINICATA-PERGOLA-\u00a9GOULA-01.jpg 1920w, https:\/\/scob.es\/wp-content\/uploads\/2024\/02\/71-scob-diseno-paisajismo-tarragona-TERRA-DOMINICATA-PERGOLA-\u00a9GOULA-01-300x169.jpg 300w, https:\/\/scob.es\/wp-content\/uploads\/2024\/02\/71-scob-diseno-paisajismo-tarragona-TERRA-DOMINICATA-PERGOLA-\u00a9GOULA-01-1024x576.jpg 1024w, https:\/\/scob.es\/wp-content\/uploads\/2024\/02\/71-scob-diseno-paisajismo-tarragona-TERRA-DOMINICATA-PERGOLA-\u00a9GOULA-01-768x432.jpg 768w, https:\/\/scob.es\/wp-content\/uploads\/2024\/02\/71-scob-diseno-paisajismo-tarragona-TERRA-DOMINICATA-PERGOLA-\u00a9GOULA-01-1536x864.jpg 1536w\" sizes=\"(max-width: 1920px) 100vw, 1920px\" \/> <\/div>\n                    <div class=\"proceso_txt\">\n                      <div class=\"title_slider boruna\">\n                        <div class=\"title_slider boruna\">Terra Dominicata<\/div> \n                        <div class=\"data_proyect_grid\">Vincle entre paisatge, cultura i tradici\u00f3<\/div>\n                      <\/div>\n                    <\/div>\n                <\/a>\n            <\/div>\n                        <div class=\"splide__slide slider_cont_splide\">\n                <a href=\"https:\/\/scob.es\/ca\/portfolio\/teatre-als-jardins-de-santa-clotilde\/\">\n                    <div class=\"proceso_img\"><img decoding=\"async\" src=\"https:\/\/scob.es\/wp-content\/uploads\/2025\/11\/115-scob-arquitectura-paisaje-JARDINS-DE-SANTA-CLOTILDE-\u00a9JUDITH-CASAS-01r-1-scaled.jpg\" class=\"attachment-full size-full wp-post-image\" alt=\"\" srcset=\"https:\/\/scob.es\/wp-content\/uploads\/2025\/11\/115-scob-arquitectura-paisaje-JARDINS-DE-SANTA-CLOTILDE-\u00a9JUDITH-CASAS-01r-1-scaled.jpg 2560w, https:\/\/scob.es\/wp-content\/uploads\/2025\/11\/115-scob-arquitectura-paisaje-JARDINS-DE-SANTA-CLOTILDE-\u00a9JUDITH-CASAS-01r-1-300x169.jpg 300w, https:\/\/scob.es\/wp-content\/uploads\/2025\/11\/115-scob-arquitectura-paisaje-JARDINS-DE-SANTA-CLOTILDE-\u00a9JUDITH-CASAS-01r-1-1024x576.jpg 1024w, https:\/\/scob.es\/wp-content\/uploads\/2025\/11\/115-scob-arquitectura-paisaje-JARDINS-DE-SANTA-CLOTILDE-\u00a9JUDITH-CASAS-01r-1-768x432.jpg 768w, https:\/\/scob.es\/wp-content\/uploads\/2025\/11\/115-scob-arquitectura-paisaje-JARDINS-DE-SANTA-CLOTILDE-\u00a9JUDITH-CASAS-01r-1-1536x864.jpg 1536w, https:\/\/scob.es\/wp-content\/uploads\/2025\/11\/115-scob-arquitectura-paisaje-JARDINS-DE-SANTA-CLOTILDE-\u00a9JUDITH-CASAS-01r-1-2048x1152.jpg 2048w\" sizes=\"(max-width: 2560px) 100vw, 2560px\" \/> <\/div>\n                    <div class=\"proceso_txt\">\n                      <div class=\"title_slider boruna\">\n                        <div class=\"title_slider boruna\">Teatre als jardins de Santa Clotilde<\/div> \n                        <div class=\"data_proyect_grid\">Cultura i natura a la Costa Brava.<\/div>\n                      <\/div>\n                    <\/div>\n                <\/a>\n            <\/div>\n                  <\/div>\n    <\/div>\n  <\/div>\n<\/section>\n<!-- #primary -->\n<\/div>\t\t\t\t<\/div>\n\t\t\t\t<\/div>\n\t\t\t\t\t<\/div>\n\t\t<\/div>\n\t\t\t\t\t<\/div>\n\t\t<\/section>\n\t\t\t\t<\/div>\n\t\t","protected":false},"excerpt":{"rendered":"<p>l\u2019arquitectura \u00e9s paisatge. I el paisatge, vida. Som scob scob \u00e9s un estudi d\u2019arquitectura i paisatge amb seu a Barcelona, especialitzat en projectes que combinen totes dues disciplines. Des de [&hellip;]<\/p>\n","protected":false},"author":1,"featured_media":0,"parent":0,"menu_order":0,"comment_status":"closed","ping_status":"closed","template":"","meta":{"_acf_changed":false,"footnotes":""},"class_list":["post-22163","page","type-page","status-publish","hentry"],"acf":[],"yoast_head":"<!-- This site is optimized with the Yoast SEO plugin v27.3 - https:\/\/yoast.com\/product\/yoast-seo-wordpress\/ -->\n<title>Home - Scob<\/title>\n<meta name=\"description\" content=\"A Scob desenvolupem projectes d&#039;arquitectura i paisatgisme a Barcelona, \u200b\u200bEspanya de manera transversal on les dues disciplines es fonen.\" \/>\n<meta name=\"robots\" content=\"index, follow, max-snippet:-1, max-image-preview:large, max-video-preview:-1\" \/>\n<link rel=\"canonical\" href=\"https:\/\/scob.es\/ca\/\" \/>\n<meta property=\"og:locale\" content=\"ca_ES\" \/>\n<meta property=\"og:type\" content=\"article\" \/>\n<meta property=\"og:title\" content=\"Home - Scob\" \/>\n<meta property=\"og:description\" content=\"A Scob desenvolupem projectes d&#039;arquitectura i paisatgisme a Barcelona, \u200b\u200bEspanya de manera transversal on les dues disciplines es fonen.\" \/>\n<meta property=\"og:url\" content=\"https:\/\/scob.es\/ca\/\" \/>\n<meta property=\"og:site_name\" content=\"Scob\" \/>\n<meta property=\"article:modified_time\" content=\"2026-04-01T08:24:01+00:00\" \/>\n<meta name=\"twitter:card\" content=\"summary_large_image\" \/>\n<meta name=\"twitter:label1\" content=\"Temps estimat de lectura\" \/>\n\t<meta name=\"twitter:data1\" content=\"1 minut\" \/>\n<script type=\"application\/ld+json\" class=\"yoast-schema-graph\">{\"@context\":\"https:\\\/\\\/schema.org\",\"@graph\":[{\"@type\":\"WebPage\",\"@id\":\"https:\\\/\\\/scob.es\\\/ca\\\/\",\"url\":\"https:\\\/\\\/scob.es\\\/ca\\\/\",\"name\":\"Home - Scob\",\"isPartOf\":{\"@id\":\"https:\\\/\\\/scob.es\\\/ca\\\/#website\"},\"datePublished\":\"2024-01-25T09:30:02+00:00\",\"dateModified\":\"2026-04-01T08:24:01+00:00\",\"description\":\"A Scob desenvolupem projectes d'arquitectura i paisatgisme a Barcelona, \u200b\u200bEspanya de manera transversal on les dues disciplines es fonen.\",\"breadcrumb\":{\"@id\":\"https:\\\/\\\/scob.es\\\/ca\\\/#breadcrumb\"},\"inLanguage\":\"ca\",\"potentialAction\":[{\"@type\":\"ReadAction\",\"target\":[\"https:\\\/\\\/scob.es\\\/ca\\\/\"]}]},{\"@type\":\"BreadcrumbList\",\"@id\":\"https:\\\/\\\/scob.es\\\/ca\\\/#breadcrumb\",\"itemListElement\":[{\"@type\":\"ListItem\",\"position\":1,\"name\":\"Home\",\"item\":\"https:\\\/\\\/scob.es\\\/ca\\\/home\\\/\"},{\"@type\":\"ListItem\",\"position\":2,\"name\":\"Scob-estudio-de-arquitectura-y-paisajismo-de-barcelona-home\"}]},{\"@type\":\"WebSite\",\"@id\":\"https:\\\/\\\/scob.es\\\/ca\\\/#website\",\"url\":\"https:\\\/\\\/scob.es\\\/ca\\\/\",\"name\":\"Scob\",\"description\":\"\",\"potentialAction\":[{\"@type\":\"SearchAction\",\"target\":{\"@type\":\"EntryPoint\",\"urlTemplate\":\"https:\\\/\\\/scob.es\\\/ca\\\/?s={search_term_string}\"},\"query-input\":{\"@type\":\"PropertyValueSpecification\",\"valueRequired\":true,\"valueName\":\"search_term_string\"}}],\"inLanguage\":\"ca\"}]}<\/script>\n<!-- \/ Yoast SEO plugin. -->","yoast_head_json":{"title":"Home - Scob","description":"A Scob desenvolupem projectes d'arquitectura i paisatgisme a Barcelona, \u200b\u200bEspanya de manera transversal on les dues disciplines es fonen.","robots":{"index":"index","follow":"follow","max-snippet":"max-snippet:-1","max-image-preview":"max-image-preview:large","max-video-preview":"max-video-preview:-1"},"canonical":"https:\/\/scob.es\/ca\/","og_locale":"ca_ES","og_type":"article","og_title":"Home - Scob","og_description":"A Scob desenvolupem projectes d'arquitectura i paisatgisme a Barcelona, \u200b\u200bEspanya de manera transversal on les dues disciplines es fonen.","og_url":"https:\/\/scob.es\/ca\/","og_site_name":"Scob","article_modified_time":"2026-04-01T08:24:01+00:00","twitter_card":"summary_large_image","twitter_misc":{"Temps estimat de lectura":"1 minut"},"schema":{"@context":"https:\/\/schema.org","@graph":[{"@type":"WebPage","@id":"https:\/\/scob.es\/ca\/","url":"https:\/\/scob.es\/ca\/","name":"Home - Scob","isPartOf":{"@id":"https:\/\/scob.es\/ca\/#website"},"datePublished":"2024-01-25T09:30:02+00:00","dateModified":"2026-04-01T08:24:01+00:00","description":"A Scob desenvolupem projectes d'arquitectura i paisatgisme a Barcelona, \u200b\u200bEspanya de manera transversal on les dues disciplines es fonen.","breadcrumb":{"@id":"https:\/\/scob.es\/ca\/#breadcrumb"},"inLanguage":"ca","potentialAction":[{"@type":"ReadAction","target":["https:\/\/scob.es\/ca\/"]}]},{"@type":"BreadcrumbList","@id":"https:\/\/scob.es\/ca\/#breadcrumb","itemListElement":[{"@type":"ListItem","position":1,"name":"Home","item":"https:\/\/scob.es\/ca\/home\/"},{"@type":"ListItem","position":2,"name":"Scob-estudio-de-arquitectura-y-paisajismo-de-barcelona-home"}]},{"@type":"WebSite","@id":"https:\/\/scob.es\/ca\/#website","url":"https:\/\/scob.es\/ca\/","name":"Scob","description":"","potentialAction":[{"@type":"SearchAction","target":{"@type":"EntryPoint","urlTemplate":"https:\/\/scob.es\/ca\/?s={search_term_string}"},"query-input":{"@type":"PropertyValueSpecification","valueRequired":true,"valueName":"search_term_string"}}],"inLanguage":"ca"}]}},"_links":{"self":[{"href":"https:\/\/scob.es\/ca\/wp-json\/wp\/v2\/pages\/22163","targetHints":{"allow":["GET"]}}],"collection":[{"href":"https:\/\/scob.es\/ca\/wp-json\/wp\/v2\/pages"}],"about":[{"href":"https:\/\/scob.es\/ca\/wp-json\/wp\/v2\/types\/page"}],"author":[{"embeddable":true,"href":"https:\/\/scob.es\/ca\/wp-json\/wp\/v2\/users\/1"}],"replies":[{"embeddable":true,"href":"https:\/\/scob.es\/ca\/wp-json\/wp\/v2\/comments?post=22163"}],"version-history":[{"count":2,"href":"https:\/\/scob.es\/ca\/wp-json\/wp\/v2\/pages\/22163\/revisions"}],"predecessor-version":[{"id":22499,"href":"https:\/\/scob.es\/ca\/wp-json\/wp\/v2\/pages\/22163\/revisions\/22499"}],"wp:attachment":[{"href":"https:\/\/scob.es\/ca\/wp-json\/wp\/v2\/media?parent=22163"}],"curies":[{"name":"wp","href":"https:\/\/api.w.org\/{rel}","templated":true}]}}