{"id":22500,"date":"2024-07-19T11:03:09","date_gmt":"2024-07-19T11:03:09","guid":{"rendered":"https:\/\/scob.es\/experiencia-docent\/"},"modified":"2026-04-01T08:34:46","modified_gmt":"2026-04-01T08:34:46","slug":"experiencia-docent","status":"publish","type":"page","link":"https:\/\/scob.es\/ca\/experiencia-docent\/","title":{"rendered":"Experi\u00e8ncia docent"},"content":{"rendered":"\t\t<div data-elementor-type=\"wp-page\" data-elementor-id=\"22500\" class=\"elementor elementor-22500 elementor-14661\" data-elementor-post-type=\"page\">\n\t\t\t\t\t\t<section class=\"elementor-section elementor-top-section elementor-element elementor-element-11a9ec6 wrapper-wide section-normal elementor-section-boxed elementor-section-height-default elementor-section-height-default default\" data-id=\"11a9ec6\" data-element_type=\"section\" data-e-type=\"section\">\n\t\t\t\t\t\t<div class=\"elementor-container elementor-column-gap-default\">\n\t\t\t\t\t<div class=\"elementor-column elementor-col-100 elementor-top-column elementor-element elementor-element-3e90625\" data-id=\"3e90625\" data-element_type=\"column\" data-e-type=\"column\">\n\t\t\t<div class=\"elementor-widget-wrap elementor-element-populated\">\n\t\t\t\t\t\t<div class=\"elementor-element elementor-element-5dba050 titular_acordeon elementor-widget elementor-widget-naylatextwrapper\" data-id=\"5dba050\" data-element_type=\"widget\" data-e-type=\"widget\" data-widget_type=\"naylatextwrapper.default\">\n\t\t\t\t<div class=\"elementor-widget-container\">\n\t\t\t\t\t\n\n\n<div class=\"text-wrapper no-margin \">\n\n    <p class=\"has-anim-text charsLeft  text-h3  false\" data-stagger=\"0.1\" data-duration=\"0.1\"data-delay=\"0\"data-scrub=\"\" data-pin=\"false\"> Experi\u00e8ncia docent<\/p>\n\n\n<\/div>\n\n\n\t\t\t\t<\/div>\n\t\t\t\t<\/div>\n\t\t\t\t\t<\/div>\n\t\t<\/div>\n\t\t\t\t\t<\/div>\n\t\t<\/section>\n\t\t\t\t<section class=\"elementor-section elementor-top-section elementor-element elementor-element-5820c57 wrapper-wide section-normal elementor-section-boxed elementor-section-height-default elementor-section-height-default default\" data-id=\"5820c57\" data-element_type=\"section\" data-e-type=\"section\">\n\t\t\t\t\t\t<div class=\"elementor-container elementor-column-gap-default\">\n\t\t\t\t\t<div class=\"elementor-column elementor-col-100 elementor-top-column elementor-element elementor-element-6316e81\" data-id=\"6316e81\" data-element_type=\"column\" data-e-type=\"column\">\n\t\t\t<div class=\"elementor-widget-wrap elementor-element-populated\">\n\t\t\t\t\t\t<div class=\"elementor-element elementor-element-ea92aa7 elementor-widget elementor-widget-naylatextwrapper\" data-id=\"ea92aa7\" data-element_type=\"widget\" data-e-type=\"widget\" data-widget_type=\"naylatextwrapper.default\">\n\t\t\t\t<div class=\"elementor-widget-container\">\n\t\t\t\t\t\n\n\n<div class=\"text-wrapper  \">\n\n    <p class=\"  text-h3  false\" data-stagger=\"0.1\" data-duration=\"1.5\"data-delay=\"0\"data-scrub=\"false\" data-pin=\"false\"> Sergi Carulla i \u00d2scar Blasco s\u00f3n professors d\u2019Arquitectura del Paisatge a la Universitat Polit\u00e8cnica de Catalunya des del 2007, on duen a terme una tasca de recerca i divulgaci\u00f3 d\u2019abast internacional.<\/p>\n\n\n<\/div>\n\n\n\t\t\t\t<\/div>\n\t\t\t\t<\/div>\n\t\t\t\t<div class=\"elementor-element elementor-element-4bcc16d elementor-widget-divider--view-line elementor-widget elementor-widget-divider\" data-id=\"4bcc16d\" data-element_type=\"widget\" data-e-type=\"widget\" data-widget_type=\"divider.default\">\n\t\t\t\t<div class=\"elementor-widget-container\">\n\t\t\t\t\t\t\t<div class=\"elementor-divider\">\n\t\t\t<span class=\"elementor-divider-separator\">\n\t\t\t\t\t\t<\/span>\n\t\t<\/div>\n\t\t\t\t\t\t<\/div>\n\t\t\t\t<\/div>\n\t\t\t\t<section class=\"elementor-section elementor-inner-section elementor-element elementor-element-5d89014 wrapper-wide section-normal elementor-section-boxed elementor-section-height-default elementor-section-height-default default\" data-id=\"5d89014\" data-element_type=\"section\" data-e-type=\"section\">\n\t\t\t\t\t\t<div class=\"elementor-container elementor-column-gap-default\">\n\t\t\t\t\t<div class=\"elementor-column elementor-col-50 elementor-inner-column elementor-element elementor-element-9636e08\" data-id=\"9636e08\" data-element_type=\"column\" data-e-type=\"column\">\n\t\t\t<div class=\"elementor-widget-wrap elementor-element-populated\">\n\t\t\t\t\t\t<div class=\"elementor-element elementor-element-b17d5ff docente_list elementor-widget elementor-widget-naylalist\" data-id=\"b17d5ff\" data-element_type=\"widget\" data-e-type=\"widget\" data-widget_type=\"naylalist.default\">\n\t\t\t\t<div class=\"elementor-widget-container\">\n\t\t\t\t\t\n\n\n<div class=\"nayla-list text-p \">\n\n    <ul>\n\n        <li class=\" \" data-stagger=\"0.1\" data-duration=\"1.5\"data-delay=\"0\"data-scrub=\"false\" data-pin=\"false\" ><strong>2020\u201324<\/strong> Professors Grau de Paisatge. ETSAB, Universitat Polit\u00e8cnica de Catalunya <\/li><li class=\" \" data-stagger=\"0.1\" data-duration=\"1.5\"data-delay=\"0\"data-scrub=\"false\" data-pin=\"false\" ><strong>2018-22<\/strong> Professors Instituto Europeo de Dise\u00f1o de Barcelona<\/li><li class=\" \" data-stagger=\"0.1\" data-duration=\"1.5\"data-delay=\"0\"data-scrub=\"false\" data-pin=\"false\" ><strong>2021-22<\/strong> Professors M\u00e0ster d\u2019Arquitectura. Universidad Aut\u00f3noma Ciudad Ju\u00e1rez <\/li><li class=\" \" data-stagger=\"0.1\" data-duration=\"1.5\"data-delay=\"0\"data-scrub=\"false\" data-pin=\"false\" ><strong>2024<\/strong> Confer\u00e8ncia \u201cOn Architecture and Landscape\u201d. Fundaci\u00f3 Mies Van der Rohe i Sim\u00f3n. Casa de la Llum, Madrid  <\/li><li class=\" \" data-stagger=\"0.1\" data-duration=\"1.5\"data-delay=\"0\"data-scrub=\"false\" data-pin=\"false\" ><strong>2024<\/strong> Confer\u00e8ncia \u201cLa innovaci\u00f3 emp\u00e0tica com a for\u00e7a transformadora. Aribau 195 i Casa Pich i Pon\u201d. Construmat <\/li><li class=\" \" data-stagger=\"0.1\" data-duration=\"1.5\"data-delay=\"0\"data-scrub=\"false\" data-pin=\"false\" ><strong>2024<\/strong> Confer\u00e8ncia \u201cAribau195. Greening the city\u201d. Build Tech Week. Barcelona  <\/li><li class=\" \" data-stagger=\"0.1\" data-duration=\"1.5\"data-delay=\"0\"data-scrub=\"false\" data-pin=\"false\" ><strong>2024<\/strong> Confer\u00e8ncia \u201cAribau195\u201d. Estand Escofet by Molins. Construmat  <\/li><li class=\" \" data-stagger=\"0.1\" data-duration=\"1.5\"data-delay=\"0\"data-scrub=\"false\" data-pin=\"false\" ><strong>2023<\/strong> Confer\u00e8ncia \u201cCities and green growth\u201d. Architect@work. Barcelona  <\/li><li class=\" \" data-stagger=\"0.1\" data-duration=\"1.5\"data-delay=\"0\"data-scrub=\"false\" data-pin=\"false\" ><strong>2023<\/strong> Confer\u00e8ncia \u201cArquitectura p\u00fablica per a la transformaci\u00f3 social\u201d. F\u00f2rum Transformacions, Diputaci\u00f3 de Barcelona <\/li><li class=\" \" data-stagger=\"0.1\" data-duration=\"1.5\"data-delay=\"0\"data-scrub=\"false\" data-pin=\"false\" ><strong>2023<\/strong> Confer\u00e8ncia \u201cProcessos Projectes <strong>scob<\/strong>\u201d. Universitat de M\u00e0laga <\/li><li class=\" \" data-stagger=\"0.1\" data-duration=\"1.5\"data-delay=\"0\"data-scrub=\"false\" data-pin=\"false\" ><strong>2023<\/strong> Confer\u00e8ncia \u201cSolucions basades en la natura\u201d. Universitat de M\u00e0laga <\/li><li class=\" \" data-stagger=\"0.1\" data-duration=\"1.5\"data-delay=\"0\"data-scrub=\"false\" data-pin=\"false\" ><strong>2021<\/strong> Confer\u00e8ncia \u201cNous projectes d\u2019espai p\u00fablic a Barcelona\u201d. EINA <\/li><li class=\" \" data-stagger=\"0.1\" data-duration=\"1.5\"data-delay=\"0\"data-scrub=\"false\" data-pin=\"false\" ><strong>2021<\/strong> Confer\u00e8ncia \u201cL\u2019\u00e0rea de joc en contextos urbans i periurbans. L\u2019skatepark com a parc esportiu urb\u00e0\u201d. Col\u00b7legi d\u2019Arquitectes de P\u00e0dua <\/li><li class=\" \" data-stagger=\"0.1\" data-duration=\"1.5\"data-delay=\"0\"data-scrub=\"false\" data-pin=\"false\" ><strong>2021<\/strong> Confer\u00e8ncia \u201cArquitectura i Paisatge: projectes de <strong>scob<\/strong>\u201d. Setmana Internacional d\u2019Arquitectura. Universidad Aut\u00f3noma de Ciudad Ju\u00e1rez. M\u00e8xic   <\/li><li class=\" \" data-stagger=\"0.1\" data-duration=\"1.5\"data-delay=\"0\"data-scrub=\"false\" data-pin=\"false\" ><strong>2018<\/strong> Confer\u00e8ncia OneOcean Marina. Call for Matters, II Jornada Arquitectura, Universitat i Ind\u00fastria. ETSAB  <\/li><li class=\" \" data-stagger=\"0.1\" data-duration=\"1.5\"data-delay=\"0\"data-scrub=\"false\" data-pin=\"false\" ><strong>2017<\/strong> Confer\u00e8ncia \u201cFiltre\u201d. Cicle East Coast \/ West Coast, arquitectura entre Barcelona i Lisboa. Trespa Design Centre, Barcelona   <\/li><li class=\" \" data-stagger=\"0.1\" data-duration=\"1.5\"data-delay=\"0\"data-scrub=\"false\" data-pin=\"false\" ><strong>2017<\/strong> Taula de di\u00e0leg \u201cPaisatge i Participaci\u00f3\u201d. Mextropoli, Festival Internacional d\u2019Arquitectura i Ciutat. Ciutat de M\u00e8xic  <\/li><li class=\" \" data-stagger=\"0.1\" data-duration=\"1.5\"data-delay=\"0\"data-scrub=\"false\" data-pin=\"false\" ><strong>2017<\/strong> Confer\u00e8ncia \u201cEl futur del disseny urb\u00e0 i l\u2019arquitectura al m\u00f3n\u201d. Escola d\u2019Arquitectura La Salle. Ciutat de M\u00e8xic <\/li><li class=\" \" data-stagger=\"0.1\" data-duration=\"1.5\"data-delay=\"0\"data-scrub=\"false\" data-pin=\"false\" ><strong>2017<\/strong> Confer\u00e8ncia \u201cL\u2019arquitecte paisatgista\u201d. Setmana Internacional d\u2019Arquitectura. Universidad Aut\u00f3noma de Ciudad Ju\u00e1rez. M\u00e8xic   <\/li><li class=\" \" data-stagger=\"0.1\" data-duration=\"1.5\"data-delay=\"0\"data-scrub=\"false\" data-pin=\"false\" ><strong>2017<\/strong> Confer\u00e8ncia \u201cFronts mar\u00edtims per scob\u201d. M\u00e0ster Projecte Integrat d\u2019Arquitectura. Escola d\u2019Arquitectura La Salle. Barcelona   <\/li><li class=\" \" data-stagger=\"0.1\" data-duration=\"1.5\"data-delay=\"0\"data-scrub=\"false\" data-pin=\"false\" ><strong>2016<\/strong> Confer\u00e8ncia \u201cLandskate Parks\u201d. Hy\u00e8res, Marsella. Villa Noailles. Fran\u00e7a   <\/li><li class=\" \" data-stagger=\"0.1\" data-duration=\"1.5\"data-delay=\"0\"data-scrub=\"false\" data-pin=\"false\" ><strong>2010-16<\/strong> Professors del M\u00e0ster in Architettura del paesaggio. ACMA. It\u00e0lia  <\/li><li class=\" \" data-stagger=\"0.1\" data-duration=\"1.5\"data-delay=\"0\"data-scrub=\"false\" data-pin=\"false\" ><strong>2015<\/strong> Confer\u00e8ncia \u201cProjecte de la nova Marina del Port Vell de Barcelona\u201d. M\u00e0ster Projecte Integrat d\u2019Arquitectura 2014\u20132015. Escola d\u2019Arquitectura La Salle  <\/li><li class=\" \" data-stagger=\"0.1\" data-duration=\"1.5\"data-delay=\"0\"data-scrub=\"false\" data-pin=\"false\" ><strong>2014<\/strong> Taller Internacional Intensiu: \u201cPasaggi minerari\u201d. Sardenya. ACMA \/ UPC \/ AUSI \/ Universit\u00e0 di Cagliari  <\/li>\n    <\/ul>\n\n<\/div>\n\n\n\t\t\t\t<\/div>\n\t\t\t\t<\/div>\n\t\t\t\t\t<\/div>\n\t\t<\/div>\n\t\t\t\t<div class=\"elementor-column elementor-col-50 elementor-inner-column elementor-element elementor-element-ff9f430\" data-id=\"ff9f430\" data-element_type=\"column\" data-e-type=\"column\">\n\t\t\t<div class=\"elementor-widget-wrap elementor-element-populated\">\n\t\t\t\t\t\t<div class=\"elementor-element elementor-element-e0b683c docente_list elementor-widget elementor-widget-naylalist\" data-id=\"e0b683c\" data-element_type=\"widget\" data-e-type=\"widget\" data-widget_type=\"naylalist.default\">\n\t\t\t\t<div class=\"elementor-widget-container\">\n\t\t\t\t\t\n\n\n<div class=\"nayla-list text-p \">\n\n    <ul>\n\n        <li class=\" \" data-stagger=\"0.1\" data-duration=\"1.5\"data-delay=\"0\"data-scrub=\"false\" data-pin=\"false\" ><strong>2014<\/strong> Confer\u00e8ncia \u201cDe l\u2019estrat\u00e8gia al detall\u201d. Barcelona. M\u00e0ster d\u2019Arquitectura del Paisatge (MAP) <\/li><li class=\" \" data-stagger=\"0.1\" data-duration=\"1.5\"data-delay=\"0\"data-scrub=\"false\" data-pin=\"false\" ><strong>2012<\/strong> Confer\u00e8ncia \u201cProjecte Campus de Bellisens\u201d. Barcelona. M\u00e0ster Universitari del Paisatge (MUP)<\/li><li class=\" \" data-stagger=\"0.1\" data-duration=\"1.5\"data-delay=\"0\"data-scrub=\"false\" data-pin=\"false\" ><strong>2012<\/strong> Taller Internacional Intensiu: \u201cRefer paisatges\u201d. Barcelona. M\u00e0ster d\u2019Arquitectura del Paisatge (MAP). Professors: Michael van Gessel, \u00d2scar Blasco <\/li><li class=\" \" data-stagger=\"0.1\" data-duration=\"1.5\"data-delay=\"0\"data-scrub=\"false\" data-pin=\"false\" ><strong>2008-11<\/strong> Professors del Programa Trilateral Erasmus ETSAB<\/li><li class=\" \" data-stagger=\"0.1\" data-duration=\"1.5\"data-delay=\"0\"data-scrub=\"false\" data-pin=\"false\" ><strong>2011<\/strong> Taller Internacional \u201cA Harbour for the IBA Terrasses\u201d. Cottbus. BTU Cottbus Berlin, ENSA de Lyon, Leibniz Universit\u00e4t Hannover, ETSAB Barcelona  <\/li><li class=\" \" data-stagger=\"0.1\" data-duration=\"1.5\"data-delay=\"0\"data-scrub=\"false\" data-pin=\"false\" ><strong>2010<\/strong> Taller Internacional Intensiu \u201cRefer paisatges\u201d. Lisboa. MAP-ACMA. Professors: Sergio Antao, \u00d2scar Blasco, Sergi Carulla, Giorgio Peghin, Antonio Angelillo   <\/li><li class=\" \" data-stagger=\"0.1\" data-duration=\"1.5\"data-delay=\"0\"data-scrub=\"false\" data-pin=\"false\" ><strong>2010<\/strong> Taller Internacional \u201cA Harbour for the IBA Terrasses\u201d. Li\u00f3. BTU Cottbus Berlin, ENSA de Lyon, Leibniz Universit\u00e4t Hannover, ETSAB Barcelona  <\/li><li class=\" \" data-stagger=\"0.1\" data-duration=\"1.5\"data-delay=\"0\"data-scrub=\"false\" data-pin=\"false\" ><strong>2009<\/strong> Taller Internacional \u201cBetween land and sea\u201d. Siracusa. Facult\u00e0 di Architettura Siracusa, ENSA de Lyon, Leibniz Universit\u00e4t Hannover, ETSAB Barcelona  <\/li><li class=\" \" data-stagger=\"0.1\" data-duration=\"1.5\"data-delay=\"0\"data-scrub=\"false\" data-pin=\"false\" ><strong>2009<\/strong> Taller Internacional \u201cPaesaggio e ambiente nelle trasformazioni urbane. L\u2019Ansa del Flaminio\u201d. Roma. Universit\u00e0 La Sapienza. Professors: Gianfranco Marrucci, Sergi Carulla, \u00d2scar Blasco   <\/li><li class=\" \" data-stagger=\"0.1\" data-duration=\"1.5\"data-delay=\"0\"data-scrub=\"false\" data-pin=\"false\" ><strong>2009<\/strong> Taller Internacional Intensiu: \u201cRefer paisatges\u201d. Barcelona. Professors: Laura Zampieri, Paolo Ceccon, Enrico Fontanari, \u00d2scar Blasco<\/li><li class=\" \" data-stagger=\"0.1\" data-duration=\"1.5\"data-delay=\"0\"data-scrub=\"false\" data-pin=\"false\" ><strong>2009<\/strong> Taller Internacional \u201cLayers Towards Sustainable Urbanity\u201d. La Tourette. ENSA de Lyon, ETSAB Barcelona, ENSAM Montpellier, Leibniz Universit\u00e4t Hannover  <\/li><li class=\" \" data-stagger=\"0.1\" data-duration=\"1.5\"data-delay=\"0\"data-scrub=\"false\" data-pin=\"false\" ><strong>2009<\/strong> Taller Internacional \u201cDiscovering Barcelona\u201d. Barcelona. ENSA de Lyon, ETSAB Barcelona, ENSAM Montpellier, Leibniz Universit\u00e4t Hannover, BTU Cottbus<\/li><li class=\" \" data-stagger=\"0.1\" data-duration=\"1.5\"data-delay=\"0\"data-scrub=\"false\" data-pin=\"false\" ><strong>2007<\/strong> Taller Internacional Intensiu: \u201cRefer paisatges\u201d. Barcelona. Professors: Christophe Girot, Martina Voser, Sergi Carulla<\/li><li class=\" \" data-stagger=\"0.1\" data-duration=\"1.5\"data-delay=\"0\"data-scrub=\"false\" data-pin=\"false\" ><strong>2006<\/strong> Confer\u00e8ncia \u201cSistemes de l\u2019aigua\u201d. Barcelona. Barcelona. M\u00e0ster d\u2019Arquitectura del Paisatge (MAP)<\/li>\n    <\/ul>\n\n<\/div>\n\n\n\t\t\t\t<\/div>\n\t\t\t\t<\/div>\n\t\t\t\t\t<\/div>\n\t\t<\/div>\n\t\t\t\t\t<\/div>\n\t\t<\/section>\n\t\t\t\t\t<\/div>\n\t\t<\/div>\n\t\t\t\t\t<\/div>\n\t\t<\/section>\n\t\t\t\t<section class=\"elementor-section elementor-top-section elementor-element elementor-element-afb769a wrapper-wide section-normal elementor-section-boxed elementor-section-height-default elementor-section-height-default default\" data-id=\"afb769a\" data-element_type=\"section\" data-e-type=\"section\">\n\t\t\t\t\t\t<div class=\"elementor-container elementor-column-gap-default\">\n\t\t\t\t\t<div class=\"elementor-column elementor-col-100 elementor-top-column elementor-element elementor-element-957e52a\" data-id=\"957e52a\" data-element_type=\"column\" data-e-type=\"column\">\n\t\t\t<div class=\"elementor-widget-wrap elementor-element-populated\">\n\t\t\t\t\t\t<div class=\"elementor-element elementor-element-9ad721f elementor-widget elementor-widget-spacer\" data-id=\"9ad721f\" data-element_type=\"widget\" data-e-type=\"widget\" data-widget_type=\"spacer.default\">\n\t\t\t\t<div class=\"elementor-widget-container\">\n\t\t\t\t\t\t\t<div class=\"elementor-spacer\">\n\t\t\t<div class=\"elementor-spacer-inner\"><\/div>\n\t\t<\/div>\n\t\t\t\t\t\t<\/div>\n\t\t\t\t<\/div>\n\t\t\t\t\t<\/div>\n\t\t<\/div>\n\t\t\t\t\t<\/div>\n\t\t<\/section>\n\t\t\t\t<\/div>\n\t\t","protected":false},"excerpt":{"rendered":"<p>Experi\u00e8ncia docent Sergi Carulla i \u00d2scar Blasco s\u00f3n professors d\u2019Arquitectura del Paisatge a la Universitat Polit\u00e8cnica de Catalunya des del 2007, on duen a terme una tasca de recerca i [&hellip;]<\/p>\n","protected":false},"author":1,"featured_media":0,"parent":0,"menu_order":0,"comment_status":"closed","ping_status":"closed","template":"","meta":{"_acf_changed":false,"footnotes":""},"class_list":["post-22500","page","type-page","status-publish","hentry"],"acf":[],"yoast_head":"<!-- This site is optimized with the Yoast SEO plugin v27.4 - https:\/\/yoast.com\/product\/yoast-seo-wordpress\/ -->\n<title>Experi\u00e8ncia docent - Scob<\/title>\n<meta name=\"robots\" content=\"index, follow, max-snippet:-1, max-image-preview:large, max-video-preview:-1\" \/>\n<link rel=\"canonical\" href=\"https:\/\/scob.es\/ca\/experiencia-docent\/\" \/>\n<meta property=\"og:locale\" content=\"ca_ES\" \/>\n<meta property=\"og:type\" content=\"article\" \/>\n<meta property=\"og:title\" content=\"Experi\u00e8ncia docent - Scob\" \/>\n<meta property=\"og:description\" content=\"Experi\u00e8ncia docent Sergi Carulla i \u00d2scar Blasco s\u00f3n professors d\u2019Arquitectura del Paisatge a la Universitat Polit\u00e8cnica de Catalunya des del 2007, on duen a terme una tasca de recerca i [&hellip;]\" \/>\n<meta property=\"og:url\" content=\"https:\/\/scob.es\/ca\/experiencia-docent\/\" \/>\n<meta property=\"og:site_name\" content=\"Scob\" \/>\n<meta property=\"article:modified_time\" content=\"2026-04-01T08:34:46+00:00\" \/>\n<meta name=\"twitter:card\" content=\"summary_large_image\" \/>\n<meta name=\"twitter:label1\" content=\"Temps estimat de lectura\" \/>\n\t<meta name=\"twitter:data1\" content=\"3 minuts\" \/>\n<script type=\"application\/ld+json\" class=\"yoast-schema-graph\">{\"@context\":\"https:\\\/\\\/schema.org\",\"@graph\":[{\"@type\":\"WebPage\",\"@id\":\"https:\\\/\\\/scob.es\\\/ca\\\/experiencia-docent\\\/\",\"url\":\"https:\\\/\\\/scob.es\\\/ca\\\/experiencia-docent\\\/\",\"name\":\"Experi\u00e8ncia docent - Scob\",\"isPartOf\":{\"@id\":\"https:\\\/\\\/scob.es\\\/ca\\\/#website\"},\"datePublished\":\"2024-07-19T11:03:09+00:00\",\"dateModified\":\"2026-04-01T08:34:46+00:00\",\"breadcrumb\":{\"@id\":\"https:\\\/\\\/scob.es\\\/ca\\\/experiencia-docent\\\/#breadcrumb\"},\"inLanguage\":\"ca\",\"potentialAction\":[{\"@type\":\"ReadAction\",\"target\":[\"https:\\\/\\\/scob.es\\\/ca\\\/experiencia-docent\\\/\"]}]},{\"@type\":\"BreadcrumbList\",\"@id\":\"https:\\\/\\\/scob.es\\\/ca\\\/experiencia-docent\\\/#breadcrumb\",\"itemListElement\":[{\"@type\":\"ListItem\",\"position\":1,\"name\":\"Home\",\"item\":\"https:\\\/\\\/scob.es\\\/ca\\\/home\\\/\"},{\"@type\":\"ListItem\",\"position\":2,\"name\":\"Experi\u00e8ncia docent\"}]},{\"@type\":\"WebSite\",\"@id\":\"https:\\\/\\\/scob.es\\\/ca\\\/#website\",\"url\":\"https:\\\/\\\/scob.es\\\/ca\\\/\",\"name\":\"Scob\",\"description\":\"\",\"potentialAction\":[{\"@type\":\"SearchAction\",\"target\":{\"@type\":\"EntryPoint\",\"urlTemplate\":\"https:\\\/\\\/scob.es\\\/ca\\\/?s={search_term_string}\"},\"query-input\":{\"@type\":\"PropertyValueSpecification\",\"valueRequired\":true,\"valueName\":\"search_term_string\"}}],\"inLanguage\":\"ca\"}]}<\/script>\n<!-- \/ Yoast SEO plugin. -->","yoast_head_json":{"title":"Experi\u00e8ncia docent - Scob","robots":{"index":"index","follow":"follow","max-snippet":"max-snippet:-1","max-image-preview":"max-image-preview:large","max-video-preview":"max-video-preview:-1"},"canonical":"https:\/\/scob.es\/ca\/experiencia-docent\/","og_locale":"ca_ES","og_type":"article","og_title":"Experi\u00e8ncia docent - Scob","og_description":"Experi\u00e8ncia docent Sergi Carulla i \u00d2scar Blasco s\u00f3n professors d\u2019Arquitectura del Paisatge a la Universitat Polit\u00e8cnica de Catalunya des del 2007, on duen a terme una tasca de recerca i [&hellip;]","og_url":"https:\/\/scob.es\/ca\/experiencia-docent\/","og_site_name":"Scob","article_modified_time":"2026-04-01T08:34:46+00:00","twitter_card":"summary_large_image","twitter_misc":{"Temps estimat de lectura":"3 minuts"},"schema":{"@context":"https:\/\/schema.org","@graph":[{"@type":"WebPage","@id":"https:\/\/scob.es\/ca\/experiencia-docent\/","url":"https:\/\/scob.es\/ca\/experiencia-docent\/","name":"Experi\u00e8ncia docent - Scob","isPartOf":{"@id":"https:\/\/scob.es\/ca\/#website"},"datePublished":"2024-07-19T11:03:09+00:00","dateModified":"2026-04-01T08:34:46+00:00","breadcrumb":{"@id":"https:\/\/scob.es\/ca\/experiencia-docent\/#breadcrumb"},"inLanguage":"ca","potentialAction":[{"@type":"ReadAction","target":["https:\/\/scob.es\/ca\/experiencia-docent\/"]}]},{"@type":"BreadcrumbList","@id":"https:\/\/scob.es\/ca\/experiencia-docent\/#breadcrumb","itemListElement":[{"@type":"ListItem","position":1,"name":"Home","item":"https:\/\/scob.es\/ca\/home\/"},{"@type":"ListItem","position":2,"name":"Experi\u00e8ncia docent"}]},{"@type":"WebSite","@id":"https:\/\/scob.es\/ca\/#website","url":"https:\/\/scob.es\/ca\/","name":"Scob","description":"","potentialAction":[{"@type":"SearchAction","target":{"@type":"EntryPoint","urlTemplate":"https:\/\/scob.es\/ca\/?s={search_term_string}"},"query-input":{"@type":"PropertyValueSpecification","valueRequired":true,"valueName":"search_term_string"}}],"inLanguage":"ca"}]}},"_links":{"self":[{"href":"https:\/\/scob.es\/ca\/wp-json\/wp\/v2\/pages\/22500","targetHints":{"allow":["GET"]}}],"collection":[{"href":"https:\/\/scob.es\/ca\/wp-json\/wp\/v2\/pages"}],"about":[{"href":"https:\/\/scob.es\/ca\/wp-json\/wp\/v2\/types\/page"}],"author":[{"embeddable":true,"href":"https:\/\/scob.es\/ca\/wp-json\/wp\/v2\/users\/1"}],"replies":[{"embeddable":true,"href":"https:\/\/scob.es\/ca\/wp-json\/wp\/v2\/comments?post=22500"}],"version-history":[{"count":2,"href":"https:\/\/scob.es\/ca\/wp-json\/wp\/v2\/pages\/22500\/revisions"}],"predecessor-version":[{"id":22502,"href":"https:\/\/scob.es\/ca\/wp-json\/wp\/v2\/pages\/22500\/revisions\/22502"}],"wp:attachment":[{"href":"https:\/\/scob.es\/ca\/wp-json\/wp\/v2\/media?parent=22500"}],"curies":[{"name":"wp","href":"https:\/\/api.w.org\/{rel}","templated":true}]}}