{"id":22582,"date":"2024-02-29T09:21:03","date_gmt":"2024-02-29T09:21:03","guid":{"rendered":"https:\/\/scob.es\/about-premis\/"},"modified":"2026-04-29T15:07:57","modified_gmt":"2026-04-29T15:07:57","slug":"about-premis","status":"publish","type":"page","link":"https:\/\/scob.es\/ca\/about-premis\/","title":{"rendered":"About premis"},"content":{"rendered":"\t\t<div data-elementor-type=\"wp-page\" data-elementor-id=\"22582\" class=\"elementor elementor-22582 elementor-9403\" data-elementor-post-type=\"page\">\n\t\t\t\t\t\t<section class=\"elementor-section elementor-top-section elementor-element elementor-element-b9ec7ae wrapper-wide section-normal elementor-section-boxed elementor-section-height-default elementor-section-height-default default\" data-id=\"b9ec7ae\" data-element_type=\"section\" data-e-type=\"section\">\n\t\t\t\t\t\t<div class=\"elementor-container elementor-column-gap-default\">\n\t\t\t\t\t<div class=\"elementor-column elementor-col-100 elementor-top-column elementor-element elementor-element-1d1f458\" data-id=\"1d1f458\" data-element_type=\"column\" data-e-type=\"column\">\n\t\t\t<div class=\"elementor-widget-wrap elementor-element-populated\">\n\t\t\t\t\t\t<section class=\"elementor-section elementor-inner-section elementor-element elementor-element-7e9119b wrapper-wide section-normal elementor-section-boxed elementor-section-height-default elementor-section-height-default default\" data-id=\"7e9119b\" data-element_type=\"section\" data-e-type=\"section\">\n\t\t\t\t\t\t<div class=\"elementor-container elementor-column-gap-default\">\n\t\t\t\t\t<div class=\"elementor-column elementor-col-100 elementor-inner-column elementor-element elementor-element-d2dc156\" data-id=\"d2dc156\" data-element_type=\"column\" data-e-type=\"column\">\n\t\t\t<div class=\"elementor-widget-wrap elementor-element-populated\">\n\t\t\t\t\t\t<div class=\"elementor-element elementor-element-0589255 publicaciones_title elementor-widget elementor-widget-naylatextwrapper\" data-id=\"0589255\" data-element_type=\"widget\" data-e-type=\"widget\" data-widget_type=\"naylatextwrapper.default\">\n\t\t\t\t<div class=\"elementor-widget-container\">\n\t\t\t\t\t\n\n\n<div class=\"text-wrapper  \">\n\n    <p class=\"has-anim-text wordsUp  text-h3  false\" data-stagger=\"0.02\" data-duration=\"2\"data-delay=\"0\"data-scrub=\"false\" data-pin=\"false\"> Premis<\/p>\n\n\n<\/div>\n\n\n\t\t\t\t<\/div>\n\t\t\t\t<\/div>\n\t\t\t\t<div class=\"elementor-element elementor-element-9b6a1e9 elementor-widget elementor-widget-naylatextwrapper\" data-id=\"9b6a1e9\" data-element_type=\"widget\" data-e-type=\"widget\" data-widget_type=\"naylatextwrapper.default\">\n\t\t\t\t<div class=\"elementor-widget-container\">\n\t\t\t\t\t\n\n\n<div class=\"text-wrapper  \">\n\n    <p class=\"has-anim-text linesUp  text-h3  false\" data-stagger=\"0.1\" data-duration=\"1.5\"data-delay=\"0\"data-scrub=\"false\" data-pin=\"false\"> La traject\u00f2ria professional de scob ha estat reconeguda en premis i concursos darquitectura i paisatge d\u00e0mbit nacional i internacional.<\/p>\n\n\n<\/div>\n\n\n\t\t\t\t<\/div>\n\t\t\t\t<\/div>\n\t\t\t\t<div class=\"elementor-element elementor-element-e14faaf elementor-widget elementor-widget-wp-widget-ipw\" data-id=\"e14faaf\" data-element_type=\"widget\" data-e-type=\"widget\" data-widget_type=\"wp-widget-ipw.default\">\n\t\t\t\t<div class=\"elementor-widget-container\">\n\t\t\t\t\t<div data-post-id=\"22129\" class=\"insert-page insert-page-22129 \">\n<section id=\"primary\" class=\"premios_section_content content-area col-sm-12 col-lg-12\">\n    <section id=\"desc_title_premio_publicaciones\">\n        <div class=\"list_premio_publicaciones_container\">\n                                    <div class=\"list_premios_publicaciones list_proyecto_publicaciones list_publicaciones\">\n                            <div class=\"list_proyecto_publicaciones_wrapper list_publicaciones_wrapper\">\n                                <div class=\"list_proyecto_publicaciones_year list_publicaciones_year\">\n                                    2025                                <\/div>\n                                                                    <div class=\"list_proyecto_publicaciones_nombre list_publicaciones_nombre\">\n                                        <p><span class=\"posicion_premio borna-bold\">Guanyador.<\/span>\n                                            LOOP Design Awards,                                            Zurich Aribau195                                        <\/p>\n                                    <\/div>\n                                                                    <div class=\"list_proyecto_publicaciones_image list_publicaciones_image\">\n                                    <div class=\"list_img_publicaciones\">\n                                        <div class=\"featured_img_publicaciones\">\n                                            <img decoding=\"async\" src=\"https:\/\/scob.es\/wp-content\/uploads\/2024\/04\/84-scob-arquitectura-oficinas-ZURICH-ARIBAU-FACHADA-CALLE-\u00a9GOULA-01-3-scaled.jpg\" class=\"attachment-post-thumbnail size-post-thumbnail wp-post-image\" alt=\"\" srcset=\"https:\/\/scob.es\/wp-content\/uploads\/2024\/04\/84-scob-arquitectura-oficinas-ZURICH-ARIBAU-FACHADA-CALLE-\u00a9GOULA-01-3-scaled.jpg 2560w, https:\/\/scob.es\/wp-content\/uploads\/2024\/04\/84-scob-arquitectura-oficinas-ZURICH-ARIBAU-FACHADA-CALLE-\u00a9GOULA-01-3-300x169.jpg 300w, https:\/\/scob.es\/wp-content\/uploads\/2024\/04\/84-scob-arquitectura-oficinas-ZURICH-ARIBAU-FACHADA-CALLE-\u00a9GOULA-01-3-1024x576.jpg 1024w, https:\/\/scob.es\/wp-content\/uploads\/2024\/04\/84-scob-arquitectura-oficinas-ZURICH-ARIBAU-FACHADA-CALLE-\u00a9GOULA-01-3-768x432.jpg 768w, https:\/\/scob.es\/wp-content\/uploads\/2024\/04\/84-scob-arquitectura-oficinas-ZURICH-ARIBAU-FACHADA-CALLE-\u00a9GOULA-01-3-1536x864.jpg 1536w, https:\/\/scob.es\/wp-content\/uploads\/2024\/04\/84-scob-arquitectura-oficinas-ZURICH-ARIBAU-FACHADA-CALLE-\u00a9GOULA-01-3-2048x1152.jpg 2048w\" sizes=\"(max-width: 2560px) 100vw, 2560px\" \/>                                        <\/div>\n                                    <\/div>\n                                <\/div>\n                            <\/div>\n                        <\/div>\n                                                <div class=\"list_premios_publicaciones list_proyecto_publicaciones list_publicaciones\">\n                            <div class=\"list_proyecto_publicaciones_wrapper list_publicaciones_wrapper\">\n                                <div class=\"list_proyecto_publicaciones_year list_publicaciones_year\">\n                                    2025                                <\/div>\n                                                                    <div class=\"list_proyecto_publicaciones_nombre list_publicaciones_nombre\">\n                                        <p><span class=\"posicion_premio borna-bold\">Finalista 8\u00e8.<\/span>\n                                            Premis Arquitectura Plus,                                            Zurich Aribau195                                        <\/p>\n                                    <\/div>\n                                                                    <div class=\"list_proyecto_publicaciones_image list_publicaciones_image\">\n                                    <div class=\"list_img_publicaciones\">\n                                        <div class=\"featured_img_publicaciones\">\n                                            <img decoding=\"async\" src=\"https:\/\/scob.es\/wp-content\/uploads\/2024\/04\/84-scob-arquitectura-oficinas-ZURICH-ARIBAU-FACHADA-CALLE-\u00a9GOULA-01-3-scaled.jpg\" class=\"attachment-post-thumbnail size-post-thumbnail wp-post-image\" alt=\"\" srcset=\"https:\/\/scob.es\/wp-content\/uploads\/2024\/04\/84-scob-arquitectura-oficinas-ZURICH-ARIBAU-FACHADA-CALLE-\u00a9GOULA-01-3-scaled.jpg 2560w, https:\/\/scob.es\/wp-content\/uploads\/2024\/04\/84-scob-arquitectura-oficinas-ZURICH-ARIBAU-FACHADA-CALLE-\u00a9GOULA-01-3-300x169.jpg 300w, https:\/\/scob.es\/wp-content\/uploads\/2024\/04\/84-scob-arquitectura-oficinas-ZURICH-ARIBAU-FACHADA-CALLE-\u00a9GOULA-01-3-1024x576.jpg 1024w, https:\/\/scob.es\/wp-content\/uploads\/2024\/04\/84-scob-arquitectura-oficinas-ZURICH-ARIBAU-FACHADA-CALLE-\u00a9GOULA-01-3-768x432.jpg 768w, https:\/\/scob.es\/wp-content\/uploads\/2024\/04\/84-scob-arquitectura-oficinas-ZURICH-ARIBAU-FACHADA-CALLE-\u00a9GOULA-01-3-1536x864.jpg 1536w, https:\/\/scob.es\/wp-content\/uploads\/2024\/04\/84-scob-arquitectura-oficinas-ZURICH-ARIBAU-FACHADA-CALLE-\u00a9GOULA-01-3-2048x1152.jpg 2048w\" sizes=\"(max-width: 2560px) 100vw, 2560px\" \/>                                        <\/div>\n                                    <\/div>\n                                <\/div>\n                            <\/div>\n                        <\/div>\n                                                <div class=\"list_premios_publicaciones list_proyecto_publicaciones list_publicaciones\">\n                            <div class=\"list_proyecto_publicaciones_wrapper list_publicaciones_wrapper\">\n                                <div class=\"list_proyecto_publicaciones_year list_publicaciones_year\">\n                                    2025                                <\/div>\n                                                                    <div class=\"list_proyecto_publicaciones_nombre list_publicaciones_nombre\">\n                                        <p><span class=\"posicion_premio borna-bold\">Menci\u00f3 especial.<\/span>\n                                            A+ Architizer Award,                                            Zurich Aribau195                                        <\/p>\n                                    <\/div>\n                                                                    <div class=\"list_proyecto_publicaciones_image list_publicaciones_image\">\n                                    <div class=\"list_img_publicaciones\">\n                                        <div class=\"featured_img_publicaciones\">\n                                                                                    <\/div>\n                                    <\/div>\n                                <\/div>\n                            <\/div>\n                        <\/div>\n                                                <div class=\"list_premios_publicaciones list_proyecto_publicaciones list_publicaciones\">\n                            <div class=\"list_proyecto_publicaciones_wrapper list_publicaciones_wrapper\">\n                                <div class=\"list_proyecto_publicaciones_year list_publicaciones_year\">\n                                    2025                                <\/div>\n                                                                    <div class=\"list_proyecto_publicaciones_nombre list_publicaciones_nombre\">\n                                        <p><span class=\"posicion_premio borna-bold\">Menci\u00f3 especial.<\/span>\n                                            Premi AEO (Associaci\u00f3 Espanyola d&#8217;Oficines),                                            Casa Pich i Pon                                        <\/p>\n                                    <\/div>\n                                                                    <div class=\"list_proyecto_publicaciones_image list_publicaciones_image\">\n                                    <div class=\"list_img_publicaciones\">\n                                        <div class=\"featured_img_publicaciones\">\n                                            <img decoding=\"async\" src=\"https:\/\/scob.es\/wp-content\/uploads\/2024\/09\/86-scob-arquitectura-oficinas-LOOM-INTERIOR-\u00a9HEVIA-30.jpg\" class=\"attachment-post-thumbnail size-post-thumbnail wp-post-image\" alt=\"\" srcset=\"https:\/\/scob.es\/wp-content\/uploads\/2024\/09\/86-scob-arquitectura-oficinas-LOOM-INTERIOR-\u00a9HEVIA-30.jpg 1920w, https:\/\/scob.es\/wp-content\/uploads\/2024\/09\/86-scob-arquitectura-oficinas-LOOM-INTERIOR-\u00a9HEVIA-30-300x169.jpg 300w, https:\/\/scob.es\/wp-content\/uploads\/2024\/09\/86-scob-arquitectura-oficinas-LOOM-INTERIOR-\u00a9HEVIA-30-1024x576.jpg 1024w, https:\/\/scob.es\/wp-content\/uploads\/2024\/09\/86-scob-arquitectura-oficinas-LOOM-INTERIOR-\u00a9HEVIA-30-768x432.jpg 768w, https:\/\/scob.es\/wp-content\/uploads\/2024\/09\/86-scob-arquitectura-oficinas-LOOM-INTERIOR-\u00a9HEVIA-30-1536x864.jpg 1536w\" sizes=\"(max-width: 1920px) 100vw, 1920px\" \/>                                        <\/div>\n                                    <\/div>\n                                <\/div>\n                            <\/div>\n                        <\/div>\n                                                <div class=\"list_premios_publicaciones list_proyecto_publicaciones list_publicaciones\">\n                            <div class=\"list_proyecto_publicaciones_wrapper list_publicaciones_wrapper\">\n                                <div class=\"list_proyecto_publicaciones_year list_publicaciones_year\">\n                                    2025                                <\/div>\n                                                                    <div class=\"list_proyecto_publicaciones_nombre list_publicaciones_nombre\">\n                                        <p><span class=\"posicion_premio borna-bold\">Guanyador.<\/span>\n                                            LOOP Design Awards,                                            Can Farr\u00e9s                                        <\/p>\n                                    <\/div>\n                                                                    <div class=\"list_proyecto_publicaciones_image list_publicaciones_image\">\n                                    <div class=\"list_img_publicaciones\">\n                                        <div class=\"featured_img_publicaciones\">\n                                            <img decoding=\"async\" src=\"https:\/\/scob.es\/wp-content\/uploads\/2024\/12\/101-scob-arquitectura-paisaje-JARDIN-CAN-FARRES-\u00a9JuditCasas-11-ed_16-9.jpg\" class=\"attachment-post-thumbnail size-post-thumbnail wp-post-image\" alt=\"\" srcset=\"https:\/\/scob.es\/wp-content\/uploads\/2024\/12\/101-scob-arquitectura-paisaje-JARDIN-CAN-FARRES-\u00a9JuditCasas-11-ed_16-9.jpg 2200w, https:\/\/scob.es\/wp-content\/uploads\/2024\/12\/101-scob-arquitectura-paisaje-JARDIN-CAN-FARRES-\u00a9JuditCasas-11-ed_16-9-300x169.jpg 300w, https:\/\/scob.es\/wp-content\/uploads\/2024\/12\/101-scob-arquitectura-paisaje-JARDIN-CAN-FARRES-\u00a9JuditCasas-11-ed_16-9-1024x576.jpg 1024w, https:\/\/scob.es\/wp-content\/uploads\/2024\/12\/101-scob-arquitectura-paisaje-JARDIN-CAN-FARRES-\u00a9JuditCasas-11-ed_16-9-768x432.jpg 768w, https:\/\/scob.es\/wp-content\/uploads\/2024\/12\/101-scob-arquitectura-paisaje-JARDIN-CAN-FARRES-\u00a9JuditCasas-11-ed_16-9-1536x864.jpg 1536w, https:\/\/scob.es\/wp-content\/uploads\/2024\/12\/101-scob-arquitectura-paisaje-JARDIN-CAN-FARRES-\u00a9JuditCasas-11-ed_16-9-2048x1152.jpg 2048w\" sizes=\"(max-width: 2200px) 100vw, 2200px\" \/>                                        <\/div>\n                                    <\/div>\n                                <\/div>\n                            <\/div>\n                        <\/div>\n                                                <div class=\"list_premios_publicaciones list_proyecto_publicaciones list_publicaciones\">\n                            <div class=\"list_proyecto_publicaciones_wrapper list_publicaciones_wrapper\">\n                                <div class=\"list_proyecto_publicaciones_year list_publicaciones_year\">\n                                    2025                                <\/div>\n                                                                    <div class=\"list_proyecto_publicaciones_nombre list_publicaciones_nombre\">\n                                        <p><span class=\"posicion_premio borna-bold\">Guanyador.<\/span>\n                                            A+ Architizer Popular Choice Award,                                            Can Farr\u00e9s                                        <\/p>\n                                    <\/div>\n                                                                    <div class=\"list_proyecto_publicaciones_image list_publicaciones_image\">\n                                    <div class=\"list_img_publicaciones\">\n                                        <div class=\"featured_img_publicaciones\">\n                                            <img decoding=\"async\" src=\"https:\/\/scob.es\/wp-content\/uploads\/2024\/12\/101-scob-arquitectura-paisaje-JARDIN-CAN-FARRES-\u00a9JuditCasas-11-ed_16-9.jpg\" class=\"attachment-post-thumbnail size-post-thumbnail wp-post-image\" alt=\"\" srcset=\"https:\/\/scob.es\/wp-content\/uploads\/2024\/12\/101-scob-arquitectura-paisaje-JARDIN-CAN-FARRES-\u00a9JuditCasas-11-ed_16-9.jpg 2200w, https:\/\/scob.es\/wp-content\/uploads\/2024\/12\/101-scob-arquitectura-paisaje-JARDIN-CAN-FARRES-\u00a9JuditCasas-11-ed_16-9-300x169.jpg 300w, https:\/\/scob.es\/wp-content\/uploads\/2024\/12\/101-scob-arquitectura-paisaje-JARDIN-CAN-FARRES-\u00a9JuditCasas-11-ed_16-9-1024x576.jpg 1024w, https:\/\/scob.es\/wp-content\/uploads\/2024\/12\/101-scob-arquitectura-paisaje-JARDIN-CAN-FARRES-\u00a9JuditCasas-11-ed_16-9-768x432.jpg 768w, https:\/\/scob.es\/wp-content\/uploads\/2024\/12\/101-scob-arquitectura-paisaje-JARDIN-CAN-FARRES-\u00a9JuditCasas-11-ed_16-9-1536x864.jpg 1536w, https:\/\/scob.es\/wp-content\/uploads\/2024\/12\/101-scob-arquitectura-paisaje-JARDIN-CAN-FARRES-\u00a9JuditCasas-11-ed_16-9-2048x1152.jpg 2048w\" sizes=\"(max-width: 2200px) 100vw, 2200px\" \/>                                        <\/div>\n                                    <\/div>\n                                <\/div>\n                            <\/div>\n                        <\/div>\n                                                <div class=\"list_premios_publicaciones list_proyecto_publicaciones list_publicaciones\">\n                            <div class=\"list_proyecto_publicaciones_wrapper list_publicaciones_wrapper\">\n                                <div class=\"list_proyecto_publicaciones_year list_publicaciones_year\">\n                                    2025                                <\/div>\n                                                                    <div class=\"list_proyecto_publicaciones_nombre list_publicaciones_nombre\">\n                                        <p><span class=\"posicion_premio borna-bold\">Guanyador.<\/span>\n                                            Premis Sal\u00f3 Piscina 2025,                                            Can Farr\u00e9s                                        <\/p>\n                                    <\/div>\n                                                                    <div class=\"list_proyecto_publicaciones_image list_publicaciones_image\">\n                                    <div class=\"list_img_publicaciones\">\n                                        <div class=\"featured_img_publicaciones\">\n                                            <img decoding=\"async\" src=\"https:\/\/scob.es\/wp-content\/uploads\/2024\/12\/101-scob-arquitectura-paisaje-JARDIN-CAN-FARRES-\u00a9JuditCasas-11-ed_16-9.jpg\" class=\"attachment-post-thumbnail size-post-thumbnail wp-post-image\" alt=\"\" srcset=\"https:\/\/scob.es\/wp-content\/uploads\/2024\/12\/101-scob-arquitectura-paisaje-JARDIN-CAN-FARRES-\u00a9JuditCasas-11-ed_16-9.jpg 2200w, https:\/\/scob.es\/wp-content\/uploads\/2024\/12\/101-scob-arquitectura-paisaje-JARDIN-CAN-FARRES-\u00a9JuditCasas-11-ed_16-9-300x169.jpg 300w, https:\/\/scob.es\/wp-content\/uploads\/2024\/12\/101-scob-arquitectura-paisaje-JARDIN-CAN-FARRES-\u00a9JuditCasas-11-ed_16-9-1024x576.jpg 1024w, https:\/\/scob.es\/wp-content\/uploads\/2024\/12\/101-scob-arquitectura-paisaje-JARDIN-CAN-FARRES-\u00a9JuditCasas-11-ed_16-9-768x432.jpg 768w, https:\/\/scob.es\/wp-content\/uploads\/2024\/12\/101-scob-arquitectura-paisaje-JARDIN-CAN-FARRES-\u00a9JuditCasas-11-ed_16-9-1536x864.jpg 1536w, https:\/\/scob.es\/wp-content\/uploads\/2024\/12\/101-scob-arquitectura-paisaje-JARDIN-CAN-FARRES-\u00a9JuditCasas-11-ed_16-9-2048x1152.jpg 2048w\" sizes=\"(max-width: 2200px) 100vw, 2200px\" \/>                                        <\/div>\n                                    <\/div>\n                                <\/div>\n                            <\/div>\n                        <\/div>\n                                                <div class=\"list_premios_publicaciones list_proyecto_publicaciones list_publicaciones\">\n                            <div class=\"list_proyecto_publicaciones_wrapper list_publicaciones_wrapper\">\n                                <div class=\"list_proyecto_publicaciones_year list_publicaciones_year\">\n                                    2025                                <\/div>\n                                                                    <div class=\"list_proyecto_publicaciones_nombre list_publicaciones_nombre\">\n                                        <p><span class=\"posicion_premio borna-bold\">Seleccionat.<\/span>\n                                            Premis FAD 2025,                                            Parc dels Tres Turons                                        <\/p>\n                                    <\/div>\n                                                                    <div class=\"list_proyecto_publicaciones_image list_publicaciones_image\">\n                                    <div class=\"list_img_publicaciones\">\n                                        <div class=\"featured_img_publicaciones\">\n                                            <img decoding=\"async\" src=\"https:\/\/scob.es\/wp-content\/uploads\/2024\/09\/83-scob-estudio-paisajismo-TRES-TURONS-plano-\u00a9SCOB-01-low.jpg\" class=\"attachment-post-thumbnail size-post-thumbnail wp-post-image\" alt=\"\" srcset=\"https:\/\/scob.es\/wp-content\/uploads\/2024\/09\/83-scob-estudio-paisajismo-TRES-TURONS-plano-\u00a9SCOB-01-low.jpg 1920w, https:\/\/scob.es\/wp-content\/uploads\/2024\/09\/83-scob-estudio-paisajismo-TRES-TURONS-plano-\u00a9SCOB-01-low-300x169.jpg 300w, https:\/\/scob.es\/wp-content\/uploads\/2024\/09\/83-scob-estudio-paisajismo-TRES-TURONS-plano-\u00a9SCOB-01-low-1024x576.jpg 1024w, https:\/\/scob.es\/wp-content\/uploads\/2024\/09\/83-scob-estudio-paisajismo-TRES-TURONS-plano-\u00a9SCOB-01-low-768x432.jpg 768w, https:\/\/scob.es\/wp-content\/uploads\/2024\/09\/83-scob-estudio-paisajismo-TRES-TURONS-plano-\u00a9SCOB-01-low-1536x864.jpg 1536w\" sizes=\"(max-width: 1920px) 100vw, 1920px\" \/>                                        <\/div>\n                                    <\/div>\n                                <\/div>\n                            <\/div>\n                        <\/div>\n                                                <div class=\"list_premios_publicaciones list_proyecto_publicaciones list_publicaciones\">\n                            <div class=\"list_proyecto_publicaciones_wrapper list_publicaciones_wrapper\">\n                                <div class=\"list_proyecto_publicaciones_year list_publicaciones_year\">\n                                    2025                                <\/div>\n                                                                    <div class=\"list_proyecto_publicaciones_nombre list_publicaciones_nombre\">\n                                        <p><span class=\"posicion_premio borna-bold\">Seleccionat.<\/span>\n                                            XVII Biennal Espanyola d&#8217;Arquitectura i Urbanisme (XVII BEAU),                                            Parc dels Tres Turons                                        <\/p>\n                                    <\/div>\n                                                                    <div class=\"list_proyecto_publicaciones_image list_publicaciones_image\">\n                                    <div class=\"list_img_publicaciones\">\n                                        <div class=\"featured_img_publicaciones\">\n                                            <img decoding=\"async\" src=\"https:\/\/scob.es\/wp-content\/uploads\/2024\/09\/83-scob-estudio-paisajismo-TRES-TURONS-plano-\u00a9SCOB-01-low.jpg\" class=\"attachment-post-thumbnail size-post-thumbnail wp-post-image\" alt=\"\" srcset=\"https:\/\/scob.es\/wp-content\/uploads\/2024\/09\/83-scob-estudio-paisajismo-TRES-TURONS-plano-\u00a9SCOB-01-low.jpg 1920w, https:\/\/scob.es\/wp-content\/uploads\/2024\/09\/83-scob-estudio-paisajismo-TRES-TURONS-plano-\u00a9SCOB-01-low-300x169.jpg 300w, https:\/\/scob.es\/wp-content\/uploads\/2024\/09\/83-scob-estudio-paisajismo-TRES-TURONS-plano-\u00a9SCOB-01-low-1024x576.jpg 1024w, https:\/\/scob.es\/wp-content\/uploads\/2024\/09\/83-scob-estudio-paisajismo-TRES-TURONS-plano-\u00a9SCOB-01-low-768x432.jpg 768w, https:\/\/scob.es\/wp-content\/uploads\/2024\/09\/83-scob-estudio-paisajismo-TRES-TURONS-plano-\u00a9SCOB-01-low-1536x864.jpg 1536w\" sizes=\"(max-width: 1920px) 100vw, 1920px\" \/>                                        <\/div>\n                                    <\/div>\n                                <\/div>\n                            <\/div>\n                        <\/div>\n                                                <div class=\"list_premios_publicaciones list_proyecto_publicaciones list_publicaciones\">\n                            <div class=\"list_proyecto_publicaciones_wrapper list_publicaciones_wrapper\">\n                                <div class=\"list_proyecto_publicaciones_year list_publicaciones_year\">\n                                    2025                                <\/div>\n                                                                    <div class=\"list_proyecto_publicaciones_nombre list_publicaciones_nombre\">\n                                        <p><span class=\"posicion_premio borna-bold\">Seleccionat.<\/span>\n                                            Premi Internacional de Paisatge Rosa Barba,                                            Parc dels Tres Turons                                        <\/p>\n                                    <\/div>\n                                                                    <div class=\"list_proyecto_publicaciones_image list_publicaciones_image\">\n                                    <div class=\"list_img_publicaciones\">\n                                        <div class=\"featured_img_publicaciones\">\n                                            <img decoding=\"async\" src=\"https:\/\/scob.es\/wp-content\/uploads\/2024\/09\/83-scob-estudio-paisajismo-TRES-TURONS-plano-\u00a9SCOB-01-low.jpg\" class=\"attachment-post-thumbnail size-post-thumbnail wp-post-image\" alt=\"\" srcset=\"https:\/\/scob.es\/wp-content\/uploads\/2024\/09\/83-scob-estudio-paisajismo-TRES-TURONS-plano-\u00a9SCOB-01-low.jpg 1920w, https:\/\/scob.es\/wp-content\/uploads\/2024\/09\/83-scob-estudio-paisajismo-TRES-TURONS-plano-\u00a9SCOB-01-low-300x169.jpg 300w, https:\/\/scob.es\/wp-content\/uploads\/2024\/09\/83-scob-estudio-paisajismo-TRES-TURONS-plano-\u00a9SCOB-01-low-1024x576.jpg 1024w, https:\/\/scob.es\/wp-content\/uploads\/2024\/09\/83-scob-estudio-paisajismo-TRES-TURONS-plano-\u00a9SCOB-01-low-768x432.jpg 768w, https:\/\/scob.es\/wp-content\/uploads\/2024\/09\/83-scob-estudio-paisajismo-TRES-TURONS-plano-\u00a9SCOB-01-low-1536x864.jpg 1536w\" sizes=\"(max-width: 1920px) 100vw, 1920px\" \/>                                        <\/div>\n                                    <\/div>\n                                <\/div>\n                            <\/div>\n                        <\/div>\n                                                <div class=\"list_premios_publicaciones list_proyecto_publicaciones list_publicaciones\">\n                            <div class=\"list_proyecto_publicaciones_wrapper list_publicaciones_wrapper\">\n                                <div class=\"list_proyecto_publicaciones_year list_publicaciones_year\">\n                                    2025                                <\/div>\n                                                                    <div class=\"list_proyecto_publicaciones_nombre list_publicaciones_nombre\">\n                                        <p><span class=\"posicion_premio borna-bold\">Seleccionat.<\/span>\n                                            Premi Internacional de Paisatge Rosa Barba,                                            Espais p\u00fablics del Port Vell                                        <\/p>\n                                    <\/div>\n                                                                    <div class=\"list_proyecto_publicaciones_image list_publicaciones_image\">\n                                    <div class=\"list_img_publicaciones\">\n                                        <div class=\"featured_img_publicaciones\">\n                                            <img decoding=\"async\" src=\"https:\/\/scob.es\/wp-content\/uploads\/2024\/09\/87-scob-diseno-espacio-publico-CLIMATE-ISLANDS-\u00a9GOULA-08.jpg\" class=\"attachment-post-thumbnail size-post-thumbnail wp-post-image\" alt=\"\" srcset=\"https:\/\/scob.es\/wp-content\/uploads\/2024\/09\/87-scob-diseno-espacio-publico-CLIMATE-ISLANDS-\u00a9GOULA-08.jpg 1920w, https:\/\/scob.es\/wp-content\/uploads\/2024\/09\/87-scob-diseno-espacio-publico-CLIMATE-ISLANDS-\u00a9GOULA-08-300x169.jpg 300w, https:\/\/scob.es\/wp-content\/uploads\/2024\/09\/87-scob-diseno-espacio-publico-CLIMATE-ISLANDS-\u00a9GOULA-08-1024x576.jpg 1024w, https:\/\/scob.es\/wp-content\/uploads\/2024\/09\/87-scob-diseno-espacio-publico-CLIMATE-ISLANDS-\u00a9GOULA-08-768x432.jpg 768w, https:\/\/scob.es\/wp-content\/uploads\/2024\/09\/87-scob-diseno-espacio-publico-CLIMATE-ISLANDS-\u00a9GOULA-08-1536x864.jpg 1536w\" sizes=\"(max-width: 1920px) 100vw, 1920px\" \/>                                        <\/div>\n                                    <\/div>\n                                <\/div>\n                            <\/div>\n                        <\/div>\n                                                <div class=\"list_premios_publicaciones list_proyecto_publicaciones list_publicaciones\">\n                            <div class=\"list_proyecto_publicaciones_wrapper list_publicaciones_wrapper\">\n                                <div class=\"list_proyecto_publicaciones_year list_publicaciones_year\">\n                                    2024                                <\/div>\n                                                                    <div class=\"list_proyecto_publicaciones_nombre list_publicaciones_nombre\">\n                                        <p><span class=\"posicion_premio borna-bold\">Guanyador.<\/span>\n                                            Premi Associaci\u00f3 Espanyola d&#8217;Oficines,                                            Zurich Aribau195                                        <\/p>\n                                    <\/div>\n                                                                    <div class=\"list_proyecto_publicaciones_image list_publicaciones_image\">\n                                    <div class=\"list_img_publicaciones\">\n                                        <div class=\"featured_img_publicaciones\">\n                                                                                    <\/div>\n                                    <\/div>\n                                <\/div>\n                            <\/div>\n                        <\/div>\n                                                <div class=\"list_premios_publicaciones list_proyecto_publicaciones list_publicaciones\">\n                            <div class=\"list_proyecto_publicaciones_wrapper list_publicaciones_wrapper\">\n                                <div class=\"list_proyecto_publicaciones_year list_publicaciones_year\">\n                                    2023                                <\/div>\n                                                                    <div class=\"list_proyecto_publicaciones_nombre list_publicaciones_nombre\">\n                                        <p><span class=\"posicion_premio borna-bold\">Guanyador.<\/span>\n                                            A+ Architizer popular Choice Award. Coworking Space 2023,                                            Casa Pich i Pon                                        <\/p>\n                                    <\/div>\n                                                                    <div class=\"list_proyecto_publicaciones_image list_publicaciones_image\">\n                                    <div class=\"list_img_publicaciones\">\n                                        <div class=\"featured_img_publicaciones\">\n                                            <img decoding=\"async\" src=\"https:\/\/scob.es\/wp-content\/uploads\/2024\/09\/86-scob-arquitectura-oficinas-LOOM-INTERIOR-\u00a9HEVIA-30.jpg\" class=\"attachment-post-thumbnail size-post-thumbnail wp-post-image\" alt=\"\" srcset=\"https:\/\/scob.es\/wp-content\/uploads\/2024\/09\/86-scob-arquitectura-oficinas-LOOM-INTERIOR-\u00a9HEVIA-30.jpg 1920w, https:\/\/scob.es\/wp-content\/uploads\/2024\/09\/86-scob-arquitectura-oficinas-LOOM-INTERIOR-\u00a9HEVIA-30-300x169.jpg 300w, https:\/\/scob.es\/wp-content\/uploads\/2024\/09\/86-scob-arquitectura-oficinas-LOOM-INTERIOR-\u00a9HEVIA-30-1024x576.jpg 1024w, https:\/\/scob.es\/wp-content\/uploads\/2024\/09\/86-scob-arquitectura-oficinas-LOOM-INTERIOR-\u00a9HEVIA-30-768x432.jpg 768w, https:\/\/scob.es\/wp-content\/uploads\/2024\/09\/86-scob-arquitectura-oficinas-LOOM-INTERIOR-\u00a9HEVIA-30-1536x864.jpg 1536w\" sizes=\"(max-width: 1920px) 100vw, 1920px\" \/>                                        <\/div>\n                                    <\/div>\n                                <\/div>\n                            <\/div>\n                        <\/div>\n                                                <div class=\"list_premios_publicaciones list_proyecto_publicaciones list_publicaciones\">\n                            <div class=\"list_proyecto_publicaciones_wrapper list_publicaciones_wrapper\">\n                                <div class=\"list_proyecto_publicaciones_year list_publicaciones_year\">\n                                    2024                                <\/div>\n                                                                    <div class=\"list_proyecto_publicaciones_nombre list_publicaciones_nombre\">\n                                        <p><span class=\"posicion_premio borna-bold\">Menci\u00f3 especial.<\/span>\n                                            A+ Architizer Award,                                            Espais p\u00fablics del Port Vell                                        <\/p>\n                                    <\/div>\n                                                                    <div class=\"list_proyecto_publicaciones_image list_publicaciones_image\">\n                                    <div class=\"list_img_publicaciones\">\n                                        <div class=\"featured_img_publicaciones\">\n                                            <img decoding=\"async\" src=\"https:\/\/scob.es\/wp-content\/uploads\/2024\/07\/70-scob-diseno-espacio-publico-PORT-MUSEU-\u00a9HEVIA-07-1.jpg\" class=\"attachment-post-thumbnail size-post-thumbnail wp-post-image\" alt=\"\" srcset=\"https:\/\/scob.es\/wp-content\/uploads\/2024\/07\/70-scob-diseno-espacio-publico-PORT-MUSEU-\u00a9HEVIA-07-1.jpg 1920w, https:\/\/scob.es\/wp-content\/uploads\/2024\/07\/70-scob-diseno-espacio-publico-PORT-MUSEU-\u00a9HEVIA-07-1-300x169.jpg 300w, https:\/\/scob.es\/wp-content\/uploads\/2024\/07\/70-scob-diseno-espacio-publico-PORT-MUSEU-\u00a9HEVIA-07-1-1024x576.jpg 1024w, https:\/\/scob.es\/wp-content\/uploads\/2024\/07\/70-scob-diseno-espacio-publico-PORT-MUSEU-\u00a9HEVIA-07-1-768x432.jpg 768w, https:\/\/scob.es\/wp-content\/uploads\/2024\/07\/70-scob-diseno-espacio-publico-PORT-MUSEU-\u00a9HEVIA-07-1-1536x864.jpg 1536w\" sizes=\"(max-width: 1920px) 100vw, 1920px\" \/>                                        <\/div>\n                                    <\/div>\n                                <\/div>\n                            <\/div>\n                        <\/div>\n                                                <div class=\"list_premios_publicaciones list_proyecto_publicaciones list_publicaciones\">\n                            <div class=\"list_proyecto_publicaciones_wrapper list_publicaciones_wrapper\">\n                                <div class=\"list_proyecto_publicaciones_year list_publicaciones_year\">\n                                    2022                                <\/div>\n                                                                    <div class=\"list_proyecto_publicaciones_nombre list_publicaciones_nombre\">\n                                        <p><span class=\"posicion_premio borna-bold\">Menci\u00f3 especial.<\/span>\n                                            A+ Architizer Award,                                            Espais p\u00fablics del Port Vell                                        <\/p>\n                                    <\/div>\n                                                                    <div class=\"list_proyecto_publicaciones_image list_publicaciones_image\">\n                                    <div class=\"list_img_publicaciones\">\n                                        <div class=\"featured_img_publicaciones\">\n                                            <img decoding=\"async\" src=\"https:\/\/scob.es\/wp-content\/uploads\/2024\/09\/87-scob-diseno-espacio-publico-CLIMATE-ISLANDS-\u00a9GOULA-08.jpg\" class=\"attachment-post-thumbnail size-post-thumbnail wp-post-image\" alt=\"\" srcset=\"https:\/\/scob.es\/wp-content\/uploads\/2024\/09\/87-scob-diseno-espacio-publico-CLIMATE-ISLANDS-\u00a9GOULA-08.jpg 1920w, https:\/\/scob.es\/wp-content\/uploads\/2024\/09\/87-scob-diseno-espacio-publico-CLIMATE-ISLANDS-\u00a9GOULA-08-300x169.jpg 300w, https:\/\/scob.es\/wp-content\/uploads\/2024\/09\/87-scob-diseno-espacio-publico-CLIMATE-ISLANDS-\u00a9GOULA-08-1024x576.jpg 1024w, https:\/\/scob.es\/wp-content\/uploads\/2024\/09\/87-scob-diseno-espacio-publico-CLIMATE-ISLANDS-\u00a9GOULA-08-768x432.jpg 768w, https:\/\/scob.es\/wp-content\/uploads\/2024\/09\/87-scob-diseno-espacio-publico-CLIMATE-ISLANDS-\u00a9GOULA-08-1536x864.jpg 1536w\" sizes=\"(max-width: 1920px) 100vw, 1920px\" \/>                                        <\/div>\n                                    <\/div>\n                                <\/div>\n                            <\/div>\n                        <\/div>\n                                                <div class=\"list_premios_publicaciones list_proyecto_publicaciones list_publicaciones\">\n                            <div class=\"list_proyecto_publicaciones_wrapper list_publicaciones_wrapper\">\n                                <div class=\"list_proyecto_publicaciones_year list_publicaciones_year\">\n                                    2021                                <\/div>\n                                                                    <div class=\"list_proyecto_publicaciones_nombre list_publicaciones_nombre\">\n                                        <p><span class=\"posicion_premio borna-bold\">Finalista.<\/span>\n                                            XII Biennal Alejandro de la Sota,                                            Terra Dominicata                                        <\/p>\n                                    <\/div>\n                                                                    <div class=\"list_proyecto_publicaciones_image list_publicaciones_image\">\n                                    <div class=\"list_img_publicaciones\">\n                                        <div class=\"featured_img_publicaciones\">\n                                                                                    <\/div>\n                                    <\/div>\n                                <\/div>\n                            <\/div>\n                        <\/div>\n                                                <div class=\"list_premios_publicaciones list_proyecto_publicaciones list_publicaciones\">\n                            <div class=\"list_proyecto_publicaciones_wrapper list_publicaciones_wrapper\">\n                                <div class=\"list_proyecto_publicaciones_year list_publicaciones_year\">\n                                    2020                                <\/div>\n                                                                    <div class=\"list_proyecto_publicaciones_nombre list_publicaciones_nombre\">\n                                        <p><span class=\"posicion_premio borna-bold\">Guanyador.<\/span>\n                                            A+ Architizer Jury Award,                                            Terra Dominicata                                        <\/p>\n                                    <\/div>\n                                                                    <div class=\"list_proyecto_publicaciones_image list_publicaciones_image\">\n                                    <div class=\"list_img_publicaciones\">\n                                        <div class=\"featured_img_publicaciones\">\n                                                                                    <\/div>\n                                    <\/div>\n                                <\/div>\n                            <\/div>\n                        <\/div>\n                                                <div class=\"list_premios_publicaciones list_proyecto_publicaciones list_publicaciones\">\n                            <div class=\"list_proyecto_publicaciones_wrapper list_publicaciones_wrapper\">\n                                <div class=\"list_proyecto_publicaciones_year list_publicaciones_year\">\n                                    2020                                <\/div>\n                                                                    <div class=\"list_proyecto_publicaciones_nombre list_publicaciones_nombre\">\n                                        <p><span class=\"posicion_premio borna-bold\">Guanyador.<\/span>\n                                            A+ Architizer Popular Choice Award,                                            Terra Dominicata                                        <\/p>\n                                    <\/div>\n                                                                    <div class=\"list_proyecto_publicaciones_image list_publicaciones_image\">\n                                    <div class=\"list_img_publicaciones\">\n                                        <div class=\"featured_img_publicaciones\">\n                                                                                    <\/div>\n                                    <\/div>\n                                <\/div>\n                            <\/div>\n                        <\/div>\n                                                <div class=\"list_premios_publicaciones list_proyecto_publicaciones list_publicaciones\">\n                            <div class=\"list_proyecto_publicaciones_wrapper list_publicaciones_wrapper\">\n                                <div class=\"list_proyecto_publicaciones_year list_publicaciones_year\">\n                                    2020                                <\/div>\n                                                                    <div class=\"list_proyecto_publicaciones_nombre list_publicaciones_nombre\">\n                                        <p><span class=\"posicion_premio borna-bold\">Seleccionat.<\/span>\n                                            Dezeen Awards,                                            Nucli antic d'\u00d2dena                                        <\/p>\n                                    <\/div>\n                                                                    <div class=\"list_proyecto_publicaciones_image list_publicaciones_image\">\n                                    <div class=\"list_img_publicaciones\">\n                                        <div class=\"featured_img_publicaciones\">\n                                            <img decoding=\"async\" src=\"https:\/\/scob.es\/wp-content\/uploads\/2024\/09\/37-scob-diseno-espacio-publico-PLAZA-ODENA-\u00a9GOULA-03.jpg\" class=\"attachment-post-thumbnail size-post-thumbnail wp-post-image\" alt=\"\" srcset=\"https:\/\/scob.es\/wp-content\/uploads\/2024\/09\/37-scob-diseno-espacio-publico-PLAZA-ODENA-\u00a9GOULA-03.jpg 2500w, https:\/\/scob.es\/wp-content\/uploads\/2024\/09\/37-scob-diseno-espacio-publico-PLAZA-ODENA-\u00a9GOULA-03-300x169.jpg 300w, https:\/\/scob.es\/wp-content\/uploads\/2024\/09\/37-scob-diseno-espacio-publico-PLAZA-ODENA-\u00a9GOULA-03-1024x576.jpg 1024w, https:\/\/scob.es\/wp-content\/uploads\/2024\/09\/37-scob-diseno-espacio-publico-PLAZA-ODENA-\u00a9GOULA-03-768x432.jpg 768w, https:\/\/scob.es\/wp-content\/uploads\/2024\/09\/37-scob-diseno-espacio-publico-PLAZA-ODENA-\u00a9GOULA-03-1536x864.jpg 1536w, https:\/\/scob.es\/wp-content\/uploads\/2024\/09\/37-scob-diseno-espacio-publico-PLAZA-ODENA-\u00a9GOULA-03-2048x1152.jpg 2048w\" sizes=\"(max-width: 2500px) 100vw, 2500px\" \/>                                        <\/div>\n                                    <\/div>\n                                <\/div>\n                            <\/div>\n                        <\/div>\n                                                <div class=\"list_premios_publicaciones list_proyecto_publicaciones list_publicaciones\">\n                            <div class=\"list_proyecto_publicaciones_wrapper list_publicaciones_wrapper\">\n                                <div class=\"list_proyecto_publicaciones_year list_publicaciones_year\">\n                                    2020                                <\/div>\n                                                                    <div class=\"list_proyecto_publicaciones_nombre list_publicaciones_nombre\">\n                                        <p><span class=\"posicion_premio borna-bold\">Guanyador.<\/span>\n                                            LILA 2020 Awards,                                            Terra Dominicata                                        <\/p>\n                                    <\/div>\n                                                                    <div class=\"list_proyecto_publicaciones_image list_publicaciones_image\">\n                                    <div class=\"list_img_publicaciones\">\n                                        <div class=\"featured_img_publicaciones\">\n                                                                                    <\/div>\n                                    <\/div>\n                                <\/div>\n                            <\/div>\n                        <\/div>\n                                                <div class=\"list_premios_publicaciones list_proyecto_publicaciones list_publicaciones\">\n                            <div class=\"list_proyecto_publicaciones_wrapper list_publicaciones_wrapper\">\n                                <div class=\"list_proyecto_publicaciones_year list_publicaciones_year\">\n                                    2020                                <\/div>\n                                                                    <div class=\"list_proyecto_publicaciones_nombre list_publicaciones_nombre\">\n                                        <p><span class=\"posicion_premio borna-bold\">3r Premi.<\/span>\n                                            Pool Design Awards,                                            Terra Dominicata                                        <\/p>\n                                    <\/div>\n                                                                    <div class=\"list_proyecto_publicaciones_image list_publicaciones_image\">\n                                    <div class=\"list_img_publicaciones\">\n                                        <div class=\"featured_img_publicaciones\">\n                                                                                    <\/div>\n                                    <\/div>\n                                <\/div>\n                            <\/div>\n                        <\/div>\n                                                <div class=\"list_premios_publicaciones list_proyecto_publicaciones list_publicaciones\">\n                            <div class=\"list_proyecto_publicaciones_wrapper list_publicaciones_wrapper\">\n                                <div class=\"list_proyecto_publicaciones_year list_publicaciones_year\">\n                                    2019                                <\/div>\n                                                                    <div class=\"list_proyecto_publicaciones_nombre list_publicaciones_nombre\">\n                                        <p><span class=\"posicion_premio borna-bold\">Finalista.<\/span>\n                                            Piscina &amp; Wellness Barcelona Awards,                                            Terra Dominicata                                        <\/p>\n                                    <\/div>\n                                                                    <div class=\"list_proyecto_publicaciones_image list_publicaciones_image\">\n                                    <div class=\"list_img_publicaciones\">\n                                        <div class=\"featured_img_publicaciones\">\n                                                                                    <\/div>\n                                    <\/div>\n                                <\/div>\n                            <\/div>\n                        <\/div>\n                                                <div class=\"list_premios_publicaciones list_proyecto_publicaciones list_publicaciones\">\n                            <div class=\"list_proyecto_publicaciones_wrapper list_publicaciones_wrapper\">\n                                <div class=\"list_proyecto_publicaciones_year list_publicaciones_year\">\n                                    2018                                <\/div>\n                                                                    <div class=\"list_proyecto_publicaciones_nombre list_publicaciones_nombre\">\n                                        <p><span class=\"posicion_premio borna-bold\">Seleccionat.<\/span>\n                                            Premi Internacional de paisatge Rosa Barba. X Biennal Internacional del Paisatge. Parc esportiu Urb\u00e0 Bar\u00f3 de Viver,                                            Landskateparks                                        <\/p>\n                                    <\/div>\n                                                                    <div class=\"list_proyecto_publicaciones_image list_publicaciones_image\">\n                                    <div class=\"list_img_publicaciones\">\n                                        <div class=\"featured_img_publicaciones\">\n                                            <img decoding=\"async\" src=\"https:\/\/scob.es\/wp-content\/uploads\/2024\/09\/26-scob-diseno-skate-park-MAR-BELLA-\u00a9GOULA-02.jpg\" class=\"attachment-post-thumbnail size-post-thumbnail wp-post-image\" alt=\"\" srcset=\"https:\/\/scob.es\/wp-content\/uploads\/2024\/09\/26-scob-diseno-skate-park-MAR-BELLA-\u00a9GOULA-02.jpg 1920w, https:\/\/scob.es\/wp-content\/uploads\/2024\/09\/26-scob-diseno-skate-park-MAR-BELLA-\u00a9GOULA-02-300x169.jpg 300w, https:\/\/scob.es\/wp-content\/uploads\/2024\/09\/26-scob-diseno-skate-park-MAR-BELLA-\u00a9GOULA-02-1024x576.jpg 1024w, https:\/\/scob.es\/wp-content\/uploads\/2024\/09\/26-scob-diseno-skate-park-MAR-BELLA-\u00a9GOULA-02-768x432.jpg 768w, https:\/\/scob.es\/wp-content\/uploads\/2024\/09\/26-scob-diseno-skate-park-MAR-BELLA-\u00a9GOULA-02-1536x864.jpg 1536w\" sizes=\"(max-width: 1920px) 100vw, 1920px\" \/>                                        <\/div>\n                                    <\/div>\n                                <\/div>\n                            <\/div>\n                        <\/div>\n                                                <div class=\"list_premios_publicaciones list_proyecto_publicaciones list_publicaciones\">\n                            <div class=\"list_proyecto_publicaciones_wrapper list_publicaciones_wrapper\">\n                                <div class=\"list_proyecto_publicaciones_year list_publicaciones_year\">\n                                    2018                                <\/div>\n                                                                    <div class=\"list_proyecto_publicaciones_nombre list_publicaciones_nombre\">\n                                        <p><span class=\"posicion_premio borna-bold\">Seleccionat.<\/span>\n                                            Premi Internacional de paisatge Rosa Barba. X Biennal Internacional del Paisatge. Parc esportiu Urb\u00e0 El Prat,                                            Landskateparks                                        <\/p>\n                                    <\/div>\n                                                                    <div class=\"list_proyecto_publicaciones_image list_publicaciones_image\">\n                                    <div class=\"list_img_publicaciones\">\n                                        <div class=\"featured_img_publicaciones\">\n                                            <img decoding=\"async\" src=\"https:\/\/scob.es\/wp-content\/uploads\/2024\/09\/26-scob-diseno-skate-park-MAR-BELLA-\u00a9GOULA-02.jpg\" class=\"attachment-post-thumbnail size-post-thumbnail wp-post-image\" alt=\"\" srcset=\"https:\/\/scob.es\/wp-content\/uploads\/2024\/09\/26-scob-diseno-skate-park-MAR-BELLA-\u00a9GOULA-02.jpg 1920w, https:\/\/scob.es\/wp-content\/uploads\/2024\/09\/26-scob-diseno-skate-park-MAR-BELLA-\u00a9GOULA-02-300x169.jpg 300w, https:\/\/scob.es\/wp-content\/uploads\/2024\/09\/26-scob-diseno-skate-park-MAR-BELLA-\u00a9GOULA-02-1024x576.jpg 1024w, https:\/\/scob.es\/wp-content\/uploads\/2024\/09\/26-scob-diseno-skate-park-MAR-BELLA-\u00a9GOULA-02-768x432.jpg 768w, https:\/\/scob.es\/wp-content\/uploads\/2024\/09\/26-scob-diseno-skate-park-MAR-BELLA-\u00a9GOULA-02-1536x864.jpg 1536w\" sizes=\"(max-width: 1920px) 100vw, 1920px\" \/>                                        <\/div>\n                                    <\/div>\n                                <\/div>\n                            <\/div>\n                        <\/div>\n                                                <div class=\"list_premios_publicaciones list_proyecto_publicaciones list_publicaciones\">\n                            <div class=\"list_proyecto_publicaciones_wrapper list_publicaciones_wrapper\">\n                                <div class=\"list_proyecto_publicaciones_year list_publicaciones_year\">\n                                    2017                                <\/div>\n                                                                    <div class=\"list_proyecto_publicaciones_nombre list_publicaciones_nombre\">\n                                        <p><span class=\"posicion_premio borna-bold\">Medalla de bronce.<\/span>\n                                            IOC\/IAKS Award for Exemplary Sports. Skateparks Barcelona,                                            Landskateparks                                        <\/p>\n                                    <\/div>\n                                                                    <div class=\"list_proyecto_publicaciones_image list_publicaciones_image\">\n                                    <div class=\"list_img_publicaciones\">\n                                        <div class=\"featured_img_publicaciones\">\n                                            <img decoding=\"async\" src=\"https:\/\/scob.es\/wp-content\/uploads\/2024\/09\/26-scob-diseno-skate-park-MAR-BELLA-\u00a9GOULA-02.jpg\" class=\"attachment-post-thumbnail size-post-thumbnail wp-post-image\" alt=\"\" srcset=\"https:\/\/scob.es\/wp-content\/uploads\/2024\/09\/26-scob-diseno-skate-park-MAR-BELLA-\u00a9GOULA-02.jpg 1920w, https:\/\/scob.es\/wp-content\/uploads\/2024\/09\/26-scob-diseno-skate-park-MAR-BELLA-\u00a9GOULA-02-300x169.jpg 300w, https:\/\/scob.es\/wp-content\/uploads\/2024\/09\/26-scob-diseno-skate-park-MAR-BELLA-\u00a9GOULA-02-1024x576.jpg 1024w, https:\/\/scob.es\/wp-content\/uploads\/2024\/09\/26-scob-diseno-skate-park-MAR-BELLA-\u00a9GOULA-02-768x432.jpg 768w, https:\/\/scob.es\/wp-content\/uploads\/2024\/09\/26-scob-diseno-skate-park-MAR-BELLA-\u00a9GOULA-02-1536x864.jpg 1536w\" sizes=\"(max-width: 1920px) 100vw, 1920px\" \/>                                        <\/div>\n                                    <\/div>\n                                <\/div>\n                            <\/div>\n                        <\/div>\n                                                <div class=\"list_premios_publicaciones list_proyecto_publicaciones list_publicaciones\">\n                            <div class=\"list_proyecto_publicaciones_wrapper list_publicaciones_wrapper\">\n                                <div class=\"list_proyecto_publicaciones_year list_publicaciones_year\">\n                                    2016                                <\/div>\n                                                                    <div class=\"list_proyecto_publicaciones_nombre list_publicaciones_nombre\">\n                                        <p><span class=\"posicion_premio borna-bold\">Menci\u00f3 especial.<\/span>\n                                            A+ Architizer Award, ODOS,                                            Mobiliari urb\u00e0                                        <\/p>\n                                    <\/div>\n                                                                    <div class=\"list_proyecto_publicaciones_image list_publicaciones_image\">\n                                    <div class=\"list_img_publicaciones\">\n                                        <div class=\"featured_img_publicaciones\">\n                                                                                    <\/div>\n                                    <\/div>\n                                <\/div>\n                            <\/div>\n                        <\/div>\n                                                <div class=\"list_premios_publicaciones list_proyecto_publicaciones list_publicaciones\">\n                            <div class=\"list_proyecto_publicaciones_wrapper list_publicaciones_wrapper\">\n                                <div class=\"list_proyecto_publicaciones_year list_publicaciones_year\">\n                                    2016                                <\/div>\n                                                                    <div class=\"list_proyecto_publicaciones_nombre list_publicaciones_nombre\">\n                                        <p><span class=\"posicion_premio borna-bold\">Seleccionat.<\/span>\n                                            Biennal Europea del Paisatge,                                            Pla\u00e7a Urdanibia                                        <\/p>\n                                    <\/div>\n                                                                    <div class=\"list_proyecto_publicaciones_image list_publicaciones_image\">\n                                    <div class=\"list_img_publicaciones\">\n                                        <div class=\"featured_img_publicaciones\">\n                                            <img decoding=\"async\" src=\"https:\/\/scob.es\/wp-content\/uploads\/2024\/09\/35-scob-diseno-espacio-publico-PLAZA-URDANIBIA-\u00a9GOULA-01_low.jpg\" class=\"attachment-post-thumbnail size-post-thumbnail wp-post-image\" alt=\"\" srcset=\"https:\/\/scob.es\/wp-content\/uploads\/2024\/09\/35-scob-diseno-espacio-publico-PLAZA-URDANIBIA-\u00a9GOULA-01_low.jpg 1920w, https:\/\/scob.es\/wp-content\/uploads\/2024\/09\/35-scob-diseno-espacio-publico-PLAZA-URDANIBIA-\u00a9GOULA-01_low-300x169.jpg 300w, https:\/\/scob.es\/wp-content\/uploads\/2024\/09\/35-scob-diseno-espacio-publico-PLAZA-URDANIBIA-\u00a9GOULA-01_low-1024x576.jpg 1024w, https:\/\/scob.es\/wp-content\/uploads\/2024\/09\/35-scob-diseno-espacio-publico-PLAZA-URDANIBIA-\u00a9GOULA-01_low-768x432.jpg 768w, https:\/\/scob.es\/wp-content\/uploads\/2024\/09\/35-scob-diseno-espacio-publico-PLAZA-URDANIBIA-\u00a9GOULA-01_low-1536x864.jpg 1536w\" sizes=\"(max-width: 1920px) 100vw, 1920px\" \/>                                        <\/div>\n                                    <\/div>\n                                <\/div>\n                            <\/div>\n                        <\/div>\n                                                <div class=\"list_premios_publicaciones list_proyecto_publicaciones list_publicaciones\">\n                            <div class=\"list_proyecto_publicaciones_wrapper list_publicaciones_wrapper\">\n                                <div class=\"list_proyecto_publicaciones_year list_publicaciones_year\">\n                                    2016                                <\/div>\n                                                                    <div class=\"list_proyecto_publicaciones_nombre list_publicaciones_nombre\">\n                                        <p><span class=\"posicion_premio borna-bold\">Seleccionat.<\/span>\n                                            Premis FAD 2016. Landskate Parks, Xarxa de Parcs Esportius Urbans de Barcelona,                                            Landskateparks                                        <\/p>\n                                    <\/div>\n                                                                    <div class=\"list_proyecto_publicaciones_image list_publicaciones_image\">\n                                    <div class=\"list_img_publicaciones\">\n                                        <div class=\"featured_img_publicaciones\">\n                                            <img decoding=\"async\" src=\"https:\/\/scob.es\/wp-content\/uploads\/2024\/09\/26-scob-diseno-skate-park-MAR-BELLA-\u00a9GOULA-02.jpg\" class=\"attachment-post-thumbnail size-post-thumbnail wp-post-image\" alt=\"\" srcset=\"https:\/\/scob.es\/wp-content\/uploads\/2024\/09\/26-scob-diseno-skate-park-MAR-BELLA-\u00a9GOULA-02.jpg 1920w, https:\/\/scob.es\/wp-content\/uploads\/2024\/09\/26-scob-diseno-skate-park-MAR-BELLA-\u00a9GOULA-02-300x169.jpg 300w, https:\/\/scob.es\/wp-content\/uploads\/2024\/09\/26-scob-diseno-skate-park-MAR-BELLA-\u00a9GOULA-02-1024x576.jpg 1024w, https:\/\/scob.es\/wp-content\/uploads\/2024\/09\/26-scob-diseno-skate-park-MAR-BELLA-\u00a9GOULA-02-768x432.jpg 768w, https:\/\/scob.es\/wp-content\/uploads\/2024\/09\/26-scob-diseno-skate-park-MAR-BELLA-\u00a9GOULA-02-1536x864.jpg 1536w\" sizes=\"(max-width: 1920px) 100vw, 1920px\" \/>                                        <\/div>\n                                    <\/div>\n                                <\/div>\n                            <\/div>\n                        <\/div>\n                                                <div class=\"list_premios_publicaciones list_proyecto_publicaciones list_publicaciones\">\n                            <div class=\"list_proyecto_publicaciones_wrapper list_publicaciones_wrapper\">\n                                <div class=\"list_proyecto_publicaciones_year list_publicaciones_year\">\n                                    2016                                <\/div>\n                                                                    <div class=\"list_proyecto_publicaciones_nombre list_publicaciones_nombre\">\n                                        <p><span class=\"posicion_premio borna-bold\">Guanyador.<\/span>\n                                            Public Choice A+ Architizer Award,,                                            Marina Port Vell. The Gallery                                        <\/p>\n                                    <\/div>\n                                                                    <div class=\"list_proyecto_publicaciones_image list_publicaciones_image\">\n                                    <div class=\"list_img_publicaciones\">\n                                        <div class=\"featured_img_publicaciones\">\n                                            <img decoding=\"async\" src=\"https:\/\/scob.es\/wp-content\/uploads\/2024\/09\/40-scob-arquitectura-paisajismo-LA-MARINA-EDIFICIO-ENTRADA-FACHADA-\u00a9GOULA-07.jpg\" class=\"attachment-post-thumbnail size-post-thumbnail wp-post-image\" alt=\"\" srcset=\"https:\/\/scob.es\/wp-content\/uploads\/2024\/09\/40-scob-arquitectura-paisajismo-LA-MARINA-EDIFICIO-ENTRADA-FACHADA-\u00a9GOULA-07.jpg 1920w, https:\/\/scob.es\/wp-content\/uploads\/2024\/09\/40-scob-arquitectura-paisajismo-LA-MARINA-EDIFICIO-ENTRADA-FACHADA-\u00a9GOULA-07-300x169.jpg 300w, https:\/\/scob.es\/wp-content\/uploads\/2024\/09\/40-scob-arquitectura-paisajismo-LA-MARINA-EDIFICIO-ENTRADA-FACHADA-\u00a9GOULA-07-1024x576.jpg 1024w, https:\/\/scob.es\/wp-content\/uploads\/2024\/09\/40-scob-arquitectura-paisajismo-LA-MARINA-EDIFICIO-ENTRADA-FACHADA-\u00a9GOULA-07-768x432.jpg 768w, https:\/\/scob.es\/wp-content\/uploads\/2024\/09\/40-scob-arquitectura-paisajismo-LA-MARINA-EDIFICIO-ENTRADA-FACHADA-\u00a9GOULA-07-1536x864.jpg 1536w\" sizes=\"(max-width: 1920px) 100vw, 1920px\" \/>                                        <\/div>\n                                    <\/div>\n                                <\/div>\n                            <\/div>\n                        <\/div>\n                                                <div class=\"list_premios_publicaciones list_proyecto_publicaciones list_publicaciones\">\n                            <div class=\"list_proyecto_publicaciones_wrapper list_publicaciones_wrapper\">\n                                <div class=\"list_proyecto_publicaciones_year list_publicaciones_year\">\n                                    2016                                <\/div>\n                                                                    <div class=\"list_proyecto_publicaciones_nombre list_publicaciones_nombre\">\n                                        <p><span class=\"posicion_premio borna-bold\">Guanyador.<\/span>\n                                            Public Choice A+ Architizer Award,,                                            Marina Port Vell. The Club                                        <\/p>\n                                    <\/div>\n                                                                    <div class=\"list_proyecto_publicaciones_image list_publicaciones_image\">\n                                    <div class=\"list_img_publicaciones\">\n                                        <div class=\"featured_img_publicaciones\">\n                                            <img decoding=\"async\" src=\"https:\/\/scob.es\/wp-content\/uploads\/2024\/09\/40-scob-arquitectura-paisajismo-LA-MARINA-EDIFICIO-ENTRADA-FACHADA-\u00a9GOULA-07.jpg\" class=\"attachment-post-thumbnail size-post-thumbnail wp-post-image\" alt=\"\" srcset=\"https:\/\/scob.es\/wp-content\/uploads\/2024\/09\/40-scob-arquitectura-paisajismo-LA-MARINA-EDIFICIO-ENTRADA-FACHADA-\u00a9GOULA-07.jpg 1920w, https:\/\/scob.es\/wp-content\/uploads\/2024\/09\/40-scob-arquitectura-paisajismo-LA-MARINA-EDIFICIO-ENTRADA-FACHADA-\u00a9GOULA-07-300x169.jpg 300w, https:\/\/scob.es\/wp-content\/uploads\/2024\/09\/40-scob-arquitectura-paisajismo-LA-MARINA-EDIFICIO-ENTRADA-FACHADA-\u00a9GOULA-07-1024x576.jpg 1024w, https:\/\/scob.es\/wp-content\/uploads\/2024\/09\/40-scob-arquitectura-paisajismo-LA-MARINA-EDIFICIO-ENTRADA-FACHADA-\u00a9GOULA-07-768x432.jpg 768w, https:\/\/scob.es\/wp-content\/uploads\/2024\/09\/40-scob-arquitectura-paisajismo-LA-MARINA-EDIFICIO-ENTRADA-FACHADA-\u00a9GOULA-07-1536x864.jpg 1536w\" sizes=\"(max-width: 1920px) 100vw, 1920px\" \/>                                        <\/div>\n                                    <\/div>\n                                <\/div>\n                            <\/div>\n                        <\/div>\n                                                <div class=\"list_premios_publicaciones list_proyecto_publicaciones list_publicaciones\">\n                            <div class=\"list_proyecto_publicaciones_wrapper list_publicaciones_wrapper\">\n                                <div class=\"list_proyecto_publicaciones_year list_publicaciones_year\">\n                                    2016                                <\/div>\n                                                                    <div class=\"list_proyecto_publicaciones_nombre list_publicaciones_nombre\">\n                                        <p><span class=\"posicion_premio borna-bold\">Finalista.<\/span>\n                                            WAN awards,                                            Marina Port Vell. The Gallery                                        <\/p>\n                                    <\/div>\n                                                                    <div class=\"list_proyecto_publicaciones_image list_publicaciones_image\">\n                                    <div class=\"list_img_publicaciones\">\n                                        <div class=\"featured_img_publicaciones\">\n                                            <img decoding=\"async\" src=\"https:\/\/scob.es\/wp-content\/uploads\/2024\/09\/40-scob-arquitectura-paisajismo-LA-MARINA-EDIFICIO-ENTRADA-FACHADA-\u00a9GOULA-07.jpg\" class=\"attachment-post-thumbnail size-post-thumbnail wp-post-image\" alt=\"\" srcset=\"https:\/\/scob.es\/wp-content\/uploads\/2024\/09\/40-scob-arquitectura-paisajismo-LA-MARINA-EDIFICIO-ENTRADA-FACHADA-\u00a9GOULA-07.jpg 1920w, https:\/\/scob.es\/wp-content\/uploads\/2024\/09\/40-scob-arquitectura-paisajismo-LA-MARINA-EDIFICIO-ENTRADA-FACHADA-\u00a9GOULA-07-300x169.jpg 300w, https:\/\/scob.es\/wp-content\/uploads\/2024\/09\/40-scob-arquitectura-paisajismo-LA-MARINA-EDIFICIO-ENTRADA-FACHADA-\u00a9GOULA-07-1024x576.jpg 1024w, https:\/\/scob.es\/wp-content\/uploads\/2024\/09\/40-scob-arquitectura-paisajismo-LA-MARINA-EDIFICIO-ENTRADA-FACHADA-\u00a9GOULA-07-768x432.jpg 768w, https:\/\/scob.es\/wp-content\/uploads\/2024\/09\/40-scob-arquitectura-paisajismo-LA-MARINA-EDIFICIO-ENTRADA-FACHADA-\u00a9GOULA-07-1536x864.jpg 1536w\" sizes=\"(max-width: 1920px) 100vw, 1920px\" \/>                                        <\/div>\n                                    <\/div>\n                                <\/div>\n                            <\/div>\n                        <\/div>\n                                                <div class=\"list_premios_publicaciones list_proyecto_publicaciones list_publicaciones\">\n                            <div class=\"list_proyecto_publicaciones_wrapper list_publicaciones_wrapper\">\n                                <div class=\"list_proyecto_publicaciones_year list_publicaciones_year\">\n                                    2016                                <\/div>\n                                                                    <div class=\"list_proyecto_publicaciones_nombre list_publicaciones_nombre\">\n                                        <p><span class=\"posicion_premio borna-bold\">Finalista.<\/span>\n                                            WAN awards,                                            Marina Port Vell. The Club                                        <\/p>\n                                    <\/div>\n                                                                    <div class=\"list_proyecto_publicaciones_image list_publicaciones_image\">\n                                    <div class=\"list_img_publicaciones\">\n                                        <div class=\"featured_img_publicaciones\">\n                                            <img decoding=\"async\" src=\"https:\/\/scob.es\/wp-content\/uploads\/2024\/09\/40-scob-arquitectura-paisajismo-LA-MARINA-EDIFICIO-ENTRADA-FACHADA-\u00a9GOULA-07.jpg\" class=\"attachment-post-thumbnail size-post-thumbnail wp-post-image\" alt=\"\" srcset=\"https:\/\/scob.es\/wp-content\/uploads\/2024\/09\/40-scob-arquitectura-paisajismo-LA-MARINA-EDIFICIO-ENTRADA-FACHADA-\u00a9GOULA-07.jpg 1920w, https:\/\/scob.es\/wp-content\/uploads\/2024\/09\/40-scob-arquitectura-paisajismo-LA-MARINA-EDIFICIO-ENTRADA-FACHADA-\u00a9GOULA-07-300x169.jpg 300w, https:\/\/scob.es\/wp-content\/uploads\/2024\/09\/40-scob-arquitectura-paisajismo-LA-MARINA-EDIFICIO-ENTRADA-FACHADA-\u00a9GOULA-07-1024x576.jpg 1024w, https:\/\/scob.es\/wp-content\/uploads\/2024\/09\/40-scob-arquitectura-paisajismo-LA-MARINA-EDIFICIO-ENTRADA-FACHADA-\u00a9GOULA-07-768x432.jpg 768w, https:\/\/scob.es\/wp-content\/uploads\/2024\/09\/40-scob-arquitectura-paisajismo-LA-MARINA-EDIFICIO-ENTRADA-FACHADA-\u00a9GOULA-07-1536x864.jpg 1536w\" sizes=\"(max-width: 1920px) 100vw, 1920px\" \/>                                        <\/div>\n                                    <\/div>\n                                <\/div>\n                            <\/div>\n                        <\/div>\n                                                <div class=\"list_premios_publicaciones list_proyecto_publicaciones list_publicaciones\">\n                            <div class=\"list_proyecto_publicaciones_wrapper list_publicaciones_wrapper\">\n                                <div class=\"list_proyecto_publicaciones_year list_publicaciones_year\">\n                                    2016                                <\/div>\n                                                                    <div class=\"list_proyecto_publicaciones_nombre list_publicaciones_nombre\">\n                                        <p><span class=\"posicion_premio borna-bold\">Projecte seleccionat.<\/span>\n                                            XIII Biennal Espanyola d\u00b4Arquitectura i Urbanisme. Marina Port Vell,                                            Marina Port Vell. The Gallery                                        <\/p>\n                                    <\/div>\n                                                                    <div class=\"list_proyecto_publicaciones_image list_publicaciones_image\">\n                                    <div class=\"list_img_publicaciones\">\n                                        <div class=\"featured_img_publicaciones\">\n                                            <img decoding=\"async\" src=\"https:\/\/scob.es\/wp-content\/uploads\/2024\/09\/40-scob-arquitectura-paisajismo-LA-MARINA-EDIFICIO-SERVICIOS-FACHADA-\u00a9GOULA-01_ed.jpg\" class=\"attachment-post-thumbnail size-post-thumbnail wp-post-image\" alt=\"\" srcset=\"https:\/\/scob.es\/wp-content\/uploads\/2024\/09\/40-scob-arquitectura-paisajismo-LA-MARINA-EDIFICIO-SERVICIOS-FACHADA-\u00a9GOULA-01_ed.jpg 1920w, https:\/\/scob.es\/wp-content\/uploads\/2024\/09\/40-scob-arquitectura-paisajismo-LA-MARINA-EDIFICIO-SERVICIOS-FACHADA-\u00a9GOULA-01_ed-300x169.jpg 300w, https:\/\/scob.es\/wp-content\/uploads\/2024\/09\/40-scob-arquitectura-paisajismo-LA-MARINA-EDIFICIO-SERVICIOS-FACHADA-\u00a9GOULA-01_ed-1024x576.jpg 1024w, https:\/\/scob.es\/wp-content\/uploads\/2024\/09\/40-scob-arquitectura-paisajismo-LA-MARINA-EDIFICIO-SERVICIOS-FACHADA-\u00a9GOULA-01_ed-768x432.jpg 768w, https:\/\/scob.es\/wp-content\/uploads\/2024\/09\/40-scob-arquitectura-paisajismo-LA-MARINA-EDIFICIO-SERVICIOS-FACHADA-\u00a9GOULA-01_ed-1536x864.jpg 1536w\" sizes=\"(max-width: 1920px) 100vw, 1920px\" \/>                                        <\/div>\n                                    <\/div>\n                                <\/div>\n                            <\/div>\n                        <\/div>\n                                                <div class=\"list_premios_publicaciones list_proyecto_publicaciones list_publicaciones\">\n                            <div class=\"list_proyecto_publicaciones_wrapper list_publicaciones_wrapper\">\n                                <div class=\"list_proyecto_publicaciones_year list_publicaciones_year\">\n                                    2016                                <\/div>\n                                                                    <div class=\"list_proyecto_publicaciones_nombre list_publicaciones_nombre\">\n                                        <p><span class=\"posicion_premio borna-bold\">Projecte seleccionat.<\/span>\n                                            XIII Biennal Espanyola d\u00b4Arquitectura i Urbanisme. Marina Port Vell,                                            Marina Port Vell. The Club                                        <\/p>\n                                    <\/div>\n                                                                    <div class=\"list_proyecto_publicaciones_image list_publicaciones_image\">\n                                    <div class=\"list_img_publicaciones\">\n                                        <div class=\"featured_img_publicaciones\">\n                                            <img decoding=\"async\" src=\"https:\/\/scob.es\/wp-content\/uploads\/2024\/09\/40-scob-arquitectura-paisajismo-LA-MARINA-EDIFICIO-SERVICIOS-FACHADA-\u00a9GOULA-01_ed.jpg\" class=\"attachment-post-thumbnail size-post-thumbnail wp-post-image\" alt=\"\" srcset=\"https:\/\/scob.es\/wp-content\/uploads\/2024\/09\/40-scob-arquitectura-paisajismo-LA-MARINA-EDIFICIO-SERVICIOS-FACHADA-\u00a9GOULA-01_ed.jpg 1920w, https:\/\/scob.es\/wp-content\/uploads\/2024\/09\/40-scob-arquitectura-paisajismo-LA-MARINA-EDIFICIO-SERVICIOS-FACHADA-\u00a9GOULA-01_ed-300x169.jpg 300w, https:\/\/scob.es\/wp-content\/uploads\/2024\/09\/40-scob-arquitectura-paisajismo-LA-MARINA-EDIFICIO-SERVICIOS-FACHADA-\u00a9GOULA-01_ed-1024x576.jpg 1024w, https:\/\/scob.es\/wp-content\/uploads\/2024\/09\/40-scob-arquitectura-paisajismo-LA-MARINA-EDIFICIO-SERVICIOS-FACHADA-\u00a9GOULA-01_ed-768x432.jpg 768w, https:\/\/scob.es\/wp-content\/uploads\/2024\/09\/40-scob-arquitectura-paisajismo-LA-MARINA-EDIFICIO-SERVICIOS-FACHADA-\u00a9GOULA-01_ed-1536x864.jpg 1536w\" sizes=\"(max-width: 1920px) 100vw, 1920px\" \/>                                        <\/div>\n                                    <\/div>\n                                <\/div>\n                            <\/div>\n                        <\/div>\n                                                <div class=\"list_premios_publicaciones list_proyecto_publicaciones list_publicaciones\">\n                            <div class=\"list_proyecto_publicaciones_wrapper list_publicaciones_wrapper\">\n                                <div class=\"list_proyecto_publicaciones_year list_publicaciones_year\">\n                                    2015                                <\/div>\n                                                                    <div class=\"list_proyecto_publicaciones_nombre list_publicaciones_nombre\">\n                                        <p><span class=\"posicion_premio borna-bold\">Finalista.<\/span>\n                                            FX International Design Awards,                                            Landskateparks                                        <\/p>\n                                    <\/div>\n                                                                    <div class=\"list_proyecto_publicaciones_image list_publicaciones_image\">\n                                    <div class=\"list_img_publicaciones\">\n                                        <div class=\"featured_img_publicaciones\">\n                                            <img decoding=\"async\" src=\"https:\/\/scob.es\/wp-content\/uploads\/2024\/09\/26-scob-diseno-skate-park-MAR-BELLA-\u00a9GOULA-02.jpg\" class=\"attachment-post-thumbnail size-post-thumbnail wp-post-image\" alt=\"\" srcset=\"https:\/\/scob.es\/wp-content\/uploads\/2024\/09\/26-scob-diseno-skate-park-MAR-BELLA-\u00a9GOULA-02.jpg 1920w, https:\/\/scob.es\/wp-content\/uploads\/2024\/09\/26-scob-diseno-skate-park-MAR-BELLA-\u00a9GOULA-02-300x169.jpg 300w, https:\/\/scob.es\/wp-content\/uploads\/2024\/09\/26-scob-diseno-skate-park-MAR-BELLA-\u00a9GOULA-02-1024x576.jpg 1024w, https:\/\/scob.es\/wp-content\/uploads\/2024\/09\/26-scob-diseno-skate-park-MAR-BELLA-\u00a9GOULA-02-768x432.jpg 768w, https:\/\/scob.es\/wp-content\/uploads\/2024\/09\/26-scob-diseno-skate-park-MAR-BELLA-\u00a9GOULA-02-1536x864.jpg 1536w\" sizes=\"(max-width: 1920px) 100vw, 1920px\" \/>                                        <\/div>\n                                    <\/div>\n                                <\/div>\n                            <\/div>\n                        <\/div>\n                                                <div class=\"list_premios_publicaciones list_proyecto_publicaciones list_publicaciones\">\n                            <div class=\"list_proyecto_publicaciones_wrapper list_publicaciones_wrapper\">\n                                <div class=\"list_proyecto_publicaciones_year list_publicaciones_year\">\n                                    2015                                <\/div>\n                                                                    <div class=\"list_proyecto_publicaciones_nombre list_publicaciones_nombre\">\n                                        <p><span class=\"posicion_premio borna-bold\">Guanyador.<\/span>\n                                            FX International Design Awards,                                            Marina Port Vell. The Gallery                                        <\/p>\n                                    <\/div>\n                                                                    <div class=\"list_proyecto_publicaciones_image list_publicaciones_image\">\n                                    <div class=\"list_img_publicaciones\">\n                                        <div class=\"featured_img_publicaciones\">\n                                            <img decoding=\"async\" src=\"https:\/\/scob.es\/wp-content\/uploads\/2024\/09\/40-scob-arquitectura-paisajismo-LA-MARINA-EDIFICIO-SERVICIOS-FACHADA-\u00a9GOULA-01_ed.jpg\" class=\"attachment-post-thumbnail size-post-thumbnail wp-post-image\" alt=\"\" srcset=\"https:\/\/scob.es\/wp-content\/uploads\/2024\/09\/40-scob-arquitectura-paisajismo-LA-MARINA-EDIFICIO-SERVICIOS-FACHADA-\u00a9GOULA-01_ed.jpg 1920w, https:\/\/scob.es\/wp-content\/uploads\/2024\/09\/40-scob-arquitectura-paisajismo-LA-MARINA-EDIFICIO-SERVICIOS-FACHADA-\u00a9GOULA-01_ed-300x169.jpg 300w, https:\/\/scob.es\/wp-content\/uploads\/2024\/09\/40-scob-arquitectura-paisajismo-LA-MARINA-EDIFICIO-SERVICIOS-FACHADA-\u00a9GOULA-01_ed-1024x576.jpg 1024w, https:\/\/scob.es\/wp-content\/uploads\/2024\/09\/40-scob-arquitectura-paisajismo-LA-MARINA-EDIFICIO-SERVICIOS-FACHADA-\u00a9GOULA-01_ed-768x432.jpg 768w, https:\/\/scob.es\/wp-content\/uploads\/2024\/09\/40-scob-arquitectura-paisajismo-LA-MARINA-EDIFICIO-SERVICIOS-FACHADA-\u00a9GOULA-01_ed-1536x864.jpg 1536w\" sizes=\"(max-width: 1920px) 100vw, 1920px\" \/>                                        <\/div>\n                                    <\/div>\n                                <\/div>\n                            <\/div>\n                        <\/div>\n                                                <div class=\"list_premios_publicaciones list_proyecto_publicaciones list_publicaciones\">\n                            <div class=\"list_proyecto_publicaciones_wrapper list_publicaciones_wrapper\">\n                                <div class=\"list_proyecto_publicaciones_year list_publicaciones_year\">\n                                    2015                                <\/div>\n                                                                    <div class=\"list_proyecto_publicaciones_nombre list_publicaciones_nombre\">\n                                        <p><span class=\"posicion_premio borna-bold\">Guanyador.<\/span>\n                                            FX International Design Awards,                                            Marina Port Vell. The Club                                        <\/p>\n                                    <\/div>\n                                                                    <div class=\"list_proyecto_publicaciones_image list_publicaciones_image\">\n                                    <div class=\"list_img_publicaciones\">\n                                        <div class=\"featured_img_publicaciones\">\n                                            <img decoding=\"async\" src=\"https:\/\/scob.es\/wp-content\/uploads\/2024\/09\/40-scob-arquitectura-paisajismo-LA-MARINA-EDIFICIO-SERVICIOS-FACHADA-\u00a9GOULA-01_ed.jpg\" class=\"attachment-post-thumbnail size-post-thumbnail wp-post-image\" alt=\"\" srcset=\"https:\/\/scob.es\/wp-content\/uploads\/2024\/09\/40-scob-arquitectura-paisajismo-LA-MARINA-EDIFICIO-SERVICIOS-FACHADA-\u00a9GOULA-01_ed.jpg 1920w, https:\/\/scob.es\/wp-content\/uploads\/2024\/09\/40-scob-arquitectura-paisajismo-LA-MARINA-EDIFICIO-SERVICIOS-FACHADA-\u00a9GOULA-01_ed-300x169.jpg 300w, https:\/\/scob.es\/wp-content\/uploads\/2024\/09\/40-scob-arquitectura-paisajismo-LA-MARINA-EDIFICIO-SERVICIOS-FACHADA-\u00a9GOULA-01_ed-1024x576.jpg 1024w, https:\/\/scob.es\/wp-content\/uploads\/2024\/09\/40-scob-arquitectura-paisajismo-LA-MARINA-EDIFICIO-SERVICIOS-FACHADA-\u00a9GOULA-01_ed-768x432.jpg 768w, https:\/\/scob.es\/wp-content\/uploads\/2024\/09\/40-scob-arquitectura-paisajismo-LA-MARINA-EDIFICIO-SERVICIOS-FACHADA-\u00a9GOULA-01_ed-1536x864.jpg 1536w\" sizes=\"(max-width: 1920px) 100vw, 1920px\" \/>                                        <\/div>\n                                    <\/div>\n                                <\/div>\n                            <\/div>\n                        <\/div>\n                                                <div class=\"list_premios_publicaciones list_proyecto_publicaciones list_publicaciones\">\n                            <div class=\"list_proyecto_publicaciones_wrapper list_publicaciones_wrapper\">\n                                <div class=\"list_proyecto_publicaciones_year list_publicaciones_year\">\n                                    2015                                <\/div>\n                                                                    <div class=\"list_proyecto_publicaciones_nombre list_publicaciones_nombre\">\n                                        <p><span class=\"posicion_premio borna-bold\">Guanyador.<\/span>\n                                            FX International Design Awards, ODOS s\u00e8rie de mobiliari urb\u00e0,                                            Mobiliari urb\u00e0                                        <\/p>\n                                    <\/div>\n                                                                    <div class=\"list_proyecto_publicaciones_image list_publicaciones_image\">\n                                    <div class=\"list_img_publicaciones\">\n                                        <div class=\"featured_img_publicaciones\">\n                                                                                    <\/div>\n                                    <\/div>\n                                <\/div>\n                            <\/div>\n                        <\/div>\n                                                <div class=\"list_premios_publicaciones list_proyecto_publicaciones list_publicaciones\">\n                            <div class=\"list_proyecto_publicaciones_wrapper list_publicaciones_wrapper\">\n                                <div class=\"list_proyecto_publicaciones_year list_publicaciones_year\">\n                                    2015                                <\/div>\n                                                                    <div class=\"list_proyecto_publicaciones_nombre list_publicaciones_nombre\">\n                                        <p><span class=\"posicion_premio borna-bold\">Finalista.<\/span>\n                                            FX International Design Awards, OO Latice,                                            Marina Port Vell. The Club                                        <\/p>\n                                    <\/div>\n                                                                    <div class=\"list_proyecto_publicaciones_image list_publicaciones_image\">\n                                    <div class=\"list_img_publicaciones\">\n                                        <div class=\"featured_img_publicaciones\">\n                                            <img decoding=\"async\" src=\"https:\/\/scob.es\/wp-content\/uploads\/2024\/09\/40-scob-arquitectura-paisajismo-LA-MARINA-EDIFICIO-ENTRADA-FACHADA-\u00a9GOULA-07.jpg\" class=\"attachment-post-thumbnail size-post-thumbnail wp-post-image\" alt=\"\" srcset=\"https:\/\/scob.es\/wp-content\/uploads\/2024\/09\/40-scob-arquitectura-paisajismo-LA-MARINA-EDIFICIO-ENTRADA-FACHADA-\u00a9GOULA-07.jpg 1920w, https:\/\/scob.es\/wp-content\/uploads\/2024\/09\/40-scob-arquitectura-paisajismo-LA-MARINA-EDIFICIO-ENTRADA-FACHADA-\u00a9GOULA-07-300x169.jpg 300w, https:\/\/scob.es\/wp-content\/uploads\/2024\/09\/40-scob-arquitectura-paisajismo-LA-MARINA-EDIFICIO-ENTRADA-FACHADA-\u00a9GOULA-07-1024x576.jpg 1024w, https:\/\/scob.es\/wp-content\/uploads\/2024\/09\/40-scob-arquitectura-paisajismo-LA-MARINA-EDIFICIO-ENTRADA-FACHADA-\u00a9GOULA-07-768x432.jpg 768w, https:\/\/scob.es\/wp-content\/uploads\/2024\/09\/40-scob-arquitectura-paisajismo-LA-MARINA-EDIFICIO-ENTRADA-FACHADA-\u00a9GOULA-07-1536x864.jpg 1536w\" sizes=\"(max-width: 1920px) 100vw, 1920px\" \/>                                        <\/div>\n                                    <\/div>\n                                <\/div>\n                            <\/div>\n                        <\/div>\n                                                <div class=\"list_premios_publicaciones list_proyecto_publicaciones list_publicaciones\">\n                            <div class=\"list_proyecto_publicaciones_wrapper list_publicaciones_wrapper\">\n                                <div class=\"list_proyecto_publicaciones_year list_publicaciones_year\">\n                                    2015                                <\/div>\n                                                                    <div class=\"list_proyecto_publicaciones_nombre list_publicaciones_nombre\">\n                                        <p><span class=\"posicion_premio borna-bold\">Finalista.<\/span>\n                                            FX International Design Awards, OO Latice,                                            Marina Port Vell. The Gallery                                        <\/p>\n                                    <\/div>\n                                                                    <div class=\"list_proyecto_publicaciones_image list_publicaciones_image\">\n                                    <div class=\"list_img_publicaciones\">\n                                        <div class=\"featured_img_publicaciones\">\n                                            <img decoding=\"async\" src=\"https:\/\/scob.es\/wp-content\/uploads\/2024\/09\/40-scob-arquitectura-paisajismo-LA-MARINA-EDIFICIO-ENTRADA-FACHADA-\u00a9GOULA-07.jpg\" class=\"attachment-post-thumbnail size-post-thumbnail wp-post-image\" alt=\"\" srcset=\"https:\/\/scob.es\/wp-content\/uploads\/2024\/09\/40-scob-arquitectura-paisajismo-LA-MARINA-EDIFICIO-ENTRADA-FACHADA-\u00a9GOULA-07.jpg 1920w, https:\/\/scob.es\/wp-content\/uploads\/2024\/09\/40-scob-arquitectura-paisajismo-LA-MARINA-EDIFICIO-ENTRADA-FACHADA-\u00a9GOULA-07-300x169.jpg 300w, https:\/\/scob.es\/wp-content\/uploads\/2024\/09\/40-scob-arquitectura-paisajismo-LA-MARINA-EDIFICIO-ENTRADA-FACHADA-\u00a9GOULA-07-1024x576.jpg 1024w, https:\/\/scob.es\/wp-content\/uploads\/2024\/09\/40-scob-arquitectura-paisajismo-LA-MARINA-EDIFICIO-ENTRADA-FACHADA-\u00a9GOULA-07-768x432.jpg 768w, https:\/\/scob.es\/wp-content\/uploads\/2024\/09\/40-scob-arquitectura-paisajismo-LA-MARINA-EDIFICIO-ENTRADA-FACHADA-\u00a9GOULA-07-1536x864.jpg 1536w\" sizes=\"(max-width: 1920px) 100vw, 1920px\" \/>                                        <\/div>\n                                    <\/div>\n                                <\/div>\n                            <\/div>\n                        <\/div>\n                                                <div class=\"list_premios_publicaciones list_proyecto_publicaciones list_publicaciones\">\n                            <div class=\"list_proyecto_publicaciones_wrapper list_publicaciones_wrapper\">\n                                <div class=\"list_proyecto_publicaciones_year list_publicaciones_year\">\n                                    2014                                <\/div>\n                                                                    <div class=\"list_proyecto_publicaciones_nombre list_publicaciones_nombre\">\n                                        <p><span class=\"posicion_premio borna-bold\">Finalista.<\/span>\n                                            Premi d&#8217;Arquitectura Comarques de Girona. Consultori local. Aiguaviva,                                            Consultori m\u00e8dic d'Aiguaviva                                        <\/p>\n                                    <\/div>\n                                                                    <div class=\"list_proyecto_publicaciones_image list_publicaciones_image\">\n                                    <div class=\"list_img_publicaciones\">\n                                        <div class=\"featured_img_publicaciones\">\n                                            <img decoding=\"async\" src=\"https:\/\/scob.es\/wp-content\/uploads\/2024\/09\/23-scob-diseno-CONSULTORI-MEDIC-AIGUAVIVA-DETALLE-\u00a9GOULA-02.jpg\" class=\"attachment-post-thumbnail size-post-thumbnail wp-post-image\" alt=\"\" srcset=\"https:\/\/scob.es\/wp-content\/uploads\/2024\/09\/23-scob-diseno-CONSULTORI-MEDIC-AIGUAVIVA-DETALLE-\u00a9GOULA-02.jpg 1920w, https:\/\/scob.es\/wp-content\/uploads\/2024\/09\/23-scob-diseno-CONSULTORI-MEDIC-AIGUAVIVA-DETALLE-\u00a9GOULA-02-300x169.jpg 300w, https:\/\/scob.es\/wp-content\/uploads\/2024\/09\/23-scob-diseno-CONSULTORI-MEDIC-AIGUAVIVA-DETALLE-\u00a9GOULA-02-1024x576.jpg 1024w, https:\/\/scob.es\/wp-content\/uploads\/2024\/09\/23-scob-diseno-CONSULTORI-MEDIC-AIGUAVIVA-DETALLE-\u00a9GOULA-02-768x432.jpg 768w, https:\/\/scob.es\/wp-content\/uploads\/2024\/09\/23-scob-diseno-CONSULTORI-MEDIC-AIGUAVIVA-DETALLE-\u00a9GOULA-02-1536x864.jpg 1536w\" sizes=\"(max-width: 1920px) 100vw, 1920px\" \/>                                        <\/div>\n                                    <\/div>\n                                <\/div>\n                            <\/div>\n                        <\/div>\n                                                <div class=\"list_premios_publicaciones list_proyecto_publicaciones list_publicaciones\">\n                            <div class=\"list_proyecto_publicaciones_wrapper list_publicaciones_wrapper\">\n                                <div class=\"list_proyecto_publicaciones_year list_publicaciones_year\">\n                                    2010                                <\/div>\n                                                                    <div class=\"list_proyecto_publicaciones_nombre list_publicaciones_nombre\">\n                                        <p><span class=\"posicion_premio borna-bold\">Guanyador.<\/span>\n                                            Concurs per a la remodelaci\u00f3 de la Pla\u00e7a Urdanibia,                                            Pla\u00e7a Urdanibia                                        <\/p>\n                                    <\/div>\n                                                                    <div class=\"list_proyecto_publicaciones_image list_publicaciones_image\">\n                                    <div class=\"list_img_publicaciones\">\n                                        <div class=\"featured_img_publicaciones\">\n                                            <img decoding=\"async\" src=\"https:\/\/scob.es\/wp-content\/uploads\/2024\/09\/35-scob-diseno-espacio-publico-PLAZA-URDANIBIA-\u00a9GOULA-01_low.jpg\" class=\"attachment-post-thumbnail size-post-thumbnail wp-post-image\" alt=\"\" srcset=\"https:\/\/scob.es\/wp-content\/uploads\/2024\/09\/35-scob-diseno-espacio-publico-PLAZA-URDANIBIA-\u00a9GOULA-01_low.jpg 1920w, https:\/\/scob.es\/wp-content\/uploads\/2024\/09\/35-scob-diseno-espacio-publico-PLAZA-URDANIBIA-\u00a9GOULA-01_low-300x169.jpg 300w, https:\/\/scob.es\/wp-content\/uploads\/2024\/09\/35-scob-diseno-espacio-publico-PLAZA-URDANIBIA-\u00a9GOULA-01_low-1024x576.jpg 1024w, https:\/\/scob.es\/wp-content\/uploads\/2024\/09\/35-scob-diseno-espacio-publico-PLAZA-URDANIBIA-\u00a9GOULA-01_low-768x432.jpg 768w, https:\/\/scob.es\/wp-content\/uploads\/2024\/09\/35-scob-diseno-espacio-publico-PLAZA-URDANIBIA-\u00a9GOULA-01_low-1536x864.jpg 1536w\" sizes=\"(max-width: 1920px) 100vw, 1920px\" \/>                                        <\/div>\n                                    <\/div>\n                                <\/div>\n                            <\/div>\n                        <\/div>\n                                                <div class=\"list_premios_publicaciones list_proyecto_publicaciones list_publicaciones\">\n                            <div class=\"list_proyecto_publicaciones_wrapper list_publicaciones_wrapper\">\n                                <div class=\"list_proyecto_publicaciones_year list_publicaciones_year\">\n                                    2010                                <\/div>\n                                                                    <div class=\"list_proyecto_publicaciones_nombre list_publicaciones_nombre\">\n                                        <p><span class=\"posicion_premio borna-bold\">Guanyador.<\/span>\n                                            Concurs per a la urbanitzaci\u00f3 del nucli antic d&#8217;\u00d2dena,                                            Nucli antic d'\u00d2dena                                        <\/p>\n                                    <\/div>\n                                                                    <div class=\"list_proyecto_publicaciones_image list_publicaciones_image\">\n                                    <div class=\"list_img_publicaciones\">\n                                        <div class=\"featured_img_publicaciones\">\n                                            <img decoding=\"async\" src=\"https:\/\/scob.es\/wp-content\/uploads\/2024\/09\/37-scob-diseno-espacio-publico-PLAZA-ODENA-\u00a9GOULA-03.jpg\" class=\"attachment-post-thumbnail size-post-thumbnail wp-post-image\" alt=\"\" srcset=\"https:\/\/scob.es\/wp-content\/uploads\/2024\/09\/37-scob-diseno-espacio-publico-PLAZA-ODENA-\u00a9GOULA-03.jpg 2500w, https:\/\/scob.es\/wp-content\/uploads\/2024\/09\/37-scob-diseno-espacio-publico-PLAZA-ODENA-\u00a9GOULA-03-300x169.jpg 300w, https:\/\/scob.es\/wp-content\/uploads\/2024\/09\/37-scob-diseno-espacio-publico-PLAZA-ODENA-\u00a9GOULA-03-1024x576.jpg 1024w, https:\/\/scob.es\/wp-content\/uploads\/2024\/09\/37-scob-diseno-espacio-publico-PLAZA-ODENA-\u00a9GOULA-03-768x432.jpg 768w, https:\/\/scob.es\/wp-content\/uploads\/2024\/09\/37-scob-diseno-espacio-publico-PLAZA-ODENA-\u00a9GOULA-03-1536x864.jpg 1536w, https:\/\/scob.es\/wp-content\/uploads\/2024\/09\/37-scob-diseno-espacio-publico-PLAZA-ODENA-\u00a9GOULA-03-2048x1152.jpg 2048w\" sizes=\"(max-width: 2500px) 100vw, 2500px\" \/>                                        <\/div>\n                                    <\/div>\n                                <\/div>\n                            <\/div>\n                        <\/div>\n                                <\/div>\n    <\/section>\n<\/section>\n\n<\/div>\t\t\t\t<\/div>\n\t\t\t\t<\/div>\n\t\t\t\t\t<\/div>\n\t\t<\/div>\n\t\t\t\t\t<\/div>\n\t\t<\/section>\n\t\t\t\t\t<\/div>\n\t\t<\/div>\n\t\t\t\t\t<\/div>\n\t\t<\/section>\n\t\t\t\t<section class=\"elementor-section elementor-top-section elementor-element elementor-element-381ef7a wrapper-wide section-normal elementor-section-boxed elementor-section-height-default elementor-section-height-default default\" data-id=\"381ef7a\" data-element_type=\"section\" data-e-type=\"section\">\n\t\t\t\t\t\t<div class=\"elementor-container elementor-column-gap-default\">\n\t\t\t\t\t<div class=\"elementor-column elementor-col-100 elementor-top-column elementor-element elementor-element-4148c5f\" data-id=\"4148c5f\" data-element_type=\"column\" data-e-type=\"column\">\n\t\t\t<div class=\"elementor-widget-wrap elementor-element-populated\">\n\t\t\t\t\t\t<div class=\"elementor-element elementor-element-ef62458 elementor-widget elementor-widget-spacer\" data-id=\"ef62458\" data-element_type=\"widget\" data-e-type=\"widget\" data-widget_type=\"spacer.default\">\n\t\t\t\t<div class=\"elementor-widget-container\">\n\t\t\t\t\t\t\t<div class=\"elementor-spacer\">\n\t\t\t<div class=\"elementor-spacer-inner\"><\/div>\n\t\t<\/div>\n\t\t\t\t\t\t<\/div>\n\t\t\t\t<\/div>\n\t\t\t\t\t<\/div>\n\t\t<\/div>\n\t\t\t\t\t<\/div>\n\t\t<\/section>\n\t\t\t\t<\/div>\n\t\t","protected":false},"excerpt":{"rendered":"<p>Premis La traject\u00f2ria professional de scob ha estat reconeguda en premis i concursos darquitectura i paisatge d\u00e0mbit nacional i internacional.<\/p>\n","protected":false},"author":1,"featured_media":0,"parent":0,"menu_order":0,"comment_status":"closed","ping_status":"closed","template":"","meta":{"_acf_changed":false,"footnotes":""},"class_list":["post-22582","page","type-page","status-publish","hentry"],"acf":[],"yoast_head":"<!-- This site is optimized with the Yoast SEO plugin v27.4 - https:\/\/yoast.com\/product\/yoast-seo-wordpress\/ -->\n<title>About premis - Scob<\/title>\n<meta name=\"robots\" content=\"index, follow, max-snippet:-1, max-image-preview:large, max-video-preview:-1\" \/>\n<link rel=\"canonical\" href=\"https:\/\/scob.es\/ca\/about-premis\/\" \/>\n<meta property=\"og:locale\" content=\"ca_ES\" \/>\n<meta property=\"og:type\" content=\"article\" \/>\n<meta property=\"og:title\" content=\"About premis - Scob\" \/>\n<meta property=\"og:description\" content=\"Premis La traject\u00f2ria professional de scob ha estat reconeguda en premis i concursos darquitectura i paisatge d\u00e0mbit nacional i internacional.\" \/>\n<meta property=\"og:url\" content=\"https:\/\/scob.es\/ca\/about-premis\/\" \/>\n<meta property=\"og:site_name\" content=\"Scob\" \/>\n<meta property=\"article:modified_time\" content=\"2026-04-29T15:07:57+00:00\" \/>\n<meta name=\"twitter:card\" content=\"summary_large_image\" \/>\n<script type=\"application\/ld+json\" class=\"yoast-schema-graph\">{\"@context\":\"https:\\\/\\\/schema.org\",\"@graph\":[{\"@type\":\"WebPage\",\"@id\":\"https:\\\/\\\/scob.es\\\/ca\\\/about-premis\\\/\",\"url\":\"https:\\\/\\\/scob.es\\\/ca\\\/about-premis\\\/\",\"name\":\"About premis - Scob\",\"isPartOf\":{\"@id\":\"https:\\\/\\\/scob.es\\\/ca\\\/#website\"},\"datePublished\":\"2024-02-29T09:21:03+00:00\",\"dateModified\":\"2026-04-29T15:07:57+00:00\",\"breadcrumb\":{\"@id\":\"https:\\\/\\\/scob.es\\\/ca\\\/about-premis\\\/#breadcrumb\"},\"inLanguage\":\"ca\",\"potentialAction\":[{\"@type\":\"ReadAction\",\"target\":[\"https:\\\/\\\/scob.es\\\/ca\\\/about-premis\\\/\"]}]},{\"@type\":\"BreadcrumbList\",\"@id\":\"https:\\\/\\\/scob.es\\\/ca\\\/about-premis\\\/#breadcrumb\",\"itemListElement\":[{\"@type\":\"ListItem\",\"position\":1,\"name\":\"Home\",\"item\":\"https:\\\/\\\/scob.es\\\/ca\\\/home\\\/\"},{\"@type\":\"ListItem\",\"position\":2,\"name\":\"About premis\"}]},{\"@type\":\"WebSite\",\"@id\":\"https:\\\/\\\/scob.es\\\/ca\\\/#website\",\"url\":\"https:\\\/\\\/scob.es\\\/ca\\\/\",\"name\":\"Scob\",\"description\":\"\",\"potentialAction\":[{\"@type\":\"SearchAction\",\"target\":{\"@type\":\"EntryPoint\",\"urlTemplate\":\"https:\\\/\\\/scob.es\\\/ca\\\/?s={search_term_string}\"},\"query-input\":{\"@type\":\"PropertyValueSpecification\",\"valueRequired\":true,\"valueName\":\"search_term_string\"}}],\"inLanguage\":\"ca\"}]}<\/script>\n<!-- \/ Yoast SEO plugin. -->","yoast_head_json":{"title":"About premis - Scob","robots":{"index":"index","follow":"follow","max-snippet":"max-snippet:-1","max-image-preview":"max-image-preview:large","max-video-preview":"max-video-preview:-1"},"canonical":"https:\/\/scob.es\/ca\/about-premis\/","og_locale":"ca_ES","og_type":"article","og_title":"About premis - Scob","og_description":"Premis La traject\u00f2ria professional de scob ha estat reconeguda en premis i concursos darquitectura i paisatge d\u00e0mbit nacional i internacional.","og_url":"https:\/\/scob.es\/ca\/about-premis\/","og_site_name":"Scob","article_modified_time":"2026-04-29T15:07:57+00:00","twitter_card":"summary_large_image","schema":{"@context":"https:\/\/schema.org","@graph":[{"@type":"WebPage","@id":"https:\/\/scob.es\/ca\/about-premis\/","url":"https:\/\/scob.es\/ca\/about-premis\/","name":"About premis - Scob","isPartOf":{"@id":"https:\/\/scob.es\/ca\/#website"},"datePublished":"2024-02-29T09:21:03+00:00","dateModified":"2026-04-29T15:07:57+00:00","breadcrumb":{"@id":"https:\/\/scob.es\/ca\/about-premis\/#breadcrumb"},"inLanguage":"ca","potentialAction":[{"@type":"ReadAction","target":["https:\/\/scob.es\/ca\/about-premis\/"]}]},{"@type":"BreadcrumbList","@id":"https:\/\/scob.es\/ca\/about-premis\/#breadcrumb","itemListElement":[{"@type":"ListItem","position":1,"name":"Home","item":"https:\/\/scob.es\/ca\/home\/"},{"@type":"ListItem","position":2,"name":"About premis"}]},{"@type":"WebSite","@id":"https:\/\/scob.es\/ca\/#website","url":"https:\/\/scob.es\/ca\/","name":"Scob","description":"","potentialAction":[{"@type":"SearchAction","target":{"@type":"EntryPoint","urlTemplate":"https:\/\/scob.es\/ca\/?s={search_term_string}"},"query-input":{"@type":"PropertyValueSpecification","valueRequired":true,"valueName":"search_term_string"}}],"inLanguage":"ca"}]}},"_links":{"self":[{"href":"https:\/\/scob.es\/ca\/wp-json\/wp\/v2\/pages\/22582","targetHints":{"allow":["GET"]}}],"collection":[{"href":"https:\/\/scob.es\/ca\/wp-json\/wp\/v2\/pages"}],"about":[{"href":"https:\/\/scob.es\/ca\/wp-json\/wp\/v2\/types\/page"}],"author":[{"embeddable":true,"href":"https:\/\/scob.es\/ca\/wp-json\/wp\/v2\/users\/1"}],"replies":[{"embeddable":true,"href":"https:\/\/scob.es\/ca\/wp-json\/wp\/v2\/comments?post=22582"}],"version-history":[{"count":4,"href":"https:\/\/scob.es\/ca\/wp-json\/wp\/v2\/pages\/22582\/revisions"}],"predecessor-version":[{"id":22770,"href":"https:\/\/scob.es\/ca\/wp-json\/wp\/v2\/pages\/22582\/revisions\/22770"}],"wp:attachment":[{"href":"https:\/\/scob.es\/ca\/wp-json\/wp\/v2\/media?parent=22582"}],"curies":[{"name":"wp","href":"https:\/\/api.w.org\/{rel}","templated":true}]}}