{"id":22122,"date":"2025-08-01T14:40:09","date_gmt":"2025-08-01T14:40:09","guid":{"rendered":"https:\/\/scob.es\/portfolio\/placa-major-i-centre-cultural\/"},"modified":"2026-04-01T10:08:43","modified_gmt":"2026-04-01T10:08:43","slug":"placa-major-i-centre-cultural","status":"publish","type":"portfolio","link":"https:\/\/scob.es\/ca\/portfolio\/placa-major-i-centre-cultural\/","title":{"rendered":"Pla\u00e7a Major i centre cultural"},"content":{"rendered":"\t\t<div data-elementor-type=\"wp-post\" data-elementor-id=\"22122\" class=\"elementor elementor-22122 elementor-18943\" data-elementor-post-type=\"portfolio\">\n\t\t\t\t\t\t<section class=\"elementor-section elementor-top-section elementor-element elementor-element-564ab35 wrapper-fuller elementor-section-height-min-height elementor-section-content-top section-normal elementor-section-boxed elementor-section-height-default elementor-section-items-middle default\" data-id=\"564ab35\" data-element_type=\"section\" data-e-type=\"section\" id=\"lista_publicaciones\" data-settings=\"{&quot;background_background&quot;:&quot;classic&quot;}\">\n\t\t\t\t\t\t<div class=\"elementor-container elementor-column-gap-default\">\n\t\t\t\t\t<div class=\"elementor-column elementor-col-100 elementor-top-column elementor-element elementor-element-1e8d54e\" data-id=\"1e8d54e\" data-element_type=\"column\" data-e-type=\"column\">\n\t\t\t<div class=\"elementor-widget-wrap elementor-element-populated\">\n\t\t\t\t\t\t<section class=\"elementor-section elementor-inner-section elementor-element elementor-element-dcfb412 elementor-section-content-top wrapper-wide section-normal elementor-section-boxed elementor-section-height-default elementor-section-height-default default\" data-id=\"dcfb412\" data-element_type=\"section\" data-e-type=\"section\">\n\t\t\t\t\t\t<div class=\"elementor-container elementor-column-gap-default\">\n\t\t\t\t\t<div class=\"elementor-column elementor-col-50 elementor-inner-column elementor-element elementor-element-74e1076\" data-id=\"74e1076\" data-element_type=\"column\" data-e-type=\"column\">\n\t\t\t<div class=\"elementor-widget-wrap elementor-element-populated\">\n\t\t\t\t\t\t<div class=\"elementor-element elementor-element-f21a16b elementor-widget elementor-widget-heading\" data-id=\"f21a16b\" data-element_type=\"widget\" data-e-type=\"widget\" data-widget_type=\"heading.default\">\n\t\t\t\t<div class=\"elementor-widget-container\">\n\t\t\t\t\t<h4 class=\"elementor-heading-title elementor-size-default\">Publicacions<\/h4>\t\t\t\t<\/div>\n\t\t\t\t<\/div>\n\t\t\t\t\t<\/div>\n\t\t<\/div>\n\t\t\t\t<div class=\"elementor-column elementor-col-50 elementor-inner-column elementor-element elementor-element-0108810\" data-id=\"0108810\" data-element_type=\"column\" data-e-type=\"column\">\n\t\t\t<div class=\"elementor-widget-wrap elementor-element-populated\">\n\t\t\t\t\t\t<div class=\"elementor-element elementor-element-1b9725d elementor-align-right elementor-widget elementor-widget-button\" data-id=\"1b9725d\" data-element_type=\"widget\" data-e-type=\"widget\" id=\"cerrar_btn_publi\" data-widget_type=\"button.default\">\n\t\t\t\t<div class=\"elementor-widget-container\">\n\t\t\t\t\t\t\t\t\t<div class=\"elementor-button-wrapper\">\n\t\t\t\t\t<a class=\"elementor-button elementor-size-sm\" role=\"button\">\n\t\t\t\t\t\t<span class=\"elementor-button-content-wrapper\">\n\t\t\t\t\t\t\t\t\t<span class=\"elementor-button-text\">x<\/span>\n\t\t\t\t\t<\/span>\n\t\t\t\t\t<\/a>\n\t\t\t\t<\/div>\n\t\t\t\t\t\t\t\t<\/div>\n\t\t\t\t<\/div>\n\t\t\t\t\t<\/div>\n\t\t<\/div>\n\t\t\t\t\t<\/div>\n\t\t<\/section>\n\t\t\t\t<div class=\"elementor-element elementor-element-4dd830a elementor-widget elementor-widget-wp-widget-ipw\" data-id=\"4dd830a\" data-element_type=\"widget\" data-e-type=\"widget\" data-widget_type=\"wp-widget-ipw.default\">\n\t\t\t\t<div class=\"elementor-widget-container\">\n\t\t\t\t\t<div data-post-id=\"10481\" class=\"insert-page insert-page-10481 \">\n<section id=\"primary\" class=\"publicaciones_section_content content-area col-sm-12 col-lg-12\">\n\t<section id=\"desc_title_proyecto_publicaciones publi-list-secc\">\n\t\t<div class=\"list_proyecto_publicaciones_container list_publicaciones_container\">\n\t\t\t<\/div>\n\n<\/section>\n\n<\/section>\n\n<\/div>\t\t\t\t<\/div>\n\t\t\t\t<\/div>\n\t\t\t\t\t<\/div>\n\t\t<\/div>\n\t\t\t\t\t<\/div>\n\t\t<\/section>\n\t\t\t\t<section class=\"elementor-section elementor-top-section elementor-element elementor-element-b2fd956 wrapper-fuller elementor-section-height-min-height elementor-section-content-top section-normal elementor-section-boxed elementor-section-height-default elementor-section-items-middle default\" data-id=\"b2fd956\" data-element_type=\"section\" data-e-type=\"section\" id=\"lista_premios\" data-settings=\"{&quot;background_background&quot;:&quot;classic&quot;}\">\n\t\t\t\t\t\t<div class=\"elementor-container elementor-column-gap-default\">\n\t\t\t\t\t<div class=\"elementor-column elementor-col-100 elementor-top-column elementor-element elementor-element-480c510\" data-id=\"480c510\" data-element_type=\"column\" data-e-type=\"column\">\n\t\t\t<div class=\"elementor-widget-wrap elementor-element-populated\">\n\t\t\t\t\t\t<section class=\"elementor-section elementor-inner-section elementor-element elementor-element-3f277d8 wrapper-wide section-normal elementor-section-boxed elementor-section-height-default elementor-section-height-default default\" data-id=\"3f277d8\" data-element_type=\"section\" data-e-type=\"section\">\n\t\t\t\t\t\t<div class=\"elementor-container elementor-column-gap-default\">\n\t\t\t\t\t<div class=\"elementor-column elementor-col-50 elementor-inner-column elementor-element elementor-element-31a38e8\" data-id=\"31a38e8\" data-element_type=\"column\" data-e-type=\"column\">\n\t\t\t<div class=\"elementor-widget-wrap elementor-element-populated\">\n\t\t\t\t\t\t<div class=\"elementor-element elementor-element-589a8aa elementor-widget elementor-widget-heading\" data-id=\"589a8aa\" data-element_type=\"widget\" data-e-type=\"widget\" data-widget_type=\"heading.default\">\n\t\t\t\t<div class=\"elementor-widget-container\">\n\t\t\t\t\t<h4 class=\"elementor-heading-title elementor-size-default\">Premis<\/h4>\t\t\t\t<\/div>\n\t\t\t\t<\/div>\n\t\t\t\t\t<\/div>\n\t\t<\/div>\n\t\t\t\t<div class=\"elementor-column elementor-col-50 elementor-inner-column elementor-element elementor-element-03a56d0\" data-id=\"03a56d0\" data-element_type=\"column\" data-e-type=\"column\">\n\t\t\t<div class=\"elementor-widget-wrap elementor-element-populated\">\n\t\t\t\t\t\t<div class=\"elementor-element elementor-element-56065e5 elementor-align-right elementor-widget elementor-widget-button\" data-id=\"56065e5\" data-element_type=\"widget\" data-e-type=\"widget\" id=\"cerrar_btn\" data-widget_type=\"button.default\">\n\t\t\t\t<div class=\"elementor-widget-container\">\n\t\t\t\t\t\t\t\t\t<div class=\"elementor-button-wrapper\">\n\t\t\t\t\t<a class=\"elementor-button elementor-size-sm\" role=\"button\">\n\t\t\t\t\t\t<span class=\"elementor-button-content-wrapper\">\n\t\t\t\t\t\t\t\t\t<span class=\"elementor-button-text\">x<\/span>\n\t\t\t\t\t<\/span>\n\t\t\t\t\t<\/a>\n\t\t\t\t<\/div>\n\t\t\t\t\t\t\t\t<\/div>\n\t\t\t\t<\/div>\n\t\t\t\t\t<\/div>\n\t\t<\/div>\n\t\t\t\t\t<\/div>\n\t\t<\/section>\n\t\t\t\t<div class=\"elementor-element elementor-element-e7ca5b6 elementor-widget elementor-widget-wp-widget-ipw\" data-id=\"e7ca5b6\" data-element_type=\"widget\" data-e-type=\"widget\" data-widget_type=\"wp-widget-ipw.default\">\n\t\t\t\t<div class=\"elementor-widget-container\">\n\t\t\t\t\t<div data-post-id=\"22773\" class=\"insert-page insert-page-22773 \">\n<section id=\"primary\" class=\"premios_section_content content-area col-sm-12 col-lg-12\">\n\t<section id=\"desc_title_premio_publicaciones\">\n\t\t<div class=\"list_premio_publicaciones_container \">\n\t\t\t<\/div>\n\n<\/section>\n\n<\/section>\n\n<\/div>\t\t\t\t<\/div>\n\t\t\t\t<\/div>\n\t\t\t\t\t<\/div>\n\t\t<\/div>\n\t\t\t\t\t<\/div>\n\t\t<\/section>\n\t\t\t\t<section class=\"elementor-section elementor-top-section elementor-element elementor-element-abe3ba9 wrapper-fuller elementor-section-full_width section-normal elementor-section-height-default elementor-section-height-default default\" data-id=\"abe3ba9\" data-element_type=\"section\" data-e-type=\"section\">\n\t\t\t\t\t\t<div class=\"elementor-container elementor-column-gap-default\">\n\t\t\t\t\t<div class=\"elementor-column elementor-col-100 elementor-top-column elementor-element elementor-element-b664028\" data-id=\"b664028\" data-element_type=\"column\" data-e-type=\"column\">\n\t\t\t<div class=\"elementor-widget-wrap elementor-element-populated\">\n\t\t\t\t\t\t<section class=\"elementor-section elementor-inner-section elementor-element elementor-element-dc0ec53 wrapper-wide section-normal elementor-section-boxed elementor-section-height-default elementor-section-height-default default\" data-id=\"dc0ec53\" data-element_type=\"section\" data-e-type=\"section\">\n\t\t\t\t\t\t<div class=\"elementor-container elementor-column-gap-default\">\n\t\t\t\t\t<div class=\"elementor-column elementor-col-50 elementor-inner-column elementor-element elementor-element-6b07bf7 datos_proyectos_col\" data-id=\"6b07bf7\" data-element_type=\"column\" data-e-type=\"column\">\n\t\t\t<div class=\"elementor-widget-wrap elementor-element-populated\">\n\t\t\t\t\t\t<div class=\"elementor-element elementor-element-3089641 elementor-widget-divider--view-line elementor-widget elementor-widget-divider\" data-id=\"3089641\" data-element_type=\"widget\" data-e-type=\"widget\" data-widget_type=\"divider.default\">\n\t\t\t\t<div class=\"elementor-widget-container\">\n\t\t\t\t\t\t\t<div class=\"elementor-divider\">\n\t\t\t<span class=\"elementor-divider-separator\">\n\t\t\t\t\t\t<\/span>\n\t\t<\/div>\n\t\t\t\t\t\t<\/div>\n\t\t\t\t<\/div>\n\t\t<!-- hidden section 22122-8d085f8 -->\t\t<section class=\"elementor-section elementor-inner-section elementor-element elementor-element-2d5fb3f wrapper-wide section-normal elementor-section-boxed elementor-section-height-default elementor-section-height-default default\" data-id=\"2d5fb3f\" data-element_type=\"section\" data-e-type=\"section\">\n\t\t\t\t\t\t<div class=\"elementor-container elementor-column-gap-default\">\n\t\t\t\t\t<div class=\"elementor-column elementor-col-100 elementor-inner-column elementor-element elementor-element-bc907dd\" data-id=\"bc907dd\" data-element_type=\"column\" data-e-type=\"column\">\n\t\t\t<div class=\"elementor-widget-wrap elementor-element-populated\">\n\t\t\t\t\t\t<div class=\"elementor-element elementor-element-970d234 elementor-widget__width-auto borna-bold elementor-widget elementor-widget-naylatextwrapper\" data-id=\"970d234\" data-element_type=\"widget\" data-e-type=\"widget\" data-widget_type=\"naylatextwrapper.default\">\n\t\t\t\t<div class=\"elementor-widget-container\">\n\t\t\t\t\t\n\n\n<div class=\"text-wrapper  \">\n\n    <p class=\"has-anim-text charsUp  text-p  false\" data-stagger=\"0.03\" data-duration=\"1.5\"data-delay=\"0.5\"data-scrub=\"false\" data-pin=\"false\"> Client:<\/p>\n\n\n<\/div>\n\n\n\t\t\t\t<\/div>\n\t\t\t\t<\/div>\n\t\t\t\t<div class=\"elementor-element elementor-element-bf25c3d elementor-widget__width-auto elementor-widget elementor-widget-naylaprojectmeta\" data-id=\"bf25c3d\" data-element_type=\"widget\" data-e-type=\"widget\" data-widget_type=\"naylaprojectmeta.default\">\n\t\t\t\t<div class=\"elementor-widget-container\">\n\t\t\t\t\t\n<div class=\"project-client  has-anim-text charsUp  \"  data-stagger=\"0.03\" data-duration=\"1.5\"data-delay=\"0.5\">\n\n    Ajuntament de Palma\n\n<\/div>\n\n\t\t\t\t<\/div>\n\t\t\t\t<\/div>\n\t\t\t\t\t<\/div>\n\t\t<\/div>\n\t\t\t\t\t<\/div>\n\t\t<\/section>\n\t\t\t\t<section class=\"elementor-section elementor-inner-section elementor-element elementor-element-8463155 wrapper-wide section-normal elementor-section-boxed elementor-section-height-default elementor-section-height-default default\" data-id=\"8463155\" data-element_type=\"section\" data-e-type=\"section\">\n\t\t\t\t\t\t<div class=\"elementor-container elementor-column-gap-default\">\n\t\t\t\t\t<div class=\"elementor-column elementor-col-100 elementor-inner-column elementor-element elementor-element-d419ce4\" data-id=\"d419ce4\" data-element_type=\"column\" data-e-type=\"column\">\n\t\t\t<div class=\"elementor-widget-wrap elementor-element-populated\">\n\t\t\t\t\t\t<div class=\"elementor-element elementor-element-fb38d8b elementor-widget__width-auto borna-bold elementor-widget elementor-widget-naylatextwrapper\" data-id=\"fb38d8b\" data-element_type=\"widget\" data-e-type=\"widget\" data-widget_type=\"naylatextwrapper.default\">\n\t\t\t\t<div class=\"elementor-widget-container\">\n\t\t\t\t\t\n\n\n<div class=\"text-wrapper  \">\n\n    <p class=\"has-anim-text charsUp  text-p  false\" data-stagger=\"0.03\" data-duration=\"1.5\"data-delay=\"0.5\"data-scrub=\"false\" data-pin=\"false\"> Localitzaci\u00f3: <\/p>\n\n\n<\/div>\n\n\n\t\t\t\t<\/div>\n\t\t\t\t<\/div>\n\t\t\t\t<div class=\"elementor-element elementor-element-07e4e83 elementor-widget__width-auto elementor-widget elementor-widget-naylatextwrapper\" data-id=\"07e4e83\" data-element_type=\"widget\" data-e-type=\"widget\" data-widget_type=\"naylatextwrapper.default\">\n\t\t\t\t<div class=\"elementor-widget-container\">\n\t\t\t\t\t\n\n\n<div class=\"text-wrapper  \">\n\n    <p class=\"has-anim-text charsUp  text-p  false\" data-stagger=\"0.03\" data-duration=\"1.5\"data-delay=\"0.5\"data-scrub=\"false\" data-pin=\"false\"> Palma, Espanya<\/p>\n\n\n<\/div>\n\n\n\t\t\t\t<\/div>\n\t\t\t\t<\/div>\n\t\t\t\t\t<\/div>\n\t\t<\/div>\n\t\t\t\t\t<\/div>\n\t\t<\/section>\n\t\t\t\t<section class=\"elementor-section elementor-inner-section elementor-element elementor-element-601122a wrapper-wide section-normal elementor-section-boxed elementor-section-height-default elementor-section-height-default default\" data-id=\"601122a\" data-element_type=\"section\" data-e-type=\"section\">\n\t\t\t\t\t\t<div class=\"elementor-container elementor-column-gap-default\">\n\t\t\t\t\t<div class=\"elementor-column elementor-col-100 elementor-inner-column elementor-element elementor-element-3da4ccf\" data-id=\"3da4ccf\" data-element_type=\"column\" data-e-type=\"column\">\n\t\t\t<div class=\"elementor-widget-wrap elementor-element-populated\">\n\t\t\t\t\t\t<div class=\"elementor-element elementor-element-0fd8891 elementor-widget__width-auto borna-bold elementor-widget elementor-widget-naylatextwrapper\" data-id=\"0fd8891\" data-element_type=\"widget\" data-e-type=\"widget\" data-widget_type=\"naylatextwrapper.default\">\n\t\t\t\t<div class=\"elementor-widget-container\">\n\t\t\t\t\t\n\n\n<div class=\"text-wrapper  \">\n\n    <p class=\"has-anim-text charsUp  text-p  false\" data-stagger=\"0.03\" data-duration=\"1.5\"data-delay=\"0.5\"data-scrub=\"false\" data-pin=\"false\"> Any: <\/p>\n\n\n<\/div>\n\n\n\t\t\t\t<\/div>\n\t\t\t\t<\/div>\n\t\t\t\t<div class=\"elementor-element elementor-element-507ff22 elementor-widget__width-auto elementor-widget elementor-widget-naylaprojectmeta\" data-id=\"507ff22\" data-element_type=\"widget\" data-e-type=\"widget\" data-widget_type=\"naylaprojectmeta.default\">\n\t\t\t\t<div class=\"elementor-widget-container\">\n\t\t\t\t\t\n<div class=\"project-date  has-anim-text charsUp  \"  data-stagger=\"0.03\" data-duration=\"1.5\"data-delay=\"0.5\">\n\n    2025\n\n<\/div>\n\n\t\t\t\t<\/div>\n\t\t\t\t<\/div>\n\t\t\t\t\t<\/div>\n\t\t<\/div>\n\t\t\t\t\t<\/div>\n\t\t<\/section>\n\t\t\t\t<section class=\"elementor-section elementor-inner-section elementor-element elementor-element-ce3d197 wrapper-wide section-normal elementor-section-boxed elementor-section-height-default elementor-section-height-default default\" data-id=\"ce3d197\" data-element_type=\"section\" data-e-type=\"section\">\n\t\t\t\t\t\t<div class=\"elementor-container elementor-column-gap-default\">\n\t\t\t\t\t<div class=\"elementor-column elementor-col-100 elementor-inner-column elementor-element elementor-element-8a8e520\" data-id=\"8a8e520\" data-element_type=\"column\" data-e-type=\"column\">\n\t\t\t<div class=\"elementor-widget-wrap elementor-element-populated\">\n\t\t\t\t\t\t<div class=\"elementor-element elementor-element-e815571 elementor-widget__width-auto borna-bold elementor-widget elementor-widget-naylatextwrapper\" data-id=\"e815571\" data-element_type=\"widget\" data-e-type=\"widget\" data-widget_type=\"naylatextwrapper.default\">\n\t\t\t\t<div class=\"elementor-widget-container\">\n\t\t\t\t\t\n\n\n<div class=\"text-wrapper  \">\n\n    <p class=\"has-anim-text charsUp  text-p  false\" data-stagger=\"0.03\" data-duration=\"1.5\"data-delay=\"0.5\"data-scrub=\"false\" data-pin=\"false\"> Superf\u00edcie: <\/p>\n\n\n<\/div>\n\n\n\t\t\t\t<\/div>\n\t\t\t\t<\/div>\n\t\t\t\t<div class=\"elementor-element elementor-element-577981f elementor-widget__width-auto elementor-widget elementor-widget-naylatextwrapper\" data-id=\"577981f\" data-element_type=\"widget\" data-e-type=\"widget\" data-widget_type=\"naylatextwrapper.default\">\n\t\t\t\t<div class=\"elementor-widget-container\">\n\t\t\t\t\t\n\n\n<div class=\"text-wrapper  \">\n\n    <p class=\"has-anim-text charsUp  text-p  false\" data-stagger=\"0.03\" data-duration=\"1.5\"data-delay=\"0.5\"data-scrub=\"false\" data-pin=\"false\"> 18.000 m<sup>2<\/sup> <\/p>\n\n\n<\/div>\n\n\n\t\t\t\t<\/div>\n\t\t\t\t<\/div>\n\t\t\t\t\t<\/div>\n\t\t<\/div>\n\t\t\t\t\t<\/div>\n\t\t<\/section>\n\t\t<!-- hidden section 22122-de0b12a -->\t\t<section class=\"elementor-section elementor-inner-section elementor-element elementor-element-ea46492 wrapper-wide section-normal elementor-section-boxed elementor-section-height-default elementor-section-height-default default\" data-id=\"ea46492\" data-element_type=\"section\" data-e-type=\"section\">\n\t\t\t\t\t\t<div class=\"elementor-container elementor-column-gap-default\">\n\t\t\t\t\t<div class=\"elementor-column elementor-col-100 elementor-inner-column elementor-element elementor-element-b855b90\" data-id=\"b855b90\" data-element_type=\"column\" data-e-type=\"column\">\n\t\t\t<div class=\"elementor-widget-wrap elementor-element-populated\">\n\t\t\t\t\t\t<section class=\"elementor-section elementor-inner-section elementor-element elementor-element-5d13129 acordeonsecc wrapper-wide section-normal elementor-section-boxed elementor-section-height-default elementor-section-height-default default\" data-id=\"5d13129\" data-element_type=\"section\" data-e-type=\"section\">\n\t\t\t\t\t\t<div class=\"elementor-container elementor-column-gap-default\">\n\t\t\t\t\t<div class=\"elementor-column elementor-col-100 elementor-inner-column elementor-element elementor-element-db4be82\" data-id=\"db4be82\" data-element_type=\"column\" data-e-type=\"column\">\n\t\t\t<div class=\"elementor-widget-wrap elementor-element-populated\">\n\t\t\t\t<!-- hidden widget 22122-ea3f6c2 -->\t\t\t<\/div>\n\t\t<\/div>\n\t\t\t\t\t<\/div>\n\t\t<\/section>\n\t\t\t\t\t<\/div>\n\t\t<\/div>\n\t\t\t\t\t<\/div>\n\t\t<\/section>\n\t\t\t\t<section class=\"elementor-section elementor-inner-section elementor-element elementor-element-968a146 wrapper-wide section-normal elementor-section-boxed elementor-section-height-default elementor-section-height-default default\" data-id=\"968a146\" data-element_type=\"section\" data-e-type=\"section\">\n\t\t\t\t\t\t<div class=\"elementor-container elementor-column-gap-default\">\n\t\t\t\t\t<div class=\"elementor-column elementor-col-100 elementor-inner-column elementor-element elementor-element-d5429e8\" data-id=\"d5429e8\" data-element_type=\"column\" data-e-type=\"column\">\n\t\t\t<div class=\"elementor-widget-wrap elementor-element-populated\">\n\t\t\t\t\t\t<section class=\"elementor-section elementor-inner-section elementor-element elementor-element-f7c4ef1 acordeonsecc wrapper-wide section-normal elementor-section-boxed elementor-section-height-default elementor-section-height-default default\" data-id=\"f7c4ef1\" data-element_type=\"section\" data-e-type=\"section\">\n\t\t\t\t\t\t<div class=\"elementor-container elementor-column-gap-default\">\n\t\t\t\t\t<div class=\"elementor-column elementor-col-50 elementor-inner-column elementor-element elementor-element-cda4dd8\" data-id=\"cda4dd8\" data-element_type=\"column\" data-e-type=\"column\">\n\t\t\t<div class=\"elementor-widget-wrap elementor-element-populated\">\n\t\t\t\t<!-- hidden widget 22122-5c5e6b3 -->\t\t\t<\/div>\n\t\t<\/div>\n\t\t\t\t<div class=\"elementor-column elementor-col-50 elementor-inner-column elementor-element elementor-element-39e664d\" data-id=\"39e664d\" data-element_type=\"column\" data-e-type=\"column\">\n\t\t\t<div class=\"elementor-widget-wrap\">\n\t\t\t\t\t\t\t<\/div>\n\t\t<\/div>\n\t\t\t\t\t<\/div>\n\t\t<\/section>\n\t\t\t\t\t<\/div>\n\t\t<\/div>\n\t\t\t\t\t<\/div>\n\t\t<\/section>\n\t\t\t\t\t<\/div>\n\t\t<\/div>\n\t\t\t\t<div class=\"elementor-column elementor-col-50 elementor-inner-column elementor-element elementor-element-c16f32f\" data-id=\"c16f32f\" data-element_type=\"column\" data-e-type=\"column\">\n\t\t\t<div class=\"elementor-widget-wrap elementor-element-populated\">\n\t\t\t\t\t\t<div class=\"elementor-element elementor-element-1d60427 elementor-widget elementor-widget-naylaprojectmeta\" data-id=\"1d60427\" data-element_type=\"widget\" data-e-type=\"widget\" data-widget_type=\"naylaprojectmeta.default\">\n\t\t\t\t<div class=\"elementor-widget-container\">\n\t\t\t\t\t\n<div class=\"project-custom-meta-1  has-anim-text linesUp  \"  data-stagger=\"0.1\" data-duration=\"1.5\"data-delay=\"0.5\">\n\n    Una nova \u00e0gora social, cultural i comercial per al centre de Palma\n\n<\/div>\n\n\t\t\t\t<\/div>\n\t\t\t\t<\/div>\n\t\t\t\t<div class=\"elementor-element elementor-element-d572473 elementor-widget elementor-widget-naylaprojectmeta\" data-id=\"d572473\" data-element_type=\"widget\" data-e-type=\"widget\" data-widget_type=\"naylaprojectmeta.default\">\n\t\t\t\t<div class=\"elementor-widget-container\">\n\t\t\t\t\t\n<div class=\"project-custom-meta-2  has-anim-text linesUp  \"  data-stagger=\"0.1\" data-duration=\"1.5\"data-delay=\"0.5\">\n\n    <p>La intervenci\u00f3 respon als reptes i potencialitats d\u2019un enclavament tan delicat i estrat\u00e8gic per a Palma com \u00e9s la Pla\u00e7a Major. La proposta busca refor\u00e7ar la continu\u00eftat del teixit urb\u00e0, dotant els espais de nous usos socials, culturals i comercials que n\u2019afavoreixin la vitalitat. L\u2019espai p\u00fablic es concep com un lloc de trobada i activitat, on tant la ciutat com els seus habitants vegin reconeguda i refor\u00e7ada la seva identitat. Els nous \u00e0mbits aporten valor, integrant-se de manera harm\u00f2nica en la trama hist\u00f2rica del Casc Antic.<\/p>\n\n\n<\/div>\n\n\t\t\t\t<\/div>\n\t\t\t\t<\/div>\n\t\t\t\t<div class=\"elementor-element elementor-element-00fec34 elementor-widget elementor-widget-naylaprojectmeta\" data-id=\"00fec34\" data-element_type=\"widget\" data-e-type=\"widget\" data-widget_type=\"naylaprojectmeta.default\">\n\t\t\t\t<div class=\"elementor-widget-container\">\n\t\t\t\t\t\n<div class=\"project-excerpt  has-anim-text linesUp  \"  data-stagger=\"0.1\" data-duration=\"1.5\"data-delay=\"0.5\">\n\n    \n\n<\/div>\n\n\t\t\t\t<\/div>\n\t\t\t\t<\/div>\n\t\t\t\t\t<\/div>\n\t\t<\/div>\n\t\t\t\t\t<\/div>\n\t\t<\/section>\n\t\t\t\t\t<\/div>\n\t\t<\/div>\n\t\t\t\t\t<\/div>\n\t\t<\/section>\n\t\t\t\t<section class=\"elementor-section elementor-top-section elementor-element elementor-element-6fdbd78f wrapper-fuller elementor-section-full_width elementor-section-stretched section-normal elementor-section-height-default elementor-section-height-default default\" data-id=\"6fdbd78f\" data-element_type=\"section\" data-e-type=\"section\" data-settings=\"{&quot;stretch_section&quot;:&quot;section-stretched&quot;}\">\n\t\t\t\t\t\t<div class=\"elementor-container elementor-column-gap-default\">\n\t\t\t\t\t<div class=\"elementor-column elementor-col-100 elementor-top-column elementor-element elementor-element-223cb18\" data-id=\"223cb18\" data-element_type=\"column\" data-e-type=\"column\">\n\t\t\t<div class=\"elementor-widget-wrap elementor-element-populated\">\n\t\t\t\t\t\t<div class=\"elementor-element elementor-element-686ffeb elementor-widget elementor-widget-wp-widget-ipw\" data-id=\"686ffeb\" data-element_type=\"widget\" data-e-type=\"widget\" data-widget_type=\"wp-widget-ipw.default\">\n\t\t\t\t<div class=\"elementor-widget-container\">\n\t\t\t\t\t<div data-post-id=\"11607\" class=\"insert-page insert-page-11607 \">\n<section id=\"ligth_section\">\n  <div class=\"ligth_container\">\n          <div class=\"lightbox_overlay\" data-lightboxes=\"light_img_0\" style=\"display:none;\">\n        <div class=\"img_ligth\">\n          <button class=\"closes_lightbox\">X<\/button>\n          <img decoding=\"async\" src=\"https:\/\/scob.es\/wp-content\/uploads\/2025\/04\/scob-arquitectura-paisaje-PLAZA-MAYOR-PALMA-\u00a9SCOB-RENDER-05-scaled.jpg\" alt=\"\" \/>\n                  <\/div>\n      <\/div>\n          <div class=\"lightbox_overlay\" data-lightboxes=\"light_img_1\" style=\"display:none;\">\n        <div class=\"img_ligth\">\n          <button class=\"closes_lightbox\">X<\/button>\n          <img decoding=\"async\" src=\"https:\/\/scob.es\/wp-content\/uploads\/2025\/04\/scob-arquitectura-paisaje-PLAZA-MAYOR-PALMA-\u00a9SCOB-RENDER-02.jpg\" alt=\"\" \/>\n                  <\/div>\n      <\/div>\n          <div class=\"lightbox_overlay\" data-lightboxes=\"light_img_2\" style=\"display:none;\">\n        <div class=\"img_ligth\">\n          <button class=\"closes_lightbox\">X<\/button>\n          <img decoding=\"async\" src=\"https:\/\/scob.es\/wp-content\/uploads\/2025\/04\/scob-arquitectura-paisaje-PLAZA-MAYOR-PALMA-\u00a9SCOB-RENDER-08.jpg\" alt=\"\" \/>\n                  <\/div>\n      <\/div>\n          <div class=\"lightbox_overlay\" data-lightboxes=\"light_img_3\" style=\"display:none;\">\n        <div class=\"img_ligth\">\n          <button class=\"closes_lightbox\">X<\/button>\n          <img decoding=\"async\" src=\"https:\/\/scob.es\/wp-content\/uploads\/2025\/04\/scob-arquitectura-paisaje-PLAZA-MAYOR-PALMA-\u00a9SCOB-RENDER-03.jpg\" alt=\"\" \/>\n                  <\/div>\n      <\/div>\n          <div class=\"lightbox_overlay\" data-lightboxes=\"light_img_4\" style=\"display:none;\">\n        <div class=\"img_ligth\">\n          <button class=\"closes_lightbox\">X<\/button>\n          <img decoding=\"async\" src=\"https:\/\/scob.es\/wp-content\/uploads\/2025\/04\/scob-arquitectura-paisaje-PLAZA-MAYOR-PALMA-\u00a9SCOB-RENDER-09.jpg\" alt=\"\" \/>\n                  <\/div>\n      <\/div>\n          <div class=\"lightbox_overlay\" data-lightboxes=\"light_img_5\" style=\"display:none;\">\n        <div class=\"img_ligth\">\n          <button class=\"closes_lightbox\">X<\/button>\n          <img decoding=\"async\" src=\"https:\/\/scob.es\/wp-content\/uploads\/2025\/04\/scob-arquitectura-paisaje-PLAZA-MAYOR-PALMA-\u00a9SCOB-RENDER-01.jpg\" alt=\"\" \/>\n                  <\/div>\n      <\/div>\n          <div class=\"lightbox_overlay\" data-lightboxes=\"light_img_6\" style=\"display:none;\">\n        <div class=\"img_ligth\">\n          <button class=\"closes_lightbox\">X<\/button>\n          <img decoding=\"async\" src=\"https:\/\/scob.es\/wp-content\/uploads\/2025\/04\/scob-arquitectura-paisaje-PLAZA-MAYOR-PALMA-\u00a9SCOB-RENDER-06.jpg\" alt=\"\" \/>\n                  <\/div>\n      <\/div>\n      <\/div>\n<\/section>\n\n<section id=\"slider_proyecto\" class=\"full-width col-sm-12 col-lg-1 sp\">\n  <div class=\"splide proyectos-slider\">\n          <div class=\"splide__track\">\n        <ul class=\"splide__list\">\n                      <li class=\"splide__slide slider_cont_splide\">\n              <figure class=\"img_slider_port\">\n                <img decoding=\"async\" class=\"img_ligth_s s_img0\"\n                     data-index=\"0\"\n                     src=\"https:\/\/scob.es\/wp-content\/uploads\/2025\/04\/scob-arquitectura-paisaje-PLAZA-MAYOR-PALMA-\u00a9SCOB-RENDER-05-scaled.jpg\"\n                     alt=\"\" \/>\n                              <\/figure>\n            <\/li>\n                      <li class=\"splide__slide slider_cont_splide\">\n              <figure class=\"img_slider_port\">\n                <img decoding=\"async\" class=\"img_ligth_s s_img1\"\n                     data-index=\"1\"\n                     src=\"https:\/\/scob.es\/wp-content\/uploads\/2025\/04\/scob-arquitectura-paisaje-PLAZA-MAYOR-PALMA-\u00a9SCOB-RENDER-02.jpg\"\n                     alt=\"\" \/>\n                              <\/figure>\n            <\/li>\n                      <li class=\"splide__slide slider_cont_splide\">\n              <figure class=\"img_slider_port\">\n                <img decoding=\"async\" class=\"img_ligth_s s_img2\"\n                     data-index=\"2\"\n                     src=\"https:\/\/scob.es\/wp-content\/uploads\/2025\/04\/scob-arquitectura-paisaje-PLAZA-MAYOR-PALMA-\u00a9SCOB-RENDER-08.jpg\"\n                     alt=\"\" \/>\n                              <\/figure>\n            <\/li>\n                      <li class=\"splide__slide slider_cont_splide\">\n              <figure class=\"img_slider_port\">\n                <img decoding=\"async\" class=\"img_ligth_s s_img3\"\n                     data-index=\"3\"\n                     src=\"https:\/\/scob.es\/wp-content\/uploads\/2025\/04\/scob-arquitectura-paisaje-PLAZA-MAYOR-PALMA-\u00a9SCOB-RENDER-03.jpg\"\n                     alt=\"\" \/>\n                              <\/figure>\n            <\/li>\n                      <li class=\"splide__slide slider_cont_splide\">\n              <figure class=\"img_slider_port\">\n                <img decoding=\"async\" class=\"img_ligth_s s_img4\"\n                     data-index=\"4\"\n                     src=\"https:\/\/scob.es\/wp-content\/uploads\/2025\/04\/scob-arquitectura-paisaje-PLAZA-MAYOR-PALMA-\u00a9SCOB-RENDER-09.jpg\"\n                     alt=\"\" \/>\n                              <\/figure>\n            <\/li>\n                      <li class=\"splide__slide slider_cont_splide\">\n              <figure class=\"img_slider_port\">\n                <img decoding=\"async\" class=\"img_ligth_s s_img5\"\n                     data-index=\"5\"\n                     src=\"https:\/\/scob.es\/wp-content\/uploads\/2025\/04\/scob-arquitectura-paisaje-PLAZA-MAYOR-PALMA-\u00a9SCOB-RENDER-01.jpg\"\n                     alt=\"\" \/>\n                              <\/figure>\n            <\/li>\n                      <li class=\"splide__slide slider_cont_splide\">\n              <figure class=\"img_slider_port\">\n                <img decoding=\"async\" class=\"img_ligth_s s_img6\"\n                     data-index=\"6\"\n                     src=\"https:\/\/scob.es\/wp-content\/uploads\/2025\/04\/scob-arquitectura-paisaje-PLAZA-MAYOR-PALMA-\u00a9SCOB-RENDER-06.jpg\"\n                     alt=\"\" \/>\n                              <\/figure>\n            <\/li>\n                  <\/ul>\n      <\/div>\n      <ul class=\"splide__pagination\" style=\"padding-top:20px\"><\/ul>\n      <\/div>\n<\/section>\n<\/div>\t\t\t\t<\/div>\n\t\t\t\t<\/div>\n\t\t\t\t\t<\/div>\n\t\t<\/div>\n\t\t\t\t\t<\/div>\n\t\t<\/section>\n\t\t\t\t<section class=\"elementor-section elementor-top-section elementor-element elementor-element-51dc21ec wrapper-fuller elementor-section-full_width elementor-section-stretched elementor-hidden-tablet elementor-hidden-mobile section-normal elementor-section-height-default elementor-section-height-default default\" data-id=\"51dc21ec\" data-element_type=\"section\" data-e-type=\"section\" data-settings=\"{&quot;stretch_section&quot;:&quot;section-stretched&quot;}\">\n\t\t\t\t\t\t<div class=\"elementor-container elementor-column-gap-default\">\n\t\t\t\t\t<div class=\"elementor-column elementor-col-100 elementor-top-column elementor-element elementor-element-2ea2f3bc\" data-id=\"2ea2f3bc\" data-element_type=\"column\" data-e-type=\"column\">\n\t\t\t<div class=\"elementor-widget-wrap elementor-element-populated\">\n\t\t\t\t\t\t<div class=\"elementor-element elementor-element-50a3a759 elementor-widget elementor-widget-image\" data-id=\"50a3a759\" data-element_type=\"widget\" data-e-type=\"widget\" data-widget_type=\"image.default\">\n\t\t\t\t<div class=\"elementor-widget-container\">\n\t\t\t\t\t\t\t\t\t\t\t\t\t\t\t<img fetchpriority=\"high\" decoding=\"async\" width=\"2560\" height=\"626\" src=\"https:\/\/scob.es\/wp-content\/uploads\/2025\/07\/scob-arquitectura-paisaje-PLAZA-MAYOR-PALMA-\u00a9SCOB-scaled.jpg\" class=\"attachment-full size-full wp-image-22123\" alt=\"\" srcset=\"https:\/\/scob.es\/wp-content\/uploads\/2025\/07\/scob-arquitectura-paisaje-PLAZA-MAYOR-PALMA-\u00a9SCOB-scaled.jpg 2560w, https:\/\/scob.es\/wp-content\/uploads\/2025\/07\/scob-arquitectura-paisaje-PLAZA-MAYOR-PALMA-\u00a9SCOB-300x73.jpg 300w, https:\/\/scob.es\/wp-content\/uploads\/2025\/07\/scob-arquitectura-paisaje-PLAZA-MAYOR-PALMA-\u00a9SCOB-1024x251.jpg 1024w, https:\/\/scob.es\/wp-content\/uploads\/2025\/07\/scob-arquitectura-paisaje-PLAZA-MAYOR-PALMA-\u00a9SCOB-768x188.jpg 768w, https:\/\/scob.es\/wp-content\/uploads\/2025\/07\/scob-arquitectura-paisaje-PLAZA-MAYOR-PALMA-\u00a9SCOB-1536x376.jpg 1536w, https:\/\/scob.es\/wp-content\/uploads\/2025\/07\/scob-arquitectura-paisaje-PLAZA-MAYOR-PALMA-\u00a9SCOB-2048x501.jpg 2048w\" sizes=\"(max-width: 2560px) 100vw, 2560px\" \/>\t\t\t\t\t\t\t\t\t\t\t\t\t\t\t<\/div>\n\t\t\t\t<\/div>\n\t\t\t\t\t<\/div>\n\t\t<\/div>\n\t\t\t\t\t<\/div>\n\t\t<\/section>\n\t\t\t\t<section class=\"elementor-section elementor-top-section elementor-element elementor-element-d58df66 wrapper-fuller elementor-section-full_width elementor-section-stretched elementor-hidden-desktop section-normal elementor-section-height-default elementor-section-height-default default\" data-id=\"d58df66\" data-element_type=\"section\" data-e-type=\"section\" data-settings=\"{&quot;stretch_section&quot;:&quot;section-stretched&quot;}\">\n\t\t\t\t\t\t<div class=\"elementor-container elementor-column-gap-default\">\n\t\t\t\t\t<div class=\"elementor-column elementor-col-100 elementor-top-column elementor-element elementor-element-43e8e53\" data-id=\"43e8e53\" data-element_type=\"column\" data-e-type=\"column\">\n\t\t\t<div class=\"elementor-widget-wrap elementor-element-populated\">\n\t\t\t\t\t\t\t<\/div>\n\t\t<\/div>\n\t\t\t\t\t<\/div>\n\t\t<\/section>\n\t\t\t\t<section class=\"elementor-section elementor-top-section elementor-element elementor-element-2fae9c2a wrapper-wide section-normal elementor-section-boxed elementor-section-height-default elementor-section-height-default default\" data-id=\"2fae9c2a\" data-element_type=\"section\" data-e-type=\"section\" id=\"sect_desp_slider\">\n\t\t\t\t\t\t<div class=\"elementor-container elementor-column-gap-default\">\n\t\t\t\t\t<div class=\"elementor-column elementor-col-100 elementor-top-column elementor-element elementor-element-4ad3ca0d\" data-id=\"4ad3ca0d\" data-element_type=\"column\" data-e-type=\"column\">\n\t\t\t<div class=\"elementor-widget-wrap elementor-element-populated\">\n\t\t\t\t\t\t<section class=\"elementor-section elementor-inner-section elementor-element elementor-element-2f06852c wrapper-wide section-normal elementor-section-boxed elementor-section-height-default elementor-section-height-default default\" data-id=\"2f06852c\" data-element_type=\"section\" data-e-type=\"section\">\n\t\t\t\t\t\t<div class=\"elementor-container elementor-column-gap-default\">\n\t\t\t\t\t<div class=\"elementor-column elementor-col-50 elementor-inner-column elementor-element elementor-element-6f77ec00\" data-id=\"6f77ec00\" data-element_type=\"column\" data-e-type=\"column\">\n\t\t\t<div class=\"elementor-widget-wrap elementor-element-populated\">\n\t\t\t\t\t\t<div class=\"elementor-element elementor-element-6ca33113 elementor-invisible elementor-widget elementor-widget-naylatextwrapper\" data-id=\"6ca33113\" data-element_type=\"widget\" data-e-type=\"widget\" data-settings=\"{&quot;_animation&quot;:&quot;fadeInUp&quot;}\" data-widget_type=\"naylatextwrapper.default\">\n\t\t\t\t<div class=\"elementor-widget-container\">\n\t\t\t\t\t\n\n\n<div class=\"text-wrapper  \">\n\n    <p class=\"has-anim-text linesUp  text-h3  false\" data-stagger=\"0.1\" data-duration=\"1.5\"data-delay=\"0\"data-scrub=\"false\" data-pin=\"false\"> <p>Una \u00e0gora contempor\u00e0nia al cor de la ciutat<\/p>\n<\/p>\n\n\n<\/div>\n\n\n\t\t\t\t<\/div>\n\t\t\t\t<\/div>\n\t\t\t\t\t<\/div>\n\t\t<\/div>\n\t\t\t\t<div class=\"elementor-column elementor-col-50 elementor-inner-column elementor-element elementor-element-4d7f645d\" data-id=\"4d7f645d\" data-element_type=\"column\" data-e-type=\"column\">\n\t\t\t<div class=\"elementor-widget-wrap elementor-element-populated\">\n\t\t\t\t\t\t<div class=\"elementor-element elementor-element-4e47bc17 txt_sec_derecha elementor-invisible elementor-widget elementor-widget-naylatextwrapper\" data-id=\"4e47bc17\" data-element_type=\"widget\" data-e-type=\"widget\" data-settings=\"{&quot;_animation&quot;:&quot;fadeInUp&quot;,&quot;_animation_delay&quot;:150}\" data-widget_type=\"naylatextwrapper.default\">\n\t\t\t\t<div class=\"elementor-widget-container\">\n\t\t\t\t\t\n\n\n<div class=\"text-wrapper  hide-br-mobile\">\n\n    <p class=\"has-anim-text linesMask fade text-p  false\" data-stagger=\"0.1\" data-duration=\"1.5\"data-delay=\"0\"data-scrub=\"true\" data-pin=\"false\"> <p>Des de l\u2019espai gener\u00f3s de l\u2019atri fins a la seq\u00fc\u00e8ncia de patis, escales i miradors, la proposta treballa amb una sensibilitat profunda cap a l\u2019experi\u00e8ncia del lloc. El nou espai actua com a refugi clim\u00e0tic, incorpora vegetaci\u00f3 local, maximitza la llum i la ventilaci\u00f3 natural, i aposta per un model de gesti\u00f3 energ\u00e8tica m\u00e9s sostenible.<\/p>\n<p>Els equipaments culturals i comercials s\u2019organitzen entorn d\u2019un eix central flexible, adaptable i preparat per a les necessitats canviants de la ciutat. Un lloc pensat per compartir, celebrar i construir comunitat.<\/p>\n<\/p>\n\n\n<\/div>\n\n\n\t\t\t\t<\/div>\n\t\t\t\t<\/div>\n\t\t\t\t\t<\/div>\n\t\t<\/div>\n\t\t\t\t\t<\/div>\n\t\t<\/section>\n\t\t\t\t\t<\/div>\n\t\t<\/div>\n\t\t\t\t\t<\/div>\n\t\t<\/section>\n\t\t\t\t<section class=\"elementor-section elementor-top-section elementor-element elementor-element-5269fe1 elementor-section-stretched elementor-section-height-min-height big_port_cont_img wrapper-wide section-normal elementor-section-boxed elementor-section-height-default elementor-section-items-middle default\" data-id=\"5269fe1\" data-element_type=\"section\" data-e-type=\"section\" data-settings=\"{&quot;stretch_section&quot;:&quot;section-stretched&quot;}\">\n\t\t\t\t\t\t<div class=\"elementor-container elementor-column-gap-default\">\n\t\t\t\t\t<div class=\"elementor-column elementor-col-100 elementor-top-column elementor-element elementor-element-a86447f\" data-id=\"a86447f\" data-element_type=\"column\" data-e-type=\"column\">\n\t\t\t<div class=\"elementor-widget-wrap elementor-element-populated\">\n\t\t\t\t<!-- hidden widget 22122-57e76aa --><!-- hidden widget 22122-a3c2363 -->\t\t<div class=\"elementor-element elementor-element-9e923e0 dc-has-condition dc-condition-equal big_video_final elementor-hidden-tablet elementor-hidden-mobile elementor-widget elementor-widget-video\" data-id=\"9e923e0\" data-element_type=\"widget\" data-e-type=\"widget\" data-settings=\"{&quot;video_type&quot;:&quot;hosted&quot;,&quot;autoplay&quot;:&quot;yes&quot;,&quot;mute&quot;:&quot;yes&quot;,&quot;loop&quot;:&quot;yes&quot;,&quot;play_on_mobile&quot;:&quot;yes&quot;}\" data-widget_type=\"video.default\">\n\t\t\t\t<div class=\"elementor-widget-container\">\n\t\t\t\t\t\t\t<div class=\"e-hosted-video elementor-wrapper elementor-open-inline\">\n\t\t\t\t\t<video class=\"elementor-video\" src=\"https:\/\/scob.es\/wp-content\/uploads\/2025\/10\/scob-arquitectura-paisaje-PLAZA-MAYOR-PALMA-\u00a9SCOB-MAQUETA.mp4\" autoplay=\"\" loop=\"\" muted=\"muted\" playsinline=\"\" controlsList=\"nodownload\"><\/video>\n\t\t\t\t<\/div>\n\t\t\t\t\t\t<\/div>\n\t\t\t\t<\/div>\n\t\t\t\t<div class=\"elementor-element elementor-element-e09db56 dc-has-condition dc-condition-equal big_video_final_resp elementor-hidden-desktop elementor-widget elementor-widget-video\" data-id=\"e09db56\" data-element_type=\"widget\" data-e-type=\"widget\" data-settings=\"{&quot;video_type&quot;:&quot;hosted&quot;,&quot;autoplay&quot;:&quot;yes&quot;,&quot;mute&quot;:&quot;yes&quot;,&quot;loop&quot;:&quot;yes&quot;,&quot;play_on_mobile&quot;:&quot;yes&quot;}\" data-widget_type=\"video.default\">\n\t\t\t\t<div class=\"elementor-widget-container\">\n\t\t\t\t\t\t\t<div class=\"e-hosted-video elementor-wrapper elementor-open-inline\">\n\t\t\t\t\t<video class=\"elementor-video\" src=\"https:\/\/scob.es\/wp-content\/uploads\/2025\/11\/scob-arquitectura-paisaje-PLAZA-MAYOR-PALMA-\u00a9SCOB-MAQUETA-responsive.mp4\" autoplay=\"\" loop=\"\" muted=\"muted\" playsinline=\"\" controlsList=\"nodownload\"><\/video>\n\t\t\t\t<\/div>\n\t\t\t\t\t\t<\/div>\n\t\t\t\t<\/div>\n\t\t\t\t\t<\/div>\n\t\t<\/div>\n\t\t\t\t\t<\/div>\n\t\t<\/section>\n\t\t\t\t<\/div>\n\t\t","protected":false},"featured_media":22081,"template":"","meta":{"_acf_changed":false,"footnotes":""},"project-categories":[163],"anos":[116],"class_list":["post-22122","portfolio","type-portfolio","status-publish","has-post-thumbnail","hentry","project-categories-projecte","anos-116"],"acf":{"photo_gallery":{"image_gallery":[[]],"foto_slider_proyecto":[[],[{"id":22228,"title":"scob-arquitectura-paisaje-PLAZA MAYOR PALMA-\u00a9SCOB-RENDER 05","caption":"","full_image_url":"https:\/\/scob.es\/wp-content\/uploads\/2025\/04\/scob-arquitectura-paisaje-PLAZA-MAYOR-PALMA-\u00a9SCOB-RENDER-05-scaled.jpg","thumbnail_image_url":"https:\/\/scob.es\/wp-content\/uploads\/2025\/04\/scob-arquitectura-paisaje-PLAZA-MAYOR-PALMA-\u00a9SCOB-RENDER-05-150x150.jpg","large_srcset":"https:\/\/scob.es\/wp-content\/uploads\/2025\/04\/scob-arquitectura-paisaje-PLAZA-MAYOR-PALMA-\u00a9SCOB-RENDER-05-1024x640.jpg 1024w, https:\/\/scob.es\/wp-content\/uploads\/2025\/04\/scob-arquitectura-paisaje-PLAZA-MAYOR-PALMA-\u00a9SCOB-RENDER-05-300x188.jpg 300w, https:\/\/scob.es\/wp-content\/uploads\/2025\/04\/scob-arquitectura-paisaje-PLAZA-MAYOR-PALMA-\u00a9SCOB-RENDER-05-768x480.jpg 768w, https:\/\/scob.es\/wp-content\/uploads\/2025\/04\/scob-arquitectura-paisaje-PLAZA-MAYOR-PALMA-\u00a9SCOB-RENDER-05-1536x960.jpg 1536w, https:\/\/scob.es\/wp-content\/uploads\/2025\/04\/scob-arquitectura-paisaje-PLAZA-MAYOR-PALMA-\u00a9SCOB-RENDER-05-2048x1280.jpg 2048w","medium_srcset":"https:\/\/scob.es\/wp-content\/uploads\/2025\/04\/scob-arquitectura-paisaje-PLAZA-MAYOR-PALMA-\u00a9SCOB-RENDER-05-300x188.jpg 300w, https:\/\/scob.es\/wp-content\/uploads\/2025\/04\/scob-arquitectura-paisaje-PLAZA-MAYOR-PALMA-\u00a9SCOB-RENDER-05-1024x640.jpg 1024w, https:\/\/scob.es\/wp-content\/uploads\/2025\/04\/scob-arquitectura-paisaje-PLAZA-MAYOR-PALMA-\u00a9SCOB-RENDER-05-768x480.jpg 768w, https:\/\/scob.es\/wp-content\/uploads\/2025\/04\/scob-arquitectura-paisaje-PLAZA-MAYOR-PALMA-\u00a9SCOB-RENDER-05-1536x960.jpg 1536w, https:\/\/scob.es\/wp-content\/uploads\/2025\/04\/scob-arquitectura-paisaje-PLAZA-MAYOR-PALMA-\u00a9SCOB-RENDER-05-2048x1280.jpg 2048w","media_details":{"width":2560,"height":1600,"sizes":{"medium":{"file":"scob-arquitectura-paisaje-PLAZA-MAYOR-PALMA-\u00a9SCOB-RENDER-05-300x188.jpg","width":300,"height":188,"mime-type":"image\/jpeg","filesize":23793,"source_url":"https:\/\/scob.es\/wp-content\/uploads\/2025\/04\/scob-arquitectura-paisaje-PLAZA-MAYOR-PALMA-\u00a9SCOB-RENDER-05-300x188.jpg"},"large":{"file":"scob-arquitectura-paisaje-PLAZA-MAYOR-PALMA-\u00a9SCOB-RENDER-05-1024x640.jpg","width":1024,"height":640,"mime-type":"image\/jpeg","filesize":237570,"source_url":"https:\/\/scob.es\/wp-content\/uploads\/2025\/04\/scob-arquitectura-paisaje-PLAZA-MAYOR-PALMA-\u00a9SCOB-RENDER-05-1024x640.jpg"},"thumbnail":{"file":"scob-arquitectura-paisaje-PLAZA-MAYOR-PALMA-\u00a9SCOB-RENDER-05-150x150.jpg","width":150,"height":150,"mime-type":"image\/jpeg","filesize":10179,"source_url":"https:\/\/scob.es\/wp-content\/uploads\/2025\/04\/scob-arquitectura-paisaje-PLAZA-MAYOR-PALMA-\u00a9SCOB-RENDER-05-150x150.jpg"},"medium_large":{"file":"scob-arquitectura-paisaje-PLAZA-MAYOR-PALMA-\u00a9SCOB-RENDER-05-768x480.jpg","width":768,"height":480,"mime-type":"image\/jpeg","filesize":139096,"source_url":"https:\/\/scob.es\/wp-content\/uploads\/2025\/04\/scob-arquitectura-paisaje-PLAZA-MAYOR-PALMA-\u00a9SCOB-RENDER-05-768x480.jpg"},"1536x1536":{"file":"scob-arquitectura-paisaje-PLAZA-MAYOR-PALMA-\u00a9SCOB-RENDER-05-1536x960.jpg","width":1536,"height":960,"mime-type":"image\/jpeg","filesize":488099,"source_url":"https:\/\/scob.es\/wp-content\/uploads\/2025\/04\/scob-arquitectura-paisaje-PLAZA-MAYOR-PALMA-\u00a9SCOB-RENDER-05-1536x960.jpg"},"2048x2048":{"file":"scob-arquitectura-paisaje-PLAZA-MAYOR-PALMA-\u00a9SCOB-RENDER-05-2048x1280.jpg","width":2048,"height":1280,"mime-type":"image\/jpeg","filesize":792053,"source_url":"https:\/\/scob.es\/wp-content\/uploads\/2025\/04\/scob-arquitectura-paisaje-PLAZA-MAYOR-PALMA-\u00a9SCOB-RENDER-05-2048x1280.jpg"},"woocommerce_thumbnail":{"file":"scob-arquitectura-paisaje-PLAZA-MAYOR-PALMA-\u00a9SCOB-RENDER-05-150x150.jpg","width":150,"height":150,"mime-type":"image\/jpeg","filesize":10179,"uncropped":false,"source_url":"https:\/\/scob.es\/wp-content\/uploads\/2025\/04\/scob-arquitectura-paisaje-PLAZA-MAYOR-PALMA-\u00a9SCOB-RENDER-05-150x150.jpg"},"woocommerce_single":{"file":"scob-arquitectura-paisaje-PLAZA-MAYOR-PALMA-\u00a9SCOB-RENDER-05-300x188.jpg","width":300,"height":188,"mime-type":"image\/jpeg","filesize":23793,"source_url":"https:\/\/scob.es\/wp-content\/uploads\/2025\/04\/scob-arquitectura-paisaje-PLAZA-MAYOR-PALMA-\u00a9SCOB-RENDER-05-300x188.jpg"},"woocommerce_gallery_thumbnail":{"file":"scob-arquitectura-paisaje-PLAZA-MAYOR-PALMA-\u00a9SCOB-RENDER-05-100x100.jpg","width":100,"height":100,"mime-type":"image\/jpeg","filesize":5087,"source_url":"https:\/\/scob.es\/wp-content\/uploads\/2025\/04\/scob-arquitectura-paisaje-PLAZA-MAYOR-PALMA-\u00a9SCOB-RENDER-05-100x100.jpg"}}},"alt_text":"","url":"","target":""},{"id":22225,"title":"scob-arquitectura-paisaje-PLAZA MAYOR PALMA-\u00a9SCOB-RENDER 02","caption":"","full_image_url":"https:\/\/scob.es\/wp-content\/uploads\/2025\/04\/scob-arquitectura-paisaje-PLAZA-MAYOR-PALMA-\u00a9SCOB-RENDER-02.jpg","thumbnail_image_url":"https:\/\/scob.es\/wp-content\/uploads\/2025\/04\/scob-arquitectura-paisaje-PLAZA-MAYOR-PALMA-\u00a9SCOB-RENDER-02-150x150.jpg","large_srcset":"https:\/\/scob.es\/wp-content\/uploads\/2025\/04\/scob-arquitectura-paisaje-PLAZA-MAYOR-PALMA-\u00a9SCOB-RENDER-02-1024x459.jpg 1024w, https:\/\/scob.es\/wp-content\/uploads\/2025\/04\/scob-arquitectura-paisaje-PLAZA-MAYOR-PALMA-\u00a9SCOB-RENDER-02-300x135.jpg 300w, https:\/\/scob.es\/wp-content\/uploads\/2025\/04\/scob-arquitectura-paisaje-PLAZA-MAYOR-PALMA-\u00a9SCOB-RENDER-02-768x344.jpg 768w, https:\/\/scob.es\/wp-content\/uploads\/2025\/04\/scob-arquitectura-paisaje-PLAZA-MAYOR-PALMA-\u00a9SCOB-RENDER-02-1536x689.jpg 1536w, https:\/\/scob.es\/wp-content\/uploads\/2025\/04\/scob-arquitectura-paisaje-PLAZA-MAYOR-PALMA-\u00a9SCOB-RENDER-02-2048x918.jpg 2048w","medium_srcset":"https:\/\/scob.es\/wp-content\/uploads\/2025\/04\/scob-arquitectura-paisaje-PLAZA-MAYOR-PALMA-\u00a9SCOB-RENDER-02-300x135.jpg 300w, https:\/\/scob.es\/wp-content\/uploads\/2025\/04\/scob-arquitectura-paisaje-PLAZA-MAYOR-PALMA-\u00a9SCOB-RENDER-02-1024x459.jpg 1024w, https:\/\/scob.es\/wp-content\/uploads\/2025\/04\/scob-arquitectura-paisaje-PLAZA-MAYOR-PALMA-\u00a9SCOB-RENDER-02-768x344.jpg 768w, https:\/\/scob.es\/wp-content\/uploads\/2025\/04\/scob-arquitectura-paisaje-PLAZA-MAYOR-PALMA-\u00a9SCOB-RENDER-02-1536x689.jpg 1536w, https:\/\/scob.es\/wp-content\/uploads\/2025\/04\/scob-arquitectura-paisaje-PLAZA-MAYOR-PALMA-\u00a9SCOB-RENDER-02-2048x918.jpg 2048w","media_details":{"width":2560,"height":1148,"sizes":{"medium":{"file":"scob-arquitectura-paisaje-PLAZA-MAYOR-PALMA-\u00a9SCOB-RENDER-02-300x135.jpg","width":300,"height":135,"mime-type":"image\/jpeg","filesize":9681,"source_url":"https:\/\/scob.es\/wp-content\/uploads\/2025\/04\/scob-arquitectura-paisaje-PLAZA-MAYOR-PALMA-\u00a9SCOB-RENDER-02-300x135.jpg"},"large":{"file":"scob-arquitectura-paisaje-PLAZA-MAYOR-PALMA-\u00a9SCOB-RENDER-02-1024x459.jpg","width":1024,"height":459,"mime-type":"image\/jpeg","filesize":77432,"source_url":"https:\/\/scob.es\/wp-content\/uploads\/2025\/04\/scob-arquitectura-paisaje-PLAZA-MAYOR-PALMA-\u00a9SCOB-RENDER-02-1024x459.jpg"},"thumbnail":{"file":"scob-arquitectura-paisaje-PLAZA-MAYOR-PALMA-\u00a9SCOB-RENDER-02-150x150.jpg","width":150,"height":150,"mime-type":"image\/jpeg","filesize":5860,"source_url":"https:\/\/scob.es\/wp-content\/uploads\/2025\/04\/scob-arquitectura-paisaje-PLAZA-MAYOR-PALMA-\u00a9SCOB-RENDER-02-150x150.jpg"},"medium_large":{"file":"scob-arquitectura-paisaje-PLAZA-MAYOR-PALMA-\u00a9SCOB-RENDER-02-768x344.jpg","width":768,"height":344,"mime-type":"image\/jpeg","filesize":46902,"source_url":"https:\/\/scob.es\/wp-content\/uploads\/2025\/04\/scob-arquitectura-paisaje-PLAZA-MAYOR-PALMA-\u00a9SCOB-RENDER-02-768x344.jpg"},"1536x1536":{"file":"scob-arquitectura-paisaje-PLAZA-MAYOR-PALMA-\u00a9SCOB-RENDER-02-1536x689.jpg","width":1536,"height":689,"mime-type":"image\/jpeg","filesize":157011,"source_url":"https:\/\/scob.es\/wp-content\/uploads\/2025\/04\/scob-arquitectura-paisaje-PLAZA-MAYOR-PALMA-\u00a9SCOB-RENDER-02-1536x689.jpg"},"2048x2048":{"file":"scob-arquitectura-paisaje-PLAZA-MAYOR-PALMA-\u00a9SCOB-RENDER-02-2048x918.jpg","width":2048,"height":918,"mime-type":"image\/jpeg","filesize":256330,"source_url":"https:\/\/scob.es\/wp-content\/uploads\/2025\/04\/scob-arquitectura-paisaje-PLAZA-MAYOR-PALMA-\u00a9SCOB-RENDER-02-2048x918.jpg"},"woocommerce_thumbnail":{"file":"scob-arquitectura-paisaje-PLAZA-MAYOR-PALMA-\u00a9SCOB-RENDER-02-150x150.jpg","width":150,"height":150,"mime-type":"image\/jpeg","filesize":5860,"uncropped":false,"source_url":"https:\/\/scob.es\/wp-content\/uploads\/2025\/04\/scob-arquitectura-paisaje-PLAZA-MAYOR-PALMA-\u00a9SCOB-RENDER-02-150x150.jpg"},"woocommerce_single":{"file":"scob-arquitectura-paisaje-PLAZA-MAYOR-PALMA-\u00a9SCOB-RENDER-02-300x135.jpg","width":300,"height":135,"mime-type":"image\/jpeg","filesize":9681,"source_url":"https:\/\/scob.es\/wp-content\/uploads\/2025\/04\/scob-arquitectura-paisaje-PLAZA-MAYOR-PALMA-\u00a9SCOB-RENDER-02-300x135.jpg"},"woocommerce_gallery_thumbnail":{"file":"scob-arquitectura-paisaje-PLAZA-MAYOR-PALMA-\u00a9SCOB-RENDER-02-100x100.jpg","width":100,"height":100,"mime-type":"image\/jpeg","filesize":3333,"source_url":"https:\/\/scob.es\/wp-content\/uploads\/2025\/04\/scob-arquitectura-paisaje-PLAZA-MAYOR-PALMA-\u00a9SCOB-RENDER-02-100x100.jpg"}}},"alt_text":"","url":"","target":""},{"id":22231,"title":"scob-arquitectura-paisaje-PLAZA MAYOR PALMA-\u00a9SCOB-RENDER 08","caption":"","full_image_url":"https:\/\/scob.es\/wp-content\/uploads\/2025\/04\/scob-arquitectura-paisaje-PLAZA-MAYOR-PALMA-\u00a9SCOB-RENDER-08.jpg","thumbnail_image_url":"https:\/\/scob.es\/wp-content\/uploads\/2025\/04\/scob-arquitectura-paisaje-PLAZA-MAYOR-PALMA-\u00a9SCOB-RENDER-08-150x150.jpg","large_srcset":"https:\/\/scob.es\/wp-content\/uploads\/2025\/04\/scob-arquitectura-paisaje-PLAZA-MAYOR-PALMA-\u00a9SCOB-RENDER-08-1024x512.jpg 1024w, https:\/\/scob.es\/wp-content\/uploads\/2025\/04\/scob-arquitectura-paisaje-PLAZA-MAYOR-PALMA-\u00a9SCOB-RENDER-08-300x150.jpg 300w, https:\/\/scob.es\/wp-content\/uploads\/2025\/04\/scob-arquitectura-paisaje-PLAZA-MAYOR-PALMA-\u00a9SCOB-RENDER-08-768x384.jpg 768w, https:\/\/scob.es\/wp-content\/uploads\/2025\/04\/scob-arquitectura-paisaje-PLAZA-MAYOR-PALMA-\u00a9SCOB-RENDER-08-1536x768.jpg 1536w, https:\/\/scob.es\/wp-content\/uploads\/2025\/04\/scob-arquitectura-paisaje-PLAZA-MAYOR-PALMA-\u00a9SCOB-RENDER-08-2048x1024.jpg 2048w","medium_srcset":"https:\/\/scob.es\/wp-content\/uploads\/2025\/04\/scob-arquitectura-paisaje-PLAZA-MAYOR-PALMA-\u00a9SCOB-RENDER-08-300x150.jpg 300w, https:\/\/scob.es\/wp-content\/uploads\/2025\/04\/scob-arquitectura-paisaje-PLAZA-MAYOR-PALMA-\u00a9SCOB-RENDER-08-1024x512.jpg 1024w, https:\/\/scob.es\/wp-content\/uploads\/2025\/04\/scob-arquitectura-paisaje-PLAZA-MAYOR-PALMA-\u00a9SCOB-RENDER-08-768x384.jpg 768w, https:\/\/scob.es\/wp-content\/uploads\/2025\/04\/scob-arquitectura-paisaje-PLAZA-MAYOR-PALMA-\u00a9SCOB-RENDER-08-1536x768.jpg 1536w, https:\/\/scob.es\/wp-content\/uploads\/2025\/04\/scob-arquitectura-paisaje-PLAZA-MAYOR-PALMA-\u00a9SCOB-RENDER-08-2048x1024.jpg 2048w","media_details":{"width":2560,"height":1280,"sizes":{"medium":{"file":"scob-arquitectura-paisaje-PLAZA-MAYOR-PALMA-\u00a9SCOB-RENDER-08-300x150.jpg","width":300,"height":150,"mime-type":"image\/jpeg","filesize":11305,"source_url":"https:\/\/scob.es\/wp-content\/uploads\/2025\/04\/scob-arquitectura-paisaje-PLAZA-MAYOR-PALMA-\u00a9SCOB-RENDER-08-300x150.jpg"},"large":{"file":"scob-arquitectura-paisaje-PLAZA-MAYOR-PALMA-\u00a9SCOB-RENDER-08-1024x512.jpg","width":1024,"height":512,"mime-type":"image\/jpeg","filesize":106708,"source_url":"https:\/\/scob.es\/wp-content\/uploads\/2025\/04\/scob-arquitectura-paisaje-PLAZA-MAYOR-PALMA-\u00a9SCOB-RENDER-08-1024x512.jpg"},"thumbnail":{"file":"scob-arquitectura-paisaje-PLAZA-MAYOR-PALMA-\u00a9SCOB-RENDER-08-150x150.jpg","width":150,"height":150,"mime-type":"image\/jpeg","filesize":5894,"source_url":"https:\/\/scob.es\/wp-content\/uploads\/2025\/04\/scob-arquitectura-paisaje-PLAZA-MAYOR-PALMA-\u00a9SCOB-RENDER-08-150x150.jpg"},"medium_large":{"file":"scob-arquitectura-paisaje-PLAZA-MAYOR-PALMA-\u00a9SCOB-RENDER-08-768x384.jpg","width":768,"height":384,"mime-type":"image\/jpeg","filesize":60958,"source_url":"https:\/\/scob.es\/wp-content\/uploads\/2025\/04\/scob-arquitectura-paisaje-PLAZA-MAYOR-PALMA-\u00a9SCOB-RENDER-08-768x384.jpg"},"1536x1536":{"file":"scob-arquitectura-paisaje-PLAZA-MAYOR-PALMA-\u00a9SCOB-RENDER-08-1536x768.jpg","width":1536,"height":768,"mime-type":"image\/jpeg","filesize":225304,"source_url":"https:\/\/scob.es\/wp-content\/uploads\/2025\/04\/scob-arquitectura-paisaje-PLAZA-MAYOR-PALMA-\u00a9SCOB-RENDER-08-1536x768.jpg"},"2048x2048":{"file":"scob-arquitectura-paisaje-PLAZA-MAYOR-PALMA-\u00a9SCOB-RENDER-08-2048x1024.jpg","width":2048,"height":1024,"mime-type":"image\/jpeg","filesize":374766,"source_url":"https:\/\/scob.es\/wp-content\/uploads\/2025\/04\/scob-arquitectura-paisaje-PLAZA-MAYOR-PALMA-\u00a9SCOB-RENDER-08-2048x1024.jpg"},"woocommerce_thumbnail":{"file":"scob-arquitectura-paisaje-PLAZA-MAYOR-PALMA-\u00a9SCOB-RENDER-08-150x150.jpg","width":150,"height":150,"mime-type":"image\/jpeg","filesize":5894,"uncropped":false,"source_url":"https:\/\/scob.es\/wp-content\/uploads\/2025\/04\/scob-arquitectura-paisaje-PLAZA-MAYOR-PALMA-\u00a9SCOB-RENDER-08-150x150.jpg"},"woocommerce_single":{"file":"scob-arquitectura-paisaje-PLAZA-MAYOR-PALMA-\u00a9SCOB-RENDER-08-300x150.jpg","width":300,"height":150,"mime-type":"image\/jpeg","filesize":11305,"source_url":"https:\/\/scob.es\/wp-content\/uploads\/2025\/04\/scob-arquitectura-paisaje-PLAZA-MAYOR-PALMA-\u00a9SCOB-RENDER-08-300x150.jpg"},"woocommerce_gallery_thumbnail":{"file":"scob-arquitectura-paisaje-PLAZA-MAYOR-PALMA-\u00a9SCOB-RENDER-08-100x100.jpg","width":100,"height":100,"mime-type":"image\/jpeg","filesize":3324,"source_url":"https:\/\/scob.es\/wp-content\/uploads\/2025\/04\/scob-arquitectura-paisaje-PLAZA-MAYOR-PALMA-\u00a9SCOB-RENDER-08-100x100.jpg"}}},"alt_text":"","url":"","target":""},{"id":22226,"title":"scob-arquitectura-paisaje-PLAZA MAYOR PALMA-\u00a9SCOB-RENDER 03","caption":"","full_image_url":"https:\/\/scob.es\/wp-content\/uploads\/2025\/04\/scob-arquitectura-paisaje-PLAZA-MAYOR-PALMA-\u00a9SCOB-RENDER-03.jpg","thumbnail_image_url":"https:\/\/scob.es\/wp-content\/uploads\/2025\/04\/scob-arquitectura-paisaje-PLAZA-MAYOR-PALMA-\u00a9SCOB-RENDER-03-150x150.jpg","large_srcset":"https:\/\/scob.es\/wp-content\/uploads\/2025\/04\/scob-arquitectura-paisaje-PLAZA-MAYOR-PALMA-\u00a9SCOB-RENDER-03-1024x576.jpg 1024w, https:\/\/scob.es\/wp-content\/uploads\/2025\/04\/scob-arquitectura-paisaje-PLAZA-MAYOR-PALMA-\u00a9SCOB-RENDER-03-300x169.jpg 300w, https:\/\/scob.es\/wp-content\/uploads\/2025\/04\/scob-arquitectura-paisaje-PLAZA-MAYOR-PALMA-\u00a9SCOB-RENDER-03-768x432.jpg 768w, https:\/\/scob.es\/wp-content\/uploads\/2025\/04\/scob-arquitectura-paisaje-PLAZA-MAYOR-PALMA-\u00a9SCOB-RENDER-03-1536x864.jpg 1536w, https:\/\/scob.es\/wp-content\/uploads\/2025\/04\/scob-arquitectura-paisaje-PLAZA-MAYOR-PALMA-\u00a9SCOB-RENDER-03-2048x1152.jpg 2048w","medium_srcset":"https:\/\/scob.es\/wp-content\/uploads\/2025\/04\/scob-arquitectura-paisaje-PLAZA-MAYOR-PALMA-\u00a9SCOB-RENDER-03-300x169.jpg 300w, https:\/\/scob.es\/wp-content\/uploads\/2025\/04\/scob-arquitectura-paisaje-PLAZA-MAYOR-PALMA-\u00a9SCOB-RENDER-03-1024x576.jpg 1024w, https:\/\/scob.es\/wp-content\/uploads\/2025\/04\/scob-arquitectura-paisaje-PLAZA-MAYOR-PALMA-\u00a9SCOB-RENDER-03-768x432.jpg 768w, https:\/\/scob.es\/wp-content\/uploads\/2025\/04\/scob-arquitectura-paisaje-PLAZA-MAYOR-PALMA-\u00a9SCOB-RENDER-03-1536x864.jpg 1536w, https:\/\/scob.es\/wp-content\/uploads\/2025\/04\/scob-arquitectura-paisaje-PLAZA-MAYOR-PALMA-\u00a9SCOB-RENDER-03-2048x1152.jpg 2048w","media_details":{"width":2560,"height":1440,"sizes":{"medium":{"file":"scob-arquitectura-paisaje-PLAZA-MAYOR-PALMA-\u00a9SCOB-RENDER-03-300x169.jpg","width":300,"height":169,"mime-type":"image\/jpeg","filesize":12165,"source_url":"https:\/\/scob.es\/wp-content\/uploads\/2025\/04\/scob-arquitectura-paisaje-PLAZA-MAYOR-PALMA-\u00a9SCOB-RENDER-03-300x169.jpg"},"large":{"file":"scob-arquitectura-paisaje-PLAZA-MAYOR-PALMA-\u00a9SCOB-RENDER-03-1024x576.jpg","width":1024,"height":576,"mime-type":"image\/jpeg","filesize":105322,"source_url":"https:\/\/scob.es\/wp-content\/uploads\/2025\/04\/scob-arquitectura-paisaje-PLAZA-MAYOR-PALMA-\u00a9SCOB-RENDER-03-1024x576.jpg"},"thumbnail":{"file":"scob-arquitectura-paisaje-PLAZA-MAYOR-PALMA-\u00a9SCOB-RENDER-03-150x150.jpg","width":150,"height":150,"mime-type":"image\/jpeg","filesize":5891,"source_url":"https:\/\/scob.es\/wp-content\/uploads\/2025\/04\/scob-arquitectura-paisaje-PLAZA-MAYOR-PALMA-\u00a9SCOB-RENDER-03-150x150.jpg"},"medium_large":{"file":"scob-arquitectura-paisaje-PLAZA-MAYOR-PALMA-\u00a9SCOB-RENDER-03-768x432.jpg","width":768,"height":432,"mime-type":"image\/jpeg","filesize":62462,"source_url":"https:\/\/scob.es\/wp-content\/uploads\/2025\/04\/scob-arquitectura-paisaje-PLAZA-MAYOR-PALMA-\u00a9SCOB-RENDER-03-768x432.jpg"},"1536x1536":{"file":"scob-arquitectura-paisaje-PLAZA-MAYOR-PALMA-\u00a9SCOB-RENDER-03-1536x864.jpg","width":1536,"height":864,"mime-type":"image\/jpeg","filesize":220007,"source_url":"https:\/\/scob.es\/wp-content\/uploads\/2025\/04\/scob-arquitectura-paisaje-PLAZA-MAYOR-PALMA-\u00a9SCOB-RENDER-03-1536x864.jpg"},"2048x2048":{"file":"scob-arquitectura-paisaje-PLAZA-MAYOR-PALMA-\u00a9SCOB-RENDER-03-2048x1152.jpg","width":2048,"height":1152,"mime-type":"image\/jpeg","filesize":360564,"source_url":"https:\/\/scob.es\/wp-content\/uploads\/2025\/04\/scob-arquitectura-paisaje-PLAZA-MAYOR-PALMA-\u00a9SCOB-RENDER-03-2048x1152.jpg"},"woocommerce_thumbnail":{"file":"scob-arquitectura-paisaje-PLAZA-MAYOR-PALMA-\u00a9SCOB-RENDER-03-150x150.jpg","width":150,"height":150,"mime-type":"image\/jpeg","filesize":5891,"uncropped":false,"source_url":"https:\/\/scob.es\/wp-content\/uploads\/2025\/04\/scob-arquitectura-paisaje-PLAZA-MAYOR-PALMA-\u00a9SCOB-RENDER-03-150x150.jpg"},"woocommerce_single":{"file":"scob-arquitectura-paisaje-PLAZA-MAYOR-PALMA-\u00a9SCOB-RENDER-03-300x169.jpg","width":300,"height":169,"mime-type":"image\/jpeg","filesize":12165,"source_url":"https:\/\/scob.es\/wp-content\/uploads\/2025\/04\/scob-arquitectura-paisaje-PLAZA-MAYOR-PALMA-\u00a9SCOB-RENDER-03-300x169.jpg"},"woocommerce_gallery_thumbnail":{"file":"scob-arquitectura-paisaje-PLAZA-MAYOR-PALMA-\u00a9SCOB-RENDER-03-100x100.jpg","width":100,"height":100,"mime-type":"image\/jpeg","filesize":3215,"source_url":"https:\/\/scob.es\/wp-content\/uploads\/2025\/04\/scob-arquitectura-paisaje-PLAZA-MAYOR-PALMA-\u00a9SCOB-RENDER-03-100x100.jpg"}}},"alt_text":"","url":"","target":""},{"id":22232,"title":"scob-arquitectura-paisaje-PLAZA MAYOR PALMA-\u00a9SCOB-RENDER 09","caption":"","full_image_url":"https:\/\/scob.es\/wp-content\/uploads\/2025\/04\/scob-arquitectura-paisaje-PLAZA-MAYOR-PALMA-\u00a9SCOB-RENDER-09.jpg","thumbnail_image_url":"https:\/\/scob.es\/wp-content\/uploads\/2025\/04\/scob-arquitectura-paisaje-PLAZA-MAYOR-PALMA-\u00a9SCOB-RENDER-09-150x150.jpg","large_srcset":"https:\/\/scob.es\/wp-content\/uploads\/2025\/04\/scob-arquitectura-paisaje-PLAZA-MAYOR-PALMA-\u00a9SCOB-RENDER-09-1024x576.jpg 1024w, https:\/\/scob.es\/wp-content\/uploads\/2025\/04\/scob-arquitectura-paisaje-PLAZA-MAYOR-PALMA-\u00a9SCOB-RENDER-09-300x169.jpg 300w, https:\/\/scob.es\/wp-content\/uploads\/2025\/04\/scob-arquitectura-paisaje-PLAZA-MAYOR-PALMA-\u00a9SCOB-RENDER-09-768x432.jpg 768w, https:\/\/scob.es\/wp-content\/uploads\/2025\/04\/scob-arquitectura-paisaje-PLAZA-MAYOR-PALMA-\u00a9SCOB-RENDER-09-1536x864.jpg 1536w, https:\/\/scob.es\/wp-content\/uploads\/2025\/04\/scob-arquitectura-paisaje-PLAZA-MAYOR-PALMA-\u00a9SCOB-RENDER-09-2048x1152.jpg 2048w","medium_srcset":"https:\/\/scob.es\/wp-content\/uploads\/2025\/04\/scob-arquitectura-paisaje-PLAZA-MAYOR-PALMA-\u00a9SCOB-RENDER-09-300x169.jpg 300w, https:\/\/scob.es\/wp-content\/uploads\/2025\/04\/scob-arquitectura-paisaje-PLAZA-MAYOR-PALMA-\u00a9SCOB-RENDER-09-1024x576.jpg 1024w, https:\/\/scob.es\/wp-content\/uploads\/2025\/04\/scob-arquitectura-paisaje-PLAZA-MAYOR-PALMA-\u00a9SCOB-RENDER-09-768x432.jpg 768w, https:\/\/scob.es\/wp-content\/uploads\/2025\/04\/scob-arquitectura-paisaje-PLAZA-MAYOR-PALMA-\u00a9SCOB-RENDER-09-1536x864.jpg 1536w, https:\/\/scob.es\/wp-content\/uploads\/2025\/04\/scob-arquitectura-paisaje-PLAZA-MAYOR-PALMA-\u00a9SCOB-RENDER-09-2048x1152.jpg 2048w","media_details":{"width":2560,"height":1440,"sizes":{"medium":{"file":"scob-arquitectura-paisaje-PLAZA-MAYOR-PALMA-\u00a9SCOB-RENDER-09-300x169.jpg","width":300,"height":169,"mime-type":"image\/jpeg","filesize":11737,"source_url":"https:\/\/scob.es\/wp-content\/uploads\/2025\/04\/scob-arquitectura-paisaje-PLAZA-MAYOR-PALMA-\u00a9SCOB-RENDER-09-300x169.jpg"},"large":{"file":"scob-arquitectura-paisaje-PLAZA-MAYOR-PALMA-\u00a9SCOB-RENDER-09-1024x576.jpg","width":1024,"height":576,"mime-type":"image\/jpeg","filesize":86576,"source_url":"https:\/\/scob.es\/wp-content\/uploads\/2025\/04\/scob-arquitectura-paisaje-PLAZA-MAYOR-PALMA-\u00a9SCOB-RENDER-09-1024x576.jpg"},"thumbnail":{"file":"scob-arquitectura-paisaje-PLAZA-MAYOR-PALMA-\u00a9SCOB-RENDER-09-150x150.jpg","width":150,"height":150,"mime-type":"image\/jpeg","filesize":5760,"source_url":"https:\/\/scob.es\/wp-content\/uploads\/2025\/04\/scob-arquitectura-paisaje-PLAZA-MAYOR-PALMA-\u00a9SCOB-RENDER-09-150x150.jpg"},"medium_large":{"file":"scob-arquitectura-paisaje-PLAZA-MAYOR-PALMA-\u00a9SCOB-RENDER-09-768x432.jpg","width":768,"height":432,"mime-type":"image\/jpeg","filesize":52525,"source_url":"https:\/\/scob.es\/wp-content\/uploads\/2025\/04\/scob-arquitectura-paisaje-PLAZA-MAYOR-PALMA-\u00a9SCOB-RENDER-09-768x432.jpg"},"1536x1536":{"file":"scob-arquitectura-paisaje-PLAZA-MAYOR-PALMA-\u00a9SCOB-RENDER-09-1536x864.jpg","width":1536,"height":864,"mime-type":"image\/jpeg","filesize":176619,"source_url":"https:\/\/scob.es\/wp-content\/uploads\/2025\/04\/scob-arquitectura-paisaje-PLAZA-MAYOR-PALMA-\u00a9SCOB-RENDER-09-1536x864.jpg"},"2048x2048":{"file":"scob-arquitectura-paisaje-PLAZA-MAYOR-PALMA-\u00a9SCOB-RENDER-09-2048x1152.jpg","width":2048,"height":1152,"mime-type":"image\/jpeg","filesize":290962,"source_url":"https:\/\/scob.es\/wp-content\/uploads\/2025\/04\/scob-arquitectura-paisaje-PLAZA-MAYOR-PALMA-\u00a9SCOB-RENDER-09-2048x1152.jpg"},"woocommerce_thumbnail":{"file":"scob-arquitectura-paisaje-PLAZA-MAYOR-PALMA-\u00a9SCOB-RENDER-09-150x150.jpg","width":150,"height":150,"mime-type":"image\/jpeg","filesize":5760,"uncropped":false,"source_url":"https:\/\/scob.es\/wp-content\/uploads\/2025\/04\/scob-arquitectura-paisaje-PLAZA-MAYOR-PALMA-\u00a9SCOB-RENDER-09-150x150.jpg"},"woocommerce_single":{"file":"scob-arquitectura-paisaje-PLAZA-MAYOR-PALMA-\u00a9SCOB-RENDER-09-300x169.jpg","width":300,"height":169,"mime-type":"image\/jpeg","filesize":11737,"source_url":"https:\/\/scob.es\/wp-content\/uploads\/2025\/04\/scob-arquitectura-paisaje-PLAZA-MAYOR-PALMA-\u00a9SCOB-RENDER-09-300x169.jpg"},"woocommerce_gallery_thumbnail":{"file":"scob-arquitectura-paisaje-PLAZA-MAYOR-PALMA-\u00a9SCOB-RENDER-09-100x100.jpg","width":100,"height":100,"mime-type":"image\/jpeg","filesize":3387,"source_url":"https:\/\/scob.es\/wp-content\/uploads\/2025\/04\/scob-arquitectura-paisaje-PLAZA-MAYOR-PALMA-\u00a9SCOB-RENDER-09-100x100.jpg"}}},"alt_text":"","url":"","target":""},{"id":22081,"title":"scob-arquitectura-paisaje-PLAZA MAYOR PALMA-\u00a9SCOB-RENDER 01","caption":"","full_image_url":"https:\/\/scob.es\/wp-content\/uploads\/2025\/04\/scob-arquitectura-paisaje-PLAZA-MAYOR-PALMA-\u00a9SCOB-RENDER-01.jpg","thumbnail_image_url":"https:\/\/scob.es\/wp-content\/uploads\/2025\/04\/scob-arquitectura-paisaje-PLAZA-MAYOR-PALMA-\u00a9SCOB-RENDER-01-150x150.jpg","large_srcset":"https:\/\/scob.es\/wp-content\/uploads\/2025\/04\/scob-arquitectura-paisaje-PLAZA-MAYOR-PALMA-\u00a9SCOB-RENDER-01-1024x562.jpg 1024w, https:\/\/scob.es\/wp-content\/uploads\/2025\/04\/scob-arquitectura-paisaje-PLAZA-MAYOR-PALMA-\u00a9SCOB-RENDER-01-300x165.jpg 300w, https:\/\/scob.es\/wp-content\/uploads\/2025\/04\/scob-arquitectura-paisaje-PLAZA-MAYOR-PALMA-\u00a9SCOB-RENDER-01-768x422.jpg 768w, https:\/\/scob.es\/wp-content\/uploads\/2025\/04\/scob-arquitectura-paisaje-PLAZA-MAYOR-PALMA-\u00a9SCOB-RENDER-01-1536x843.jpg 1536w, https:\/\/scob.es\/wp-content\/uploads\/2025\/04\/scob-arquitectura-paisaje-PLAZA-MAYOR-PALMA-\u00a9SCOB-RENDER-01-2048x1124.jpg 2048w","medium_srcset":"https:\/\/scob.es\/wp-content\/uploads\/2025\/04\/scob-arquitectura-paisaje-PLAZA-MAYOR-PALMA-\u00a9SCOB-RENDER-01-300x165.jpg 300w, https:\/\/scob.es\/wp-content\/uploads\/2025\/04\/scob-arquitectura-paisaje-PLAZA-MAYOR-PALMA-\u00a9SCOB-RENDER-01-1024x562.jpg 1024w, https:\/\/scob.es\/wp-content\/uploads\/2025\/04\/scob-arquitectura-paisaje-PLAZA-MAYOR-PALMA-\u00a9SCOB-RENDER-01-768x422.jpg 768w, https:\/\/scob.es\/wp-content\/uploads\/2025\/04\/scob-arquitectura-paisaje-PLAZA-MAYOR-PALMA-\u00a9SCOB-RENDER-01-1536x843.jpg 1536w, https:\/\/scob.es\/wp-content\/uploads\/2025\/04\/scob-arquitectura-paisaje-PLAZA-MAYOR-PALMA-\u00a9SCOB-RENDER-01-2048x1124.jpg 2048w","media_details":{"width":2560,"height":1405,"sizes":{"medium":{"file":"scob-arquitectura-paisaje-PLAZA-MAYOR-PALMA-\u00a9SCOB-RENDER-01-300x165.jpg","width":300,"height":165,"mime-type":"image\/jpeg","filesize":14829,"source_url":"https:\/\/scob.es\/wp-content\/uploads\/2025\/04\/scob-arquitectura-paisaje-PLAZA-MAYOR-PALMA-\u00a9SCOB-RENDER-01-300x165.jpg"},"large":{"file":"scob-arquitectura-paisaje-PLAZA-MAYOR-PALMA-\u00a9SCOB-RENDER-01-1024x562.jpg","width":1024,"height":562,"mime-type":"image\/jpeg","filesize":124860,"source_url":"https:\/\/scob.es\/wp-content\/uploads\/2025\/04\/scob-arquitectura-paisaje-PLAZA-MAYOR-PALMA-\u00a9SCOB-RENDER-01-1024x562.jpg"},"thumbnail":{"file":"scob-arquitectura-paisaje-PLAZA-MAYOR-PALMA-\u00a9SCOB-RENDER-01-150x150.jpg","width":150,"height":150,"mime-type":"image\/jpeg","filesize":6663,"source_url":"https:\/\/scob.es\/wp-content\/uploads\/2025\/04\/scob-arquitectura-paisaje-PLAZA-MAYOR-PALMA-\u00a9SCOB-RENDER-01-150x150.jpg"},"medium_large":{"file":"scob-arquitectura-paisaje-PLAZA-MAYOR-PALMA-\u00a9SCOB-RENDER-01-768x422.jpg","width":768,"height":422,"mime-type":"image\/jpeg","filesize":75084,"source_url":"https:\/\/scob.es\/wp-content\/uploads\/2025\/04\/scob-arquitectura-paisaje-PLAZA-MAYOR-PALMA-\u00a9SCOB-RENDER-01-768x422.jpg"},"1536x1536":{"file":"scob-arquitectura-paisaje-PLAZA-MAYOR-PALMA-\u00a9SCOB-RENDER-01-1536x843.jpg","width":1536,"height":843,"mime-type":"image\/jpeg","filesize":248993,"source_url":"https:\/\/scob.es\/wp-content\/uploads\/2025\/04\/scob-arquitectura-paisaje-PLAZA-MAYOR-PALMA-\u00a9SCOB-RENDER-01-1536x843.jpg"},"2048x2048":{"file":"scob-arquitectura-paisaje-PLAZA-MAYOR-PALMA-\u00a9SCOB-RENDER-01-2048x1124.jpg","width":2048,"height":1124,"mime-type":"image\/jpeg","filesize":398326,"source_url":"https:\/\/scob.es\/wp-content\/uploads\/2025\/04\/scob-arquitectura-paisaje-PLAZA-MAYOR-PALMA-\u00a9SCOB-RENDER-01-2048x1124.jpg"},"woocommerce_thumbnail":{"file":"scob-arquitectura-paisaje-PLAZA-MAYOR-PALMA-\u00a9SCOB-RENDER-01-150x150.jpg","width":150,"height":150,"mime-type":"image\/jpeg","filesize":6663,"uncropped":false,"source_url":"https:\/\/scob.es\/wp-content\/uploads\/2025\/04\/scob-arquitectura-paisaje-PLAZA-MAYOR-PALMA-\u00a9SCOB-RENDER-01-150x150.jpg"},"woocommerce_single":{"file":"scob-arquitectura-paisaje-PLAZA-MAYOR-PALMA-\u00a9SCOB-RENDER-01-300x165.jpg","width":300,"height":165,"mime-type":"image\/jpeg","filesize":14829,"source_url":"https:\/\/scob.es\/wp-content\/uploads\/2025\/04\/scob-arquitectura-paisaje-PLAZA-MAYOR-PALMA-\u00a9SCOB-RENDER-01-300x165.jpg"},"woocommerce_gallery_thumbnail":{"file":"scob-arquitectura-paisaje-PLAZA-MAYOR-PALMA-\u00a9SCOB-RENDER-01-100x100.jpg","width":100,"height":100,"mime-type":"image\/jpeg","filesize":3708,"source_url":"https:\/\/scob.es\/wp-content\/uploads\/2025\/04\/scob-arquitectura-paisaje-PLAZA-MAYOR-PALMA-\u00a9SCOB-RENDER-01-100x100.jpg"}}},"alt_text":"","url":"","target":""},{"id":22229,"title":"scob-arquitectura-paisaje-PLAZA MAYOR PALMA-\u00a9SCOB-RENDER 06","caption":"","full_image_url":"https:\/\/scob.es\/wp-content\/uploads\/2025\/04\/scob-arquitectura-paisaje-PLAZA-MAYOR-PALMA-\u00a9SCOB-RENDER-06.jpg","thumbnail_image_url":"https:\/\/scob.es\/wp-content\/uploads\/2025\/04\/scob-arquitectura-paisaje-PLAZA-MAYOR-PALMA-\u00a9SCOB-RENDER-06-150x150.jpg","large_srcset":"https:\/\/scob.es\/wp-content\/uploads\/2025\/04\/scob-arquitectura-paisaje-PLAZA-MAYOR-PALMA-\u00a9SCOB-RENDER-06-1024x576.jpg 1024w, https:\/\/scob.es\/wp-content\/uploads\/2025\/04\/scob-arquitectura-paisaje-PLAZA-MAYOR-PALMA-\u00a9SCOB-RENDER-06-300x169.jpg 300w, https:\/\/scob.es\/wp-content\/uploads\/2025\/04\/scob-arquitectura-paisaje-PLAZA-MAYOR-PALMA-\u00a9SCOB-RENDER-06-768x432.jpg 768w, https:\/\/scob.es\/wp-content\/uploads\/2025\/04\/scob-arquitectura-paisaje-PLAZA-MAYOR-PALMA-\u00a9SCOB-RENDER-06-1536x864.jpg 1536w, https:\/\/scob.es\/wp-content\/uploads\/2025\/04\/scob-arquitectura-paisaje-PLAZA-MAYOR-PALMA-\u00a9SCOB-RENDER-06-2048x1152.jpg 2048w","medium_srcset":"https:\/\/scob.es\/wp-content\/uploads\/2025\/04\/scob-arquitectura-paisaje-PLAZA-MAYOR-PALMA-\u00a9SCOB-RENDER-06-300x169.jpg 300w, https:\/\/scob.es\/wp-content\/uploads\/2025\/04\/scob-arquitectura-paisaje-PLAZA-MAYOR-PALMA-\u00a9SCOB-RENDER-06-1024x576.jpg 1024w, https:\/\/scob.es\/wp-content\/uploads\/2025\/04\/scob-arquitectura-paisaje-PLAZA-MAYOR-PALMA-\u00a9SCOB-RENDER-06-768x432.jpg 768w, https:\/\/scob.es\/wp-content\/uploads\/2025\/04\/scob-arquitectura-paisaje-PLAZA-MAYOR-PALMA-\u00a9SCOB-RENDER-06-1536x864.jpg 1536w, https:\/\/scob.es\/wp-content\/uploads\/2025\/04\/scob-arquitectura-paisaje-PLAZA-MAYOR-PALMA-\u00a9SCOB-RENDER-06-2048x1152.jpg 2048w","media_details":{"width":2560,"height":1440,"sizes":{"medium":{"file":"scob-arquitectura-paisaje-PLAZA-MAYOR-PALMA-\u00a9SCOB-RENDER-06-300x169.jpg","width":300,"height":169,"mime-type":"image\/jpeg","filesize":16174,"source_url":"https:\/\/scob.es\/wp-content\/uploads\/2025\/04\/scob-arquitectura-paisaje-PLAZA-MAYOR-PALMA-\u00a9SCOB-RENDER-06-300x169.jpg"},"large":{"file":"scob-arquitectura-paisaje-PLAZA-MAYOR-PALMA-\u00a9SCOB-RENDER-06-1024x576.jpg","width":1024,"height":576,"mime-type":"image\/jpeg","filesize":130616,"source_url":"https:\/\/scob.es\/wp-content\/uploads\/2025\/04\/scob-arquitectura-paisaje-PLAZA-MAYOR-PALMA-\u00a9SCOB-RENDER-06-1024x576.jpg"},"thumbnail":{"file":"scob-arquitectura-paisaje-PLAZA-MAYOR-PALMA-\u00a9SCOB-RENDER-06-150x150.jpg","width":150,"height":150,"mime-type":"image\/jpeg","filesize":7621,"source_url":"https:\/\/scob.es\/wp-content\/uploads\/2025\/04\/scob-arquitectura-paisaje-PLAZA-MAYOR-PALMA-\u00a9SCOB-RENDER-06-150x150.jpg"},"medium_large":{"file":"scob-arquitectura-paisaje-PLAZA-MAYOR-PALMA-\u00a9SCOB-RENDER-06-768x432.jpg","width":768,"height":432,"mime-type":"image\/jpeg","filesize":79702,"source_url":"https:\/\/scob.es\/wp-content\/uploads\/2025\/04\/scob-arquitectura-paisaje-PLAZA-MAYOR-PALMA-\u00a9SCOB-RENDER-06-768x432.jpg"},"1536x1536":{"file":"scob-arquitectura-paisaje-PLAZA-MAYOR-PALMA-\u00a9SCOB-RENDER-06-1536x864.jpg","width":1536,"height":864,"mime-type":"image\/jpeg","filesize":258559,"source_url":"https:\/\/scob.es\/wp-content\/uploads\/2025\/04\/scob-arquitectura-paisaje-PLAZA-MAYOR-PALMA-\u00a9SCOB-RENDER-06-1536x864.jpg"},"2048x2048":{"file":"scob-arquitectura-paisaje-PLAZA-MAYOR-PALMA-\u00a9SCOB-RENDER-06-2048x1152.jpg","width":2048,"height":1152,"mime-type":"image\/jpeg","filesize":409067,"source_url":"https:\/\/scob.es\/wp-content\/uploads\/2025\/04\/scob-arquitectura-paisaje-PLAZA-MAYOR-PALMA-\u00a9SCOB-RENDER-06-2048x1152.jpg"},"woocommerce_thumbnail":{"file":"scob-arquitectura-paisaje-PLAZA-MAYOR-PALMA-\u00a9SCOB-RENDER-06-150x150.jpg","width":150,"height":150,"mime-type":"image\/jpeg","filesize":7621,"uncropped":false,"source_url":"https:\/\/scob.es\/wp-content\/uploads\/2025\/04\/scob-arquitectura-paisaje-PLAZA-MAYOR-PALMA-\u00a9SCOB-RENDER-06-150x150.jpg"},"woocommerce_single":{"file":"scob-arquitectura-paisaje-PLAZA-MAYOR-PALMA-\u00a9SCOB-RENDER-06-300x169.jpg","width":300,"height":169,"mime-type":"image\/jpeg","filesize":16174,"source_url":"https:\/\/scob.es\/wp-content\/uploads\/2025\/04\/scob-arquitectura-paisaje-PLAZA-MAYOR-PALMA-\u00a9SCOB-RENDER-06-300x169.jpg"},"woocommerce_gallery_thumbnail":{"file":"scob-arquitectura-paisaje-PLAZA-MAYOR-PALMA-\u00a9SCOB-RENDER-06-100x100.jpg","width":100,"height":100,"mime-type":"image\/jpeg","filesize":4223,"source_url":"https:\/\/scob.es\/wp-content\/uploads\/2025\/04\/scob-arquitectura-paisaje-PLAZA-MAYOR-PALMA-\u00a9SCOB-RENDER-06-100x100.jpg"}}},"alt_text":"","url":"","target":""}]]}},"yoast_head":"<!-- This site is optimized with the Yoast SEO plugin v27.4 - https:\/\/yoast.com\/product\/yoast-seo-wordpress\/ -->\n<title>Pla\u00e7a Major i centre cultural - Scob<\/title>\n<meta name=\"robots\" content=\"index, follow, max-snippet:-1, max-image-preview:large, max-video-preview:-1\" \/>\n<link rel=\"canonical\" href=\"https:\/\/scob.es\/ca\/portfolio\/placa-major-i-centre-cultural\/\" \/>\n<meta property=\"og:locale\" content=\"ca_ES\" \/>\n<meta property=\"og:type\" content=\"article\" \/>\n<meta property=\"og:title\" content=\"Pla\u00e7a Major i centre cultural - Scob\" \/>\n<meta property=\"og:description\" content=\"Publicacions x Premis x Projecte: Client: Localitzaci\u00f3: Any: Superf\u00edcie: Fotografia: Premis Publicacions\" \/>\n<meta property=\"og:url\" content=\"https:\/\/scob.es\/ca\/portfolio\/placa-major-i-centre-cultural\/\" \/>\n<meta property=\"og:site_name\" content=\"Scob\" \/>\n<meta property=\"article:modified_time\" content=\"2026-04-01T10:08:43+00:00\" \/>\n<meta property=\"og:image\" content=\"https:\/\/scob.es\/wp-content\/uploads\/2025\/04\/scob-arquitectura-paisaje-PLAZA-MAYOR-PALMA-\u00a9SCOB-RENDER-01.jpg\" \/>\n\t<meta property=\"og:image:width\" content=\"2560\" \/>\n\t<meta property=\"og:image:height\" content=\"1405\" \/>\n\t<meta property=\"og:image:type\" content=\"image\/jpeg\" \/>\n<meta name=\"twitter:card\" content=\"summary_large_image\" \/>\n<meta name=\"twitter:label1\" content=\"Temps estimat de lectura\" \/>\n\t<meta name=\"twitter:data1\" content=\"1 minut\" \/>\n<script type=\"application\/ld+json\" class=\"yoast-schema-graph\">{\"@context\":\"https:\\\/\\\/schema.org\",\"@graph\":[{\"@type\":\"WebPage\",\"@id\":\"https:\\\/\\\/scob.es\\\/ca\\\/portfolio\\\/placa-major-i-centre-cultural\\\/\",\"url\":\"https:\\\/\\\/scob.es\\\/ca\\\/portfolio\\\/placa-major-i-centre-cultural\\\/\",\"name\":\"Pla\u00e7a Major i centre cultural - Scob\",\"isPartOf\":{\"@id\":\"https:\\\/\\\/scob.es\\\/ca\\\/#website\"},\"primaryImageOfPage\":{\"@id\":\"https:\\\/\\\/scob.es\\\/ca\\\/portfolio\\\/placa-major-i-centre-cultural\\\/#primaryimage\"},\"image\":{\"@id\":\"https:\\\/\\\/scob.es\\\/ca\\\/portfolio\\\/placa-major-i-centre-cultural\\\/#primaryimage\"},\"thumbnailUrl\":\"https:\\\/\\\/scob.es\\\/wp-content\\\/uploads\\\/2025\\\/04\\\/scob-arquitectura-paisaje-PLAZA-MAYOR-PALMA-\u00a9SCOB-RENDER-01.jpg\",\"datePublished\":\"2025-08-01T14:40:09+00:00\",\"dateModified\":\"2026-04-01T10:08:43+00:00\",\"breadcrumb\":{\"@id\":\"https:\\\/\\\/scob.es\\\/ca\\\/portfolio\\\/placa-major-i-centre-cultural\\\/#breadcrumb\"},\"inLanguage\":\"ca\",\"potentialAction\":[{\"@type\":\"ReadAction\",\"target\":[\"https:\\\/\\\/scob.es\\\/ca\\\/portfolio\\\/placa-major-i-centre-cultural\\\/\"]}]},{\"@type\":\"ImageObject\",\"inLanguage\":\"ca\",\"@id\":\"https:\\\/\\\/scob.es\\\/ca\\\/portfolio\\\/placa-major-i-centre-cultural\\\/#primaryimage\",\"url\":\"https:\\\/\\\/scob.es\\\/wp-content\\\/uploads\\\/2025\\\/04\\\/scob-arquitectura-paisaje-PLAZA-MAYOR-PALMA-\u00a9SCOB-RENDER-01.jpg\",\"contentUrl\":\"https:\\\/\\\/scob.es\\\/wp-content\\\/uploads\\\/2025\\\/04\\\/scob-arquitectura-paisaje-PLAZA-MAYOR-PALMA-\u00a9SCOB-RENDER-01.jpg\",\"width\":2560,\"height\":1405},{\"@type\":\"BreadcrumbList\",\"@id\":\"https:\\\/\\\/scob.es\\\/ca\\\/portfolio\\\/placa-major-i-centre-cultural\\\/#breadcrumb\",\"itemListElement\":[{\"@type\":\"ListItem\",\"position\":1,\"name\":\"Home\",\"item\":\"https:\\\/\\\/scob.es\\\/ca\\\/home\\\/\"},{\"@type\":\"ListItem\",\"position\":2,\"name\":\"Portfolio\",\"item\":\"https:\\\/\\\/scob.es\\\/ca\\\/portfolio\\\/\"},{\"@type\":\"ListItem\",\"position\":3,\"name\":\"Pla\u00e7a Major i centre cultural\"}]},{\"@type\":\"WebSite\",\"@id\":\"https:\\\/\\\/scob.es\\\/ca\\\/#website\",\"url\":\"https:\\\/\\\/scob.es\\\/ca\\\/\",\"name\":\"Scob\",\"description\":\"\",\"potentialAction\":[{\"@type\":\"SearchAction\",\"target\":{\"@type\":\"EntryPoint\",\"urlTemplate\":\"https:\\\/\\\/scob.es\\\/ca\\\/?s={search_term_string}\"},\"query-input\":{\"@type\":\"PropertyValueSpecification\",\"valueRequired\":true,\"valueName\":\"search_term_string\"}}],\"inLanguage\":\"ca\"}]}<\/script>\n<!-- \/ Yoast SEO plugin. -->","yoast_head_json":{"title":"Pla\u00e7a Major i centre cultural - Scob","robots":{"index":"index","follow":"follow","max-snippet":"max-snippet:-1","max-image-preview":"max-image-preview:large","max-video-preview":"max-video-preview:-1"},"canonical":"https:\/\/scob.es\/ca\/portfolio\/placa-major-i-centre-cultural\/","og_locale":"ca_ES","og_type":"article","og_title":"Pla\u00e7a Major i centre cultural - Scob","og_description":"Publicacions x Premis x Projecte: Client: Localitzaci\u00f3: Any: Superf\u00edcie: Fotografia: Premis Publicacions","og_url":"https:\/\/scob.es\/ca\/portfolio\/placa-major-i-centre-cultural\/","og_site_name":"Scob","article_modified_time":"2026-04-01T10:08:43+00:00","og_image":[{"width":2560,"height":1405,"url":"https:\/\/scob.es\/wp-content\/uploads\/2025\/04\/scob-arquitectura-paisaje-PLAZA-MAYOR-PALMA-\u00a9SCOB-RENDER-01.jpg","type":"image\/jpeg"}],"twitter_card":"summary_large_image","twitter_misc":{"Temps estimat de lectura":"1 minut"},"schema":{"@context":"https:\/\/schema.org","@graph":[{"@type":"WebPage","@id":"https:\/\/scob.es\/ca\/portfolio\/placa-major-i-centre-cultural\/","url":"https:\/\/scob.es\/ca\/portfolio\/placa-major-i-centre-cultural\/","name":"Pla\u00e7a Major i centre cultural - Scob","isPartOf":{"@id":"https:\/\/scob.es\/ca\/#website"},"primaryImageOfPage":{"@id":"https:\/\/scob.es\/ca\/portfolio\/placa-major-i-centre-cultural\/#primaryimage"},"image":{"@id":"https:\/\/scob.es\/ca\/portfolio\/placa-major-i-centre-cultural\/#primaryimage"},"thumbnailUrl":"https:\/\/scob.es\/wp-content\/uploads\/2025\/04\/scob-arquitectura-paisaje-PLAZA-MAYOR-PALMA-\u00a9SCOB-RENDER-01.jpg","datePublished":"2025-08-01T14:40:09+00:00","dateModified":"2026-04-01T10:08:43+00:00","breadcrumb":{"@id":"https:\/\/scob.es\/ca\/portfolio\/placa-major-i-centre-cultural\/#breadcrumb"},"inLanguage":"ca","potentialAction":[{"@type":"ReadAction","target":["https:\/\/scob.es\/ca\/portfolio\/placa-major-i-centre-cultural\/"]}]},{"@type":"ImageObject","inLanguage":"ca","@id":"https:\/\/scob.es\/ca\/portfolio\/placa-major-i-centre-cultural\/#primaryimage","url":"https:\/\/scob.es\/wp-content\/uploads\/2025\/04\/scob-arquitectura-paisaje-PLAZA-MAYOR-PALMA-\u00a9SCOB-RENDER-01.jpg","contentUrl":"https:\/\/scob.es\/wp-content\/uploads\/2025\/04\/scob-arquitectura-paisaje-PLAZA-MAYOR-PALMA-\u00a9SCOB-RENDER-01.jpg","width":2560,"height":1405},{"@type":"BreadcrumbList","@id":"https:\/\/scob.es\/ca\/portfolio\/placa-major-i-centre-cultural\/#breadcrumb","itemListElement":[{"@type":"ListItem","position":1,"name":"Home","item":"https:\/\/scob.es\/ca\/home\/"},{"@type":"ListItem","position":2,"name":"Portfolio","item":"https:\/\/scob.es\/ca\/portfolio\/"},{"@type":"ListItem","position":3,"name":"Pla\u00e7a Major i centre cultural"}]},{"@type":"WebSite","@id":"https:\/\/scob.es\/ca\/#website","url":"https:\/\/scob.es\/ca\/","name":"Scob","description":"","potentialAction":[{"@type":"SearchAction","target":{"@type":"EntryPoint","urlTemplate":"https:\/\/scob.es\/ca\/?s={search_term_string}"},"query-input":{"@type":"PropertyValueSpecification","valueRequired":true,"valueName":"search_term_string"}}],"inLanguage":"ca"}]}},"_links":{"self":[{"href":"https:\/\/scob.es\/ca\/wp-json\/wp\/v2\/portfolio\/22122","targetHints":{"allow":["GET"]}}],"collection":[{"href":"https:\/\/scob.es\/ca\/wp-json\/wp\/v2\/portfolio"}],"about":[{"href":"https:\/\/scob.es\/ca\/wp-json\/wp\/v2\/types\/portfolio"}],"version-history":[{"count":4,"href":"https:\/\/scob.es\/ca\/wp-json\/wp\/v2\/portfolio\/22122\/revisions"}],"predecessor-version":[{"id":22601,"href":"https:\/\/scob.es\/ca\/wp-json\/wp\/v2\/portfolio\/22122\/revisions\/22601"}],"wp:featuredmedia":[{"embeddable":true,"href":"https:\/\/scob.es\/ca\/wp-json\/wp\/v2\/media\/22081"}],"wp:attachment":[{"href":"https:\/\/scob.es\/ca\/wp-json\/wp\/v2\/media?parent=22122"}],"wp:term":[{"taxonomy":"project-categories","embeddable":true,"href":"https:\/\/scob.es\/ca\/wp-json\/wp\/v2\/project-categories?post=22122"},{"taxonomy":"anos","embeddable":true,"href":"https:\/\/scob.es\/ca\/wp-json\/wp\/v2\/anos?post=22122"}],"curies":[{"name":"wp","href":"https:\/\/api.w.org\/{rel}","templated":true}]}}